{"id":58670,"date":"2024-08-29T09:30:06","date_gmt":"2024-08-29T07:30:06","guid":{"rendered":"https:\/\/soib.es\/convocatoria-de-subvencions-soib-reactiva-2024\/"},"modified":"2024-12-05T12:10:50","modified_gmt":"2024-12-05T11:10:50","slug":"convocatoria-de-subvencions-soib-reactiva-2024","status":"publish","type":"page","link":"https:\/\/soib.es\/es\/convocatoria-de-subvencions-soib-reactiva-2024\/","title":{"rendered":"Convocatoria de subvenciones SOIB Reactiva 2024"},"content":{"rendered":"<p>[et_pb_section fb_built=\u00bb1&#8243; _builder_version=\u00bb4.16&#8243; background_color=\u00bb#f7f7f7&#8243; custom_padding=\u00bb25px|0px|25px|0px\u00bb global_colors_info=\u00bb{}\u00bb][et_pb_row _builder_version=\u00bb4.16&#8243; global_colors_info=\u00bb{}\u00bb][et_pb_column type=\u00bb4_4&#8243; _builder_version=\u00bb4.16&#8243; custom_padding=\u00bb|||\u00bb global_colors_info=\u00bb{}\u00bb custom_padding__hover=\u00bb|||\u00bb][et_pb_image src=\u00bbhttps:\/\/soib.es\/wp-content\/uploads\/2024\/05\/Cintillo-logotips-SOIB-JOVE-QUALIFICATS-SECTOR-PUBLIC-2024.png\u00bb title_text=\u00bbCintillo logotips SOIB JOVE QUALIFICATS-SECTOR PUBLIC 2024&#8243; _builder_version=\u00bb4.27.3&#8243; _module_preset=\u00bbdefault\u00bb locked=\u00bboff\u00bb global_colors_info=\u00bb{}\u00bb][\/et_pb_image][et_pb_text _builder_version=\u00bb4.27.3&#8243; hover_enabled=\u00bb0&#8243; global_colors_info=\u00bb{}\u00bb sticky_enabled=\u00bb0&#8243;]<\/p>\n<h1><strong>Convocatoria de subvenciones SOIB Reactiva 2024<\/strong><\/h1>\n<p>[\/et_pb_text][\/et_pb_column][\/et_pb_row][\/et_pb_section][et_pb_section fb_built=\u00bb1&#8243; _builder_version=\u00bb4.16&#8243; custom_padding=\u00bb25px|0px|54px|0px\u00bb global_colors_info=\u00bb{}\u00bb][et_pb_row _builder_version=\u00bb4.16&#8243; global_colors_info=\u00bb{}\u00bb][et_pb_column type=\u00bb4_4&#8243; _builder_version=\u00bb4.16&#8243; custom_padding=\u00bb|||\u00bb global_colors_info=\u00bb{}\u00bb custom_padding__hover=\u00bb|||\u00bb][et_pb_text _builder_version=\u00bb4.23.1&#8243; _module_preset=\u00bbdefault\u00bb locked=\u00bboff\u00bb global_colors_info=\u00bb{}\u00bb]<\/p>\n<p>El objeto de esta convocatoria es regular la concesi\u00f3n de subvenciones destinadas a financiar proyectos que incluyan y fomenten la contrataci\u00f3n de las personas j\u00f3venes (mayores de 16 y menores de 30 a\u00f1os) desempleadas, con estudios b\u00e1sicos obligatorios como m\u00e1ximo y personas desempleadas, de 30 a\u00f1os o m\u00e1s, preferentemente en situaci\u00f3n de desempleo de larga duraci\u00f3n para que puedan adquirir experiencia profesional y mantener sus competencias profesionales, con el fin de mejorar su empleabilidad y transitar hacia una inserci\u00f3n laboral continuada y de calidad.<\/p>\n<p>[\/et_pb_text][\/et_pb_column][\/et_pb_row][et_pb_row _builder_version=\u00bb4.23.1&#8243; custom_margin=\u00bb||||false|false\u00bb global_colors_info=\u00bb{}\u00bb][et_pb_column type=\u00bb4_4&#8243; _builder_version=\u00bb4.16&#8243; custom_padding=\u00bb|||\u00bb global_colors_info=\u00bb{}\u00bb custom_padding__hover=\u00bb|||\u00bb][et_pb_accordion open_toggle_text_color=\u00bb#474747&#8243; closed_toggle_text_color=\u00bb#cb023e\u00bb icon_color=\u00bb#cb023e\u00bb disabled_on=\u00bboff|off|off\u00bb _builder_version=\u00bb4.27.3&#8243; toggle_text_color=\u00bbRGBA(0,0,0,0)\u00bb toggle_font=\u00bb|700|||||||\u00bb hover_enabled=\u00bb0&#8243; db_closeable=\u00bbon\u00bb db_initial_state=\u00bball_closed\u00bb global_colors_info=\u00bb{}\u00bb sticky_enabled=\u00bb0&#8243;][et_pb_accordion_item title=\u00bbEntidades beneficiarias\u00bb open=\u00bbon\u00bb _builder_version=\u00bb4.23.1&#8243; global_colors_info=\u00bb{}\u00bb]Pueden acogerse a esta convocatoria los ayuntamientos, la Entidad Local Menor de Palmanyola, las mancomunidades y los consejos insulares, as\u00ed como las entidades de derecho p\u00fablico que dependen o que est\u00e1n vinculadas, dentro del \u00e1mbito territorial de la comunidad aut\u00f3noma de las Illes Balears.[\/et_pb_accordion_item][et_pb_accordion_item title=\u00bbPersonas destinatarias\u00bb _builder_version=\u00bb4.23.1&#8243; global_colors_info=\u00bb{}\u00bb open=\u00bboff\u00bb]<\/p>\n<p>a) Requisitos para ambas l\u00edneas:<\/p>\n<p>Personas inscritas como demandantes de empleo desempleadas en el SOIB en el momento de la contrataci\u00f3n.<\/p>\n<p>b) Requisitos para cada una de las l\u00edneas:<\/p>\n<p>L\u00ednea 1. Dirigida a personas j\u00f3venes desempleadas mayores de 16 y menores de 30 a\u00f1os con estudios b\u00e1sicos obligatorios como m\u00e1ximo y beneficiarias del Sistema Nacional de Garant\u00eda Juvenil en el momento de la contrataci\u00f3n.<\/p>\n<p>L\u00ednea 2. Dirigida a personas desempleadas de 30 a\u00f1os o m\u00e1s.<\/p>\n<p>Las personas participantes deber\u00e1n cumplir con el requisito de titulaci\u00f3n acad\u00e9mica que se establece para ingresar en el grupo profesional aplicado al puesto de trabajo al que opten tal y como est\u00e1 previsto en el apartado 15 de esta convocatoria.<\/p>\n<p>[\/et_pb_accordion_item][et_pb_accordion_item title=\u00bbPlazo de presentaci\u00f3n de solicitudes\u00bb _builder_version=\u00bb4.23.1&#8243; global_colors_info=\u00bb{}\u00bb open=\u00bboff\u00bb]El plazo para presentar las solicitudes permanecer\u00e1 abierto desde el d\u00eda siguiente al de la publicaci\u00f3n de la convocatoria en el <em>Bolet\u00edn Oficial de las Illes Balears<\/em> (BOIB) hasta el 16 de septiembre de 2024 (incluido).<\/p>\n<p>Cada entidad debe presentar una \u00fanica solicitud para todas las contrataciones que prev\u00e9 hacer. En caso de presentar m\u00e1s de una solicitud dentro del plazo establecido se considerar\u00e1 que la \u00faltima presentada es la v\u00e1lida y que sustituye a la o las anteriores que se haya\/n presentado.[\/et_pb_accordion_item][et_pb_accordion_item title=\u00bbPresupuesto\u00bb _builder_version=\u00bb4.27.3&#8243; hover_enabled=\u00bb0&#8243; global_colors_info=\u00bb{}\u00bb open=\u00bboff\u00bb sticky_enabled=\u00bb0&#8243;]<\/p>\n<p>El cr\u00e9dito asignado a esta convocatoria es de catorce millones de euros (14.000.000 \u20ac), imputables a los presupuestos generales de la Comunidad Aut\u00f3noma de las Illes Balears, distribuidos por l\u00edneas de la siguiente manera:<\/p>\n<ul>\n<li>L\u00ednea 1 (dirigida a personas j\u00f3venes (mayores de 16 y menores de 30 a\u00f1os) desempleadas, con estudios b\u00e1sicos obligatorios como m\u00e1ximo, beneficiarias de Garant\u00eda Juvenil): 7.000.000 \u20ac<\/li>\n<li>L\u00ednea 2 (dirigida a personas desempleadas de 30 a\u00f1os o m\u00e1s, preferentemente en situaci\u00f3n de desempleo de larga duraci\u00f3n): 7.000.000 \u20ac<\/li>\n<\/ul>\n<p>Las ayudas que establece esta convocatoria deben financiarse con fondos provenientes de Conferencia Sectorial de Empleo y Asuntos Laborales y se prev\u00e9 que puedan ser cofinanciadas por la Uni\u00f3n Europea (FSE+) en el marco del Programa Operativo FSE+ 2021-2027 de la Comunidad Aut\u00f3noma de las Illes Balears (PIBAL FSE).<\/p>\n<p>[\/et_pb_accordion_item][et_pb_accordion_item title=\u00bbConceptos que se subvencionan\u00bb _builder_version=\u00bb4.23.1&#8243; global_colors_info=\u00bb{}\u00bb open=\u00bboff\u00bb]La subvenci\u00f3n debe destinarse a financiar los costes laborales totales, incluida la cotizaci\u00f3n empresarial a la Seguridad Social, que se deriven de contratar a las personas que cumplan los requisitos y hayan resultado seleccionadas, a jornada completa y con una duraci\u00f3n de 9 meses o, excepcionalmente, por el tiempo que se haya autorizado para los supuestos previstos de sustituciones.[\/et_pb_accordion_item][et_pb_accordion_item title=\u00bbPlazo de ejecuci\u00f3n de las acciones\u00bb _builder_version=\u00bb4.23.1&#8243; global_colors_info=\u00bb{}\u00bb open=\u00bboff\u00bb]La fecha de inicio de los contratos debe estar comprendida entre el 1 de diciembre de 2024 y el 28 de febrero de 2025 (incluido). La fecha de finalizaci\u00f3n ser\u00e1 nueve meses despu\u00e9s del inicio. La fecha m\u00e1xima de finalizaci\u00f3n de los contratos de las personas sustitutas ser\u00e1 el 21 de diciembre de 2025.<\/p>\n<p>Para facilitar las selecciones y las incorporaciones al puesto de trabajo, la comisi\u00f3n mixta de selecci\u00f3n puede elegir la fecha de inicio de cada l\u00ednea dentro de este plazo, pero entre la primera y la \u00faltima contrataci\u00f3n dentro de la misma l\u00ednea de ayudas no puede transcurrir m\u00e1s de un mes.[\/et_pb_accordion_item][et_pb_accordion_item title=\u00bbNormativa\u00bb _builder_version=\u00bb4.23.1&#8243; global_colors_info=\u00bb{}\u00bb open=\u00bboff\u00bb]Todas las acciones subvencionadas en el marco de esta convocatoria se rigen por la normativa siguiente:<\/p>\n<p>1. El Reglamento (UE) 2021\/1057 del Parlamento Europeo y del Consejo, de 24 de junio de 2021, por el que se establece el Fondo Social Europeo Plus y se deroga el Reglamento (UE) 1296\/2013, y se establecen los objetivos del FSE+, el presupuesto para el periodo 2021-2027, los m\u00e9todos de ejecuci\u00f3n, las formas de financiaci\u00f3n de la Uni\u00f3n y las normas para proporcionar su financiaci\u00f3n.<\/p>\n<p>2. El Reglamento (UE) 2021\/1060, del Parlamento Europeo y del Consejo, de 24 de junio de 2021, por el que se establecen las disposiciones comunes relativas al Fondo Europeo de Desarrollo Regional, al Fondo Social Europeo Plus, al Fondo de Cohesi\u00f3n, al Fondo de Transici\u00f3n Justa y al Fondo Europeo Mar\u00edtimo, de Pesca y de Acuicultura, as\u00ed como las normas financieras para estos Fondos y para el Fondo de Asilo,  Migraci\u00f3n e Integraci\u00f3n, el Fondo de Seguridad Interior y el Instrumento de Apoyo Financiero a la Gesti\u00f3n de Fronteras y la Pol\u00edtica de Visados.<\/p>\n<p>3. El Reglamento (UE, Euratom) 2018\/1046, del Parlamento Europeo y del Consejo (Reglamento Financiero) por el que se establecen las normas sobre la ejecuci\u00f3n del presupuesto general de la Uni\u00f3n.<\/p>\n<p>4. La Ley 38\/2003, de 17 de noviembre, general de subvenciones y su reglamento aprobado por el Real Decreto 887\/2006, de 21 de julio, en todo lo que sea de aplicaci\u00f3n.<\/p>\n<p>5. El Decreto legislativo 2\/2005, de 28 de diciembre, por el que se aprueba el texto refundido de la Ley de subvenciones de la CAIB.<\/p>\n<p>6. El Texto refundido de la Ley del Estatuto de los trabajadores, aprobado por el Real Decreto Legislativo 2\/2015, de 23 de octubre, y modificado por el Real Decreto-ley 32\/2021, de 28 de diciembre, de medidas urgentes para la reforma laboral, la garant\u00eda de la estabilidad en el empleo y la transformaci\u00f3n.<\/p>\n<p>7. La Ley 3\/2023, de 28 de febrero, de empleo.<\/p>\n<p>8. El Real Decreto 818\/2021, de 28 de septiembre, por el que se regulan los programas comunes de activaci\u00f3n para el empleo del sistema nacional de empleo.<\/p>\n<p>9. La Orden TES\/106\/2024, de 8 de febrero, por la que se determinan los gastos subvencionables por el FSE+ durante el periodo de programaci\u00f3n 2021-2027.<\/p>\n<p>10. La Orden 16\/2023, del consejero de Modelo Econ\u00f3mico, Turismo y Trabajo, de 17 de mayo de 2023, por la que se establecen las bases reguladoras de las subvenciones en materia de pol\u00edticas activas de empleo gestionadas por el SOIB (BOIB n\u00fam. 67, de 20 de mayo de 2023).<\/p>\n<p>11. El resto de normativa, tanto nacional como de la Uni\u00f3n Europea, o cualquier otra que resulte de aplicaci\u00f3n.[\/et_pb_accordion_item][et_pb_accordion_item title=\u00bbContacto\u00bb _builder_version=\u00bb4.27.3&#8243; global_colors_info=\u00bb{}\u00bb open=\u00bboff\u00bb]<\/p>\n<p>Buz\u00f3n de consulta: <span style=\"color: #cb023e;\"><a style=\"color: #cb023e;\" href=\"mailto:fomentocupacio3@soib.caib.es\" target=\"_blank\" rel=\"noopener\">fomentocupacio3@soib.caib.es<\/a><\/span><\/p>\n<p>[\/et_pb_accordion_item][\/et_pb_accordion][et_pb_button button_url=\u00bbhttps:\/\/www.caib.es\/seucaib\/es\/202\/administracions\/tramites\/tramite\/6223360&#8243; url_new_window=\u00bbon\u00bb button_text=\u00bbAcceso al tr\u00e1mite de la convocatoria\u00bb _builder_version=\u00bb4.23.1&#8243; _module_preset=\u00bbdefault\u00bb custom_button=\u00bbon\u00bb button_text_size=\u00bb15px\u00bb button_text_color=\u00bb#cb023e\u00bb button_bg_color=\u00bb#FFFFFF\u00bb button_border_width=\u00bb1px\u00bb button_border_color=\u00bb#cb023e\u00bb button_font=\u00bb|600|||||||\u00bb button_icon=\u00bb&#xe07e;||divi||400&#8243; button_icon_placement=\u00bbleft\u00bb button_on_hover=\u00bboff\u00bb locked=\u00bboff\u00bb global_colors_info=\u00bb{}\u00bb][\/et_pb_button][\/et_pb_column][\/et_pb_row][et_pb_row _builder_version=\u00bb4.23.1&#8243; custom_margin=\u00bb||||false|false\u00bb global_colors_info=\u00bb{}\u00bb][et_pb_column type=\u00bb4_4&#8243; _builder_version=\u00bb4.16&#8243; custom_padding=\u00bb|||\u00bb global_colors_info=\u00bb{}\u00bb custom_padding__hover=\u00bb|||\u00bb][et_pb_text _builder_version=\u00bb4.27.3&#8243; global_colors_info=\u00bb{}\u00bb]<\/p>\n<p>M\u00e1s informaci\u00f3n: <a href=\"https:\/\/soib.es\/wp-content\/uploads\/2024\/08\/BOIB-cast-8453-29ago2024-SOIB-Reactiva.pdf\" target=\"_blank\" rel=\"noopener\"><span style=\"color: #cb023e;\"><strong>BOIB convocatoria de subvenciones SOIB Reactiva 2024<\/strong><\/span><\/a>.<\/p>\n<p>[\/et_pb_text][\/et_pb_column][\/et_pb_row][\/et_pb_section]<\/p>\n","protected":false},"excerpt":{"rendered":"<p>Convocatoria de subvenciones SOIB Reactiva 2024El objeto de esta convocatoria es regular la concesi\u00f3n de subvenciones destinadas a financiar proyectos que incluyan y fomenten la contrataci\u00f3n de las personas j\u00f3venes (mayores de 16 y menores de 30 a\u00f1os) desempleadas, con estudios b\u00e1sicos obligatorios como m\u00e1ximo y personas desempleadas, de 30 a\u00f1os o m\u00e1s, preferentemente en [&hellip;]<\/p>\n","protected":false},"author":13,"featured_media":0,"parent":0,"menu_order":0,"comment_status":"closed","ping_status":"closed","template":"","meta":{"_et_pb_use_builder":"on","_et_pb_old_content":"","_et_gb_content_width":"","footnotes":"","_links_to":"","_links_to_target":""},"class_list":["post-58670","page","type-page","status-publish","hentry"],"publishpress_future_action":{"enabled":false,"date":"2026-05-07 23:28:43","action":"change-status","newStatus":"draft","terms":[],"taxonomy":"translation_priority","extraData":[]},"publishpress_future_workflow_manual_trigger":{"enabledWorkflows":[]},"_links":{"self":[{"href":"https:\/\/soib.es\/es\/wp-json\/wp\/v2\/pages\/58670","targetHints":{"allow":["GET"]}}],"collection":[{"href":"https:\/\/soib.es\/es\/wp-json\/wp\/v2\/pages"}],"about":[{"href":"https:\/\/soib.es\/es\/wp-json\/wp\/v2\/types\/page"}],"author":[{"embeddable":true,"href":"https:\/\/soib.es\/es\/wp-json\/wp\/v2\/users\/13"}],"replies":[{"embeddable":true,"href":"https:\/\/soib.es\/es\/wp-json\/wp\/v2\/comments?post=58670"}],"version-history":[{"count":0,"href":"https:\/\/soib.es\/es\/wp-json\/wp\/v2\/pages\/58670\/revisions"}],"wp:attachment":[{"href":"https:\/\/soib.es\/es\/wp-json\/wp\/v2\/media?parent=58670"}],"curies":[{"name":"wp","href":"https:\/\/api.w.org\/{rel}","templated":true}]}}