{"id":57283,"date":"2024-07-02T14:00:37","date_gmt":"2024-07-02T12:00:37","guid":{"rendered":"https:\/\/soib.es\/esborrany-programes-del-soib-cofinancats-per-el-fse\/"},"modified":"2025-01-23T10:08:15","modified_gmt":"2025-01-23T09:08:15","slug":"programes-soib-cofinancats-fse-plus","status":"publish","type":"page","link":"https:\/\/soib.es\/es\/programes-soib-cofinancats-fse-plus\/","title":{"rendered":"Programas del SOIB cofinanciados por el FSE+"},"content":{"rendered":"<p>[et_pb_section fb_built=\u00bb1&#8243; _builder_version=\u00bb4.16&#8243; background_color=\u00bb#f4f4f4&#8243; custom_padding=\u00bb25px||25px|\u00bb global_colors_info=\u00bb{}\u00bb][et_pb_row _builder_version=\u00bb4.16&#8243; global_colors_info=\u00bb{}\u00bb][et_pb_column type=\u00bb4_4&#8243; _builder_version=\u00bb4.16&#8243; custom_padding=\u00bb|||\u00bb global_colors_info=\u00bb{}\u00bb custom_padding__hover=\u00bb|||\u00bb][et_pb_text _builder_version=\u00bb4.23.1&#8243; global_colors_info=\u00bb{}\u00bb]<\/p>\n<h1><strong>Programas del SOIB cofinanciados por el Fondo Social Europeu Plus (FSE+)<br \/><\/strong><\/h1>\n<p>[\/et_pb_text][et_pb_image src=\u00bbhttps:\/\/soib.es\/wp-content\/uploads\/2024\/07\/SOIB-FSE-Generic-1.png\u00bb title_text=\u00bbSOIB FSE+ Generic (1)\u00bb _builder_version=\u00bb4.23.1&#8243; _module_preset=\u00bbdefault\u00bb global_colors_info=\u00bb{}\u00bb][\/et_pb_image][\/et_pb_column][\/et_pb_row][\/et_pb_section][et_pb_section fb_built=\u00bb1&#8243; _builder_version=\u00bb4.16&#8243; global_colors_info=\u00bb{}\u00bb][et_pb_row _builder_version=\u00bb4.16&#8243; background_size=\u00bbinitial\u00bb background_position=\u00bbtop_left\u00bb background_repeat=\u00bbrepeat\u00bb locked=\u00bboff\u00bb global_colors_info=\u00bb{}\u00bb][et_pb_column type=\u00bb4_4&#8243; _builder_version=\u00bb4.16&#8243; custom_padding=\u00bb|||\u00bb global_colors_info=\u00bb{}\u00bb custom_padding__hover=\u00bb|||\u00bb][et_pb_text _builder_version=\u00bb4.23.1&#8243; global_colors_info=\u00bb{}\u00bb]<\/p>\n<p>La estrategia del Programa FSE+ de las Illes Balears 2021-2027 (PIBAL FSE+) se elabor\u00f3 teniendo en cuenta las necesidades y retos que existen a nivel regional definidos en el diagn\u00f3stico territorial elaborado para la identificaci\u00f3n de las prioridades de inversi\u00f3n. As\u00ed, las actuaciones del SOIB cofinanciadas por el Fondo Social Europeo Plus (FSE+) se enmarcan en las siguientes <strong>prioridades<\/strong>:<\/p>\n<p>1. Empleo, adaptabilidad, emprendimiento y econom\u00eda social<\/p>\n<p>2. Inclusi\u00f3n social y lucha contra la pobreza<\/p>\n<p>5. Empleo juvenil<\/p>\n<p>[\/et_pb_text][et_pb_accordion closed_toggle_text_color=\u00bb#cb023e\u00bb icon_color=\u00bb#cb023e\u00bb _builder_version=\u00bb4.27.4&#8243; toggle_font=\u00bb|600|||||||\u00bb closed_toggle_font=\u00bb|600|||||||\u00bb hover_enabled=\u00bb0&#8243; db_closeable=\u00bbon\u00bb db_initial_state=\u00bball_closed\u00bb global_colors_info=\u00bb{}\u00bb sticky_enabled=\u00bb0&#8243;][et_pb_accordion_item title=\u00bb1. Empleo, adaptabilidad, emprendimiento y econom\u00eda social\u00bb open=\u00bbon\u00bb _builder_version=\u00bb4.23.1&#8243; global_colors_info=\u00bb{}\u00bb]<\/p>\n<h5><em><strong>Objetivo espec\u00edfico:<\/strong><\/em><br \/><em>Mejorar el acceso al empleo y a medidas de activaci\u00f3n de todas las personas demandantes de empleo, y en particular de las personas j\u00f3venes &#8211; especialmente a trav\u00e9s de la aplicaci\u00f3n de la Garant\u00eda Juvenil -, de las personas en desempleo de larga duraci\u00f3n y los grupos desfavorecidos en el mercado laboral, y de las personas inactivas, as\u00ed como mediante la promoci\u00f3n del empleo por cuenta propia y la econom\u00eda social.<\/em><\/h5>\n<p><strong>Programas de activaci\u00f3n para el empleo:<\/strong><\/p>\n<p>La falta de oportunidades de empleo constituye uno de los principales problemas del mercado laboral en las Illes Balears, que se ha visto agravada tras la crisis econ\u00f3mica como consecuencia de la pandemia del Covid-19. Por ello, se fomentar\u00e1 la contrataci\u00f3n laboral de las personas a trav\u00e9s de diferentes programas de mejora de la empleabilidad a trav\u00e9s de la contrataci\u00f3n temporal entre los que destacan los siguientes:<\/p>\n<p><strong>&#8211; Mejora de la empleabilidad de personas en paro de larga duraci\u00f3n. <\/strong><a href='https:\/\/soib.es\/es\/soib-reactiva\/' class='small-button smallsilver'><span style=\"color: #cb023e;\">L\u00ednea 2 SOIB Reactiva (mayores de 30 a\u00f1os en paro de larga duraci\u00f3n)<\/span><\/a><\/p>\n<p>Se fomentar\u00e1 la contrataci\u00f3n de personas en situaci\u00f3n de desempleo de larga duraci\u00f3n en el marco de la colaboraci\u00f3n con los entes locales. Para ello, se conceder\u00e1n subvenciones para la contrataci\u00f3n de estas personas con el objetivo de que mejoren su empleabilidad y las posibilidades de posterior inserci\u00f3n laboral. Este empleo proporcionar\u00e1 una mejora de las habilidades profesionales y adquisici\u00f3n de experiencia en actividades de utilidad p\u00fablica o de inter\u00e9s social.<\/p>\n<p>Paralelamente, estas personas seguir\u00e1n un proceso formativo y\/o de orientaci\u00f3n laboral para favorecer su posterior inserci\u00f3n en el mercado laboral ordinario.<\/p>\n<p style=\"padding-left: 40px;\"><strong>Inversi\u00f3n programada: <\/strong>3.570.000 \u20ac<\/p>\n<p style=\"padding-left: 40px;\"><strong>Ayuda FSE+: <\/strong>2.142.000 \u20ac<\/p>\n<p style=\"padding-left: 40px;\"><strong>Acceso informaci\u00f3n convocatorias:<\/strong>\u00a0\u00a0\u00a0\u00a0 <a href=\"https:\/\/www.caib.es\/seucaib\/es\/202\/administracions\/tramites\/tramite\/5673148\/\">SOIB Reactiva 2023<\/a> \u00a0\u00a0\u00a0 <a href=\"https:\/\/www.caib.es\/seucaib\/es\/200\/persones\/tramites\/tramite\/5266783\/\">SOIB Reactiva 2022<\/a> \u00a0\u00a0\u00a0 <a href=\"https:\/\/www.caib.es\/seucaib\/es\/202\/administracions\/tramites\/tramite\/4736631\">SOIB Reactiva 2021<\/a><\/p>\n<p><strong>&#8211; Mejora de la empleabilidad de mujeres v\u00edctimas de violencia machista.\u00a0<\/strong> <a href='https:\/\/soib.es\/es\/soib-dona\/' class='small-button smallsilver'><span style=\"color: #cb023e;\">SOIB Dona<\/span><\/a><\/p>\n<p>El principal objetivo es la inserci\u00f3n laboral de las mujeres v\u00edctimas de violencia machista que se encuentren en situaci\u00f3n de desempleo. Por ello, se apoyar\u00e1 la contrataci\u00f3n de este colectivo a las que se les ofrecer\u00e1 un puesto de trabajo en los Ayuntamientos, Consejos Insulares, empresas p\u00fablicas y organizaciones sin \u00e1nimo de lucro.<\/p>\n<p>De esta manera, se favorecer\u00e1 de manera directa la independencia econ\u00f3mica y el empode-ramiento de las mujeres que participen en este programa, a la vez que refuerza las posibilidades de una posterior inserci\u00f3n laboral estable.<\/p>\n<p>Adem\u00e1s, recibir\u00e1n orientaci\u00f3n y el apoyo espec\u00edfico de la red de tutorizaci\u00f3n del SOIB. Esto supone un refuerzo personal y psicol\u00f3gico, impulsando su independencia.<\/p>\n<p style=\"padding-left: 40px;\"><strong>Inversi\u00f3n programada: <\/strong>4.000.000 \u20ac<\/p>\n<p style=\"padding-left: 40px;\"><strong>Ayuda FSE+: <\/strong>2.400.000 \u20ac<\/p>\n<p style=\"padding-left: 40px;\"><strong>Acceso informaci\u00f3n convocatorias:<\/strong>\u00a0\u00a0\u00a0\u00a0 <a href=\"https:\/\/www.caib.es\/seucaib\/es\/202\/administraciones\/tramites\/tramite\/5331956\">SOIB Dona 2022-2024<\/a> \u00a0\u00a0\u00a0 <a href=\"https:\/\/www.caib.es\/seucaib\/es\/202\/administracions\/tramites\/tramite\/4733124\">SOIB Dona 2021<\/a><\/p>\n<p>[\/et_pb_accordion_item][et_pb_accordion_item title=\u00bb2. Inclusi\u00f3n social y lucha contra la pobreza\u00bb _builder_version=\u00bb4.23.1&#8243; global_colors_info=\u00bb{}\u00bb open=\u00bboff\u00bb]<\/p>\n<h5><em><strong>Objetivo espec\u00edfico:<\/strong><\/em><br \/><em>Fomentar la inclusi\u00f3n activa con el objeto de promover la igualdad de oportunidades, la no discriminaci\u00f3n y la participaci\u00f3n activa, y mejorar la empleabilidad, en particular para los grupos desfavorecidos.<\/em><\/h5>\n<p><strong>Itinerarios integrales de inserci\u00f3n. <\/strong><a href='https:\/\/soib.es\/es\/concert-soib-tercer-sector-serveis-orientacio-professional\/' class='small-button smallsilver'><span style=\"color: #cb023e;\">Concertaci\u00f3n Servicios de Orientaci\u00f3n Profesional (SOP)<\/span><\/a> <strong>+<\/strong> <a href='https:\/\/soib.es\/es\/soib-itineraris-integrals-dinsercio\/' class='small-button smallsilver'><span style=\"color: #cb023e;\"> Itinerarios Integrales de Inserci\u00f3n<\/span><\/a><strong><br \/><\/strong><\/p>\n<p style=\"padding-left: 40px;\"><strong>Inversi\u00f3n programada: <\/strong>38.200.000 \u20ac<\/p>\n<p style=\"padding-left: 40px;\"><strong>Ayuda FSE+: <\/strong>22.920.000 \u20ac<\/p>\n<p style=\"padding-left: 40px;\"><strong>Acceso informaci\u00f3n convocatorias: \u00a0 \u00a0<\/strong> <a href=\"https:\/\/www.caib.es\/seucaib\/es\/202\/administracions\/tramites\/tramite\/5487303\">SOIB Itinerarios Integrales de Inserci\u00f3n 2023 y 2024<\/a>\u00a0\u00a0\u00a0\u00a0 <a href=\"https:\/\/www.caib.es\/seucaib\/es\/200\/persones\/tramites\/tramite\/4383719\">SOIB Itinerarios Integrales de Inserci\u00f3n 2021 y 2022<\/a><\/p>\n<p style=\"padding-left: 280px;\"><a href=\"https:\/\/soib.es\/es\/convocatories-concert-servei-orientacio-professional-sop\/\">Concierto para la prestaci\u00f3n del Servicio de Orientaci\u00f3n Profesional (SOP)<\/a><\/p>\n<p>[\/et_pb_accordion_item][et_pb_accordion_item title=\u00bb5. Empleo juvenil\u00bb _builder_version=\u00bb4.27.4&#8243; hover_enabled=\u00bb0&#8243; global_colors_info=\u00bb{}\u00bb open=\u00bboff\u00bb sticky_enabled=\u00bb0&#8243;]<\/p>\n<h5><em><strong>Objetivo espec\u00edfico:<\/strong><\/em><br \/>\n<em>Mejorar el acceso al empleo y a medidas de activaci\u00f3n de todas las personas demandantes de empleo, y en particular de las personas j\u00f3venes \u2013 especialmente a trav\u00e9s de la aplicaci\u00f3n de la Garant\u00eda Juvenil -, de las personas en desempleo de larga duraci\u00f3n y los grupos desfavorecidos en el mercado laboral, y de las personas inactivas, as\u00ed como mediante la promoci\u00f3n del empleo por cuenta propia y la econom\u00eda social.<\/em><\/h5>\n<p>En el marco del Empleo Juvenil, se definir\u00e1n medidas para favorecer la adquisici\u00f3n de experiencia profesional de personas desempleadas menores de 30 a\u00f1os con el fin de facilitar su inserci\u00f3n en el mercado laboral. Se fomentar\u00e1 la contrataci\u00f3n de estas personas j\u00f3venes en situaci\u00f3n de desempleo a trav\u00e9s de subvenciones para la ejecuci\u00f3n de obras o servicios de inter\u00e9s general y social en un marco de colaboraci\u00f3n entre las administraciones locales de las Islas Baleares y las entidades dependientes o vinculadas. Tambi\u00e9n se dispondr\u00e1 de una l\u00ednea espec\u00edfica para la contrataci\u00f3n de j\u00f3venes en el sector p\u00fablico instrumental de la CAIB (excepto los organismos aut\u00f3nomos y los consorcios) y en la Universidad de las Illes Balears. Este empleo proporcionar\u00e1 una mejora de las habilidades profesionales y adquisici\u00f3n de experiencia de las personas participantes en actividades de utilidad p\u00fablica o de inter\u00e9s social. Paralelamente, estas personas podr\u00e1n seguir un proceso de orientaci\u00f3n laboral para favorecer su posterior inserci\u00f3n en el mercado laboral ordinario. El objetivo es aumentar sus oportunidades de inserci\u00f3n en puestos vinculados con su perfil acad\u00e9mico y profesional.<\/p>\n<p>Entre las actuaciones que se ejecutar\u00e1n en este Objetivo Espec\u00edfico destacan las siguientes:<\/p>\n<p><strong>&#8211; Programas de contrataci\u00f3n para la adquisici\u00f3n de una primera experiencia laboral por parte de personas j\u00f3venes desempleadas, menores de 30 a\u00f1os, inscritas en el Sistema Nacional de Garant\u00eda Juvenil, con formaci\u00f3n acad\u00e9mica o profesional de grado medio y superior acreditada y que no tienen experiencia laboral relacionada con la formaci\u00f3n cursada. <\/strong> <a href='https:\/\/soib.es\/es\/informacio-i-ofertes-del-programa-soib-jove-qualificats-sector-public-universitat-i-entitats-locals\/' class='small-button smallsilver'><span style=\"color: #cb023e;\">SOIB Jove Cualificados<\/span><\/a><\/p>\n<p>En este caso, la principal dificultad de las personas no es tanto el acceso a un empleo, si no a un empleo ligado con su formaci\u00f3n, donde no consiguen este empleo por falta de experiencia. As\u00ed pues, la tasa de sobreeducaci\u00f3n de las personas j\u00f3venes es la mayor de Europa, y en el caso de Baleares, \u00e9sta llega al 50%. Por todo ello, este programa se centra en ofrecer a las personas j\u00f3venes desempleadas con estudios de FP o superior una experiencia laboral ligada a la formaci\u00f3n para romper la barrera que supone la falta de experiencia profesional.<\/p>\n<p style=\"padding-left: 40px;\"><strong> Inversi\u00f3n programada: <\/strong>12.660.000 \u20ac<\/p>\n<p style=\"padding-left: 40px;\"><strong> Ayuda FSE+:<\/strong> 7.596.000 \u20ac<\/p>\n<p style=\"padding-left: 40px;\"><strong>Acceso informaci\u00f3n convocatoria: \u00a0 \u00a0 <\/strong><a href=\"https:\/\/soib.es\/es\/convocatoria-de-subvencions-soib-jove-qualificats-sector-public-universitat-i-entitats-locals-2024\">SOIB Jove: Cualificados Sector P\u00fablico, Universidad y entidades locales 2024<\/a><\/p>\n<p><strong>&#8211; Programas de contrataci\u00f3n para la adquisici\u00f3n de una primera experiencia laboral por parte de personas j\u00f3venes desempleadas, menores de 30 a\u00f1os, inscritas en el Sistema Na-cional de Garant\u00eda Juvenil, con estudios b\u00e1sicos obligatorios como m\u00e1ximo. <\/strong><a href='https:\/\/soib.es\/es\/soib-reactiva\/' class='small-button smallsilver'><span style=\"color: #cb023e;\">L\u00ednea 1 SOIB Reactiva (menores de 30 a\u00f1os, en situaci\u00f3n de desempleo)<\/span><\/a><strong><em><span style=\"color: #ff0000;\"><br \/>\n<\/span><\/em><\/strong><\/p>\n<p>El objetivo es establecer un programa de experiencia profesional para este tipo de j\u00f3venes que no quieren seguir estudiando. Dado que no tienen estudios profesionales para tener una trayec-toria laboral correcta, se les debe ofrecer una experiencia profesional para que adquieran <em>soft skills<\/em> y experiencia en el manejo de un trabajo.<\/p>\n<p>La juventud con niveles educativos bajos son los que presentan tasas de paro m\u00e1s altas, raz\u00f3n por la que es imprescindible que dispongan de oportunidades de empleo para que adquieran experiencia laboral que les ayude a mantener m\u00e1s tarde un empleo estable en el mercado ordinario.<\/p>\n<p style=\"padding-left: 40px;\"><strong>Inversi\u00f3n programada: <\/strong>4.220.000 \u20ac<\/p>\n<p style=\"padding-left: 40px;\"><strong> Ayuda FSE+:<\/strong> 2.532.000 \u20ac<\/p>\n<p style=\"padding-left: 40px;\"><strong>Acceso informaci\u00f3n convocatorias:<\/strong>\u00a0\u00a0\u00a0\u00a0 <a href=\"https:\/\/www.caib.es\/seucaib\/es\/202\/administracions\/tramites\/tramite\/5673148\/\">SOIB Reactiva 2023<\/a> \u00a0\u00a0\u00a0 <a href=\"https:\/\/www.caib.es\/seucaib\/es\/200\/persones\/tramites\/tramite\/5266783\/\">SOIB Reactiva 2022<\/a> \u00a0\u00a0\u00a0 <a href=\"https:\/\/www.caib.es\/seucaib\/es\/202\/administracions\/tramites\/tramite\/4736631\">SOIB Reactiva 2021<\/a><\/p>\n<p><strong>&#8211; Programas mixtos de empleo y formaci\u00f3n. <\/strong><a href='https:\/\/soib.es\/es\/alumnat-treballador-programes-mixts-soib-ocupacio-i-formacio\/' class='small-button smallsilver'><span style=\"color: #cb023e;\">SOIB Jove Formaci\u00f3n y Ocupaci\u00f3n<\/span><\/a><strong><br \/>\n<\/strong><\/p>\n<p>Los programas mixtos de empleo y formaci\u00f3n son programas de formaci\u00f3n dual, en la modali-dad de formaci\u00f3n en alternancia, en los que se combina formaci\u00f3n te\u00f3rica y experiencia pr\u00e1cti-ca a lo largo del programa y en el marco del contrato de formaci\u00f3n y aprendizaje.<\/p>\n<p>La actuaci\u00f3n se dirigir\u00e1 a j\u00f3venes desempleados mayores de 16 a\u00f1os y menores de 30 a\u00f1os ins-critos en el Sistema Nacional de Garantes Juvenil. El objeto de estos programas es mejorar sus aptitudes y competencias profesionales a la vez que se llevan a cabo proyectos de inter\u00e9s gene-ral o social.<\/p>\n<p style=\"padding-left: 40px;\"><strong>Inversi\u00f3n programada: <\/strong>4.000.000 \u20ac<\/p>\n<p style=\"padding-left: 40px;\"><strong> Ayuda FSE+:<\/strong> 2.400.000 \u20ac<\/p>\n<p style=\"padding-left: 40px;\"><strong>Acceso informaci\u00f3n convocatorias:<\/strong> \u00a0 \u00a0 <a href=\"https:\/\/www.caib.es\/seucaib\/es\/202\/administracions\/tramites\/tramite\/5902712\">SOIB Formaci\u00f3n y Ocupaci\u00f3n para el 2023<\/a> \u00a0\u00a0\u00a0 <a href=\"https:\/\/www.caib.es\/seucaib\/es\/tramites\/tramite\/5157433\">SOIB Formaci\u00f3n y Ocupaci\u00f3n para el 2022<\/a><\/p>\n<p><strong>&#8211; Itinerarios de inserci\u00f3n sociolaboral para j\u00f3venes en riesgo de exclusi\u00f3n social.<\/strong><\/p>\n<p><a href='https:\/\/soib.es\/es\/concert-soib-tercer-sector-serveis-orientacio-professional\/' class='small-button smallsilver'><span style=\"color: #cb023e;\">Concertaci\u00f3n Servicios de Orientaci\u00f3n Profesional (SOP)<\/span><\/a> <strong>+<\/strong> <a href='https:\/\/soib.es\/es\/soib-itineraris-integrals-dinsercio\/' class='small-button smallsilver'><span style=\"color: #cb023e;\">Itinerarios Integrales de Inserci\u00f3n para j\u00f3venes<\/span><\/a><\/p>\n<p>Se ejecutar\u00e1n itinerarios integrados de inserci\u00f3n de personas j\u00f3venes en riesgo de exclusi\u00f3n social mediante proyectos que ejecutan acompa\u00f1amiento a procesos de ayuda individual, personalizada e integral, en los que la persona, mediante diferentes actuaciones, construye un proyecto profesional que integra las necesidades personales con las exigencias sociales, con el objetivo final de incorporarse al mercado de trabajo de manera regular. Cada persona participante tendr\u00e1 un plan de trabajo que recoger\u00e1 todas aquellas acciones necesarias dentro del itinerario para conseguir la inserci\u00f3n laboral (informaci\u00f3n, formaci\u00f3n, intermediaci\u00f3n, empleo, etc.).<\/p>\n<p>Estos programas disponen de una metodolog\u00eda que integra itinerarios de orientaci\u00f3n laboral con programas de formaci\u00f3n, normalmente ligados a certificados de profesionalidad para dotarlos de cualificaci\u00f3n profesional. Por lo tanto, son programas muy enfocados a identificarse con programas de segunda oportunidad, donde las entidades disponen de medios de reclutamiento de las personas j\u00f3venes y que les ofrecen programas de formaci\u00f3n.<\/p>\n<p style=\"padding-left: 40px;\"><strong>Inversi\u00f3n programada: <\/strong>23.200.000 \u20ac<\/p>\n<p style=\"padding-left: 40px;\"><strong> Ayuda FSE+:<\/strong> 13.920.000 \u20ac<\/p>\n<p style=\"padding-left: 40px;\"><strong>Acceso informaci\u00f3n convocatorias:<\/strong> \u00a0 \u00a0 <a href=\"https:\/\/www.caib.es\/seucaib\/es\/202\/administracions\/tramites\/tramite\/5487303\">SOIB Itinerarios Integrales de Inserci\u00f3n 2023 y 2024<\/a>\u00a0\u00a0\u00a0\u00a0 <a href=\"https:\/\/www.caib.es\/seucaib\/es\/200\/persones\/tramites\/tramite\/4399198\">SOIB Jove Itinerarios Integrales de Inserci\u00f3n 2021 y 2022<\/a><\/p>\n<p style=\"padding-left: 280px;\"><a href=\"https:\/\/soib.es\/es\/convocatories-concert-servei-orientacio-professional-sop\/\">Concierto para la prestaci\u00f3n del Servicio de Orientaci\u00f3n Profesional (SOP)<\/a><\/p>\n<h5><em><strong>Objetivo espec\u00edfico:<\/strong><\/em><br \/>\n<em>Promover la igualdad de acceso a una educaci\u00f3n y una formaci\u00f3n de calidad e inclusivas y su culminaci\u00f3n, en particular para los grupos desfavorecidos, desde la educaci\u00f3n infantil y cuidados de la primera infancia, pasando por la educaci\u00f3n y la formaci\u00f3n generales y profesionales, hasta la educaci\u00f3n superior, as\u00ed como la educaci\u00f3n y el aprendizaje de las personas adultas, facilitando tambi\u00e9n la movilidad para el aprendizaje para todos y la accesibilidad de las personas con discapacidad.<\/em><\/h5>\n<p>La finalidad de este Objetivo Espec\u00edfico es promover la igualdad de acceso a una educaci\u00f3n y una formaci\u00f3n de calidad para las personas j\u00f3venes de las Illes Balears, as\u00ed como adaptar sus capacidades a las demandas del mercado laboral. Entre las actuaciones que se ejecutar\u00e1n en este Objetivo Espec\u00edfico destacan las siguientes:<\/p>\n<p><strong>&#8211; Programas de Segunda Oportunidad. <\/strong><a href='https:\/\/soib.es\/es\/convocatoria-soib-jove-beques-dexit\/' class='small-button smallsilver'><span style=\"color: #cb023e;\"> Becas de \u00c9xito para menores de 30 a\u00f1os en situaci\u00f3n de desempleo<\/span><\/a><\/p>\n<p>Las Illes Balears presentan una elevada tasa de abandono escolar, as\u00ed como un n\u00famero elevado de j\u00f3venes que ni estudian ni trabajan. Para reducir estas tasas se desarrollar\u00e1n Programas de Segunda Oportunidad. Estos programas consisten en una serie de ayudas econ\u00f3micas destinadas a j\u00f3venes menores de 30 a\u00f1os, inscritos como beneficiarios en el Sistema Nacional de Garant\u00eda Juvenil, para que vuelvan al sistema educativo, para cursar con aprovechamiento:<\/p>\n<p>&#8211; Cursos de 2\u00ba, 3\u00ba y 4\u00ba de Educaci\u00f3n Secundaria de personas adultas (ESPA) en los centros educativos de Personas Adultas de las Illes Balears.<br \/>\n&#8211; Ciclos de formaci\u00f3n profesional de grado medio o superior sostenidos con fondos p\u00fablicos de la CAIB para incentivar el retorno al sistema educativo.<\/p>\n<p>Estos programas se establecen como programas de acompa\u00f1amiento econ\u00f3mico para incentivar que las personas desempleadas que han abandonado los estudios vuelvan al sistema educativo para bien finalizar sus estudios obligatorios b\u00e1sicos, bien para desarrollar estudios de formaci\u00f3n profesional reglada, o para realizar formaci\u00f3n profesional para el empleo. La medida est\u00e1 dise\u00f1ada para que el incentivo econ\u00f3mico que se recibe para formarse s\u00f3lo se reciba en el caso de que la persona desempleada finalice el curso en cuesti\u00f3n, de manera que los importes econ\u00f3micos se desembolsan si se finaliza con \u00e9xito la formaci\u00f3n.<\/p>\n<p style=\"padding-left: 40px;\"><strong>Inversi\u00f3n programada: <\/strong>2.000.000 \u20ac<\/p>\n<p style=\"padding-left: 40px;\"><strong> Ayuda FSE+:<\/strong> 1.200.000 \u20ac<\/p>\n<p style=\"padding-left: 40px;\"><strong>Acceso informaci\u00f3n convocatorias:<\/strong> \u00a0\u00a0\u00a0 <a href=\"https:\/\/www.caib.es\/seucaib\/es\/200\/persones\/tramites\/tramite\/5356573\">SOIB Jove Becas de \u00c9xito ESPA y FP 2022-2025<\/a>\u00a0\u00a0\u00a0\u00a0 <a href=\"https:\/\/www.caib.es\/seucaib\/ca\/200\/persones\/tramites\/tramite\/4817679\">SOIB Jove Becas de \u00c9xiti ESPA y FP 2021-2022<\/a><strong><br \/>\n<\/strong><\/p>\n<p>[\/et_pb_accordion_item][\/et_pb_accordion][\/et_pb_column][\/et_pb_row][\/et_pb_section]<\/p>\n","protected":false},"excerpt":{"rendered":"<p>Programas del SOIB cofinanciados por el Fondo Social Europeu Plus (FSE+)La estrategia del Programa FSE+ de las Illes Balears 2021-2027 (PIBAL FSE+) se elabor\u00f3 teniendo en cuenta las necesidades y retos que existen a nivel regional definidos en el diagn\u00f3stico territorial elaborado para la identificaci\u00f3n de las prioridades de inversi\u00f3n. As\u00ed, las actuaciones del SOIB [&hellip;]<\/p>\n","protected":false},"author":13,"featured_media":0,"parent":0,"menu_order":0,"comment_status":"closed","ping_status":"closed","template":"","meta":{"_et_pb_use_builder":"on","_et_pb_old_content":"","_et_gb_content_width":"","footnotes":"","_links_to":"","_links_to_target":""},"class_list":["post-57283","page","type-page","status-publish","hentry"],"publishpress_future_action":{"enabled":false,"date":"2026-05-05 11:30:47","action":"change-status","newStatus":"draft","terms":[],"taxonomy":"translation_priority","extraData":[]},"publishpress_future_workflow_manual_trigger":{"enabledWorkflows":[]},"_links":{"self":[{"href":"https:\/\/soib.es\/es\/wp-json\/wp\/v2\/pages\/57283","targetHints":{"allow":["GET"]}}],"collection":[{"href":"https:\/\/soib.es\/es\/wp-json\/wp\/v2\/pages"}],"about":[{"href":"https:\/\/soib.es\/es\/wp-json\/wp\/v2\/types\/page"}],"author":[{"embeddable":true,"href":"https:\/\/soib.es\/es\/wp-json\/wp\/v2\/users\/13"}],"replies":[{"embeddable":true,"href":"https:\/\/soib.es\/es\/wp-json\/wp\/v2\/comments?post=57283"}],"version-history":[{"count":0,"href":"https:\/\/soib.es\/es\/wp-json\/wp\/v2\/pages\/57283\/revisions"}],"wp:attachment":[{"href":"https:\/\/soib.es\/es\/wp-json\/wp\/v2\/media?parent=57283"}],"curies":[{"name":"wp","href":"https:\/\/api.w.org\/{rel}","templated":true}]}}