{"id":45172,"date":"2023-06-07T08:58:07","date_gmt":"2023-06-07T06:58:07","guid":{"rendered":"https:\/\/soib.es\/esborrany-formacio\/"},"modified":"2025-10-07T10:38:28","modified_gmt":"2025-10-07T08:38:28","slug":"formacio","status":"publish","type":"page","link":"https:\/\/soib.es\/es\/formacio\/","title":{"rendered":"Formaci\u00f3n"},"content":{"rendered":"<p>[et_pb_section fb_built=\u00bb1&#8243; _builder_version=\u00bb4.16&#8243; background_color=\u00bb#f4f5f4&#8243; custom_padding=\u00bb49px|0px|20px|0px\u00bb global_colors_info=\u00bb{}\u00bb][et_pb_row column_structure=\u00bb2_5,3_5&#8243; use_custom_gutter=\u00bbon\u00bb disabled_on=\u00bboff|off|off\u00bb _builder_version=\u00bb4.16&#8243; background_color=\u00bb#ffffff\u00bb custom_margin=\u00bb|||\u00bb custom_padding=\u00bb15px|12px|12px|12px\u00bb global_colors_info=\u00bb{}\u00bb][et_pb_column type=\u00bb2_5&#8243; _builder_version=\u00bb4.16&#8243; background_color=\u00bb#ffffff\u00bb custom_padding=\u00bb|||\u00bb global_colors_info=\u00bb{}\u00bb custom_padding__hover=\u00bb|||\u00bb][et_pb_text disabled_on=\u00bboff|off|off\u00bb _builder_version=\u00bb4.16&#8243; _module_preset=\u00bbdefault\u00bb global_colors_info=\u00bb{}\u00bb]<\/p>\n<h2><strong>\u00a1F\u00f3rmate con el SOIB!<\/strong><\/h2>\n<p>[\/et_pb_text][et_pb_image src=\u00bbhttps:\/\/soib.es\/wp-content\/uploads\/2024\/11\/Baner-web-cerca-formacio-SOIB-2024.png\u00bb title_text=\u00bbBaner web cerca formaci\u00f3 SOIB 2024&#8243; url=\u00bbhttps:\/\/soib.es\/es\/cerca-formacio\/\u00bb url_new_window=\u00bbon\u00bb disabled_on=\u00bbon|on|on\u00bb _builder_version=\u00bb4.27.4&#8243; _module_preset=\u00bbdefault\u00bb disabled=\u00bbon\u00bb global_colors_info=\u00bb{}\u00bb][\/et_pb_image][et_pb_button button_url=\u00bbhttps:\/\/soib.es\/es\/cerca-formacio\/\u00bb url_new_window=\u00bbon\u00bb button_text=\u00bbBusca formaci\u00f3n\u00bb button_alignment=\u00bbleft\u00bb disabled_on=\u00bboff|off|off\u00bb _builder_version=\u00bb4.27.4&#8243; _module_preset=\u00bbdefault\u00bb custom_button=\u00bbon\u00bb button_text_size=\u00bb16px\u00bb button_text_color=\u00bb#e01e4f\u00bb button_bg_color=\u00bbRGBA(0,0,0,0)\u00bb button_font=\u00bb|800|||||||\u00bb button_icon=\u00bb&#xe02b;||divi||400&#8243; button_icon_color=\u00bb#000000&#8243; button_icon_placement=\u00bbleft\u00bb button_on_hover=\u00bboff\u00bb custom_margin=\u00bb|||0px|false|false\u00bb global_colors_info=\u00bb{}\u00bb][\/et_pb_button][et_pb_button button_url=\u00bbhttps:\/\/soib.es\/es\/cercadors-formacio-i-contracte\/\u00bb url_new_window=\u00bbon\u00bb button_text=\u00bbBusca formaci\u00f3n con un contrato de trabajo\u00bb button_alignment=\u00bbleft\u00bb disabled_on=\u00bboff|off|off\u00bb _builder_version=\u00bb4.16&#8243; _module_preset=\u00bbdefault\u00bb custom_button=\u00bbon\u00bb button_text_size=\u00bb16px\u00bb button_text_color=\u00bb#e01e4f\u00bb button_bg_color=\u00bbRGBA(0,0,0,0)\u00bb button_font=\u00bb|800|||||||\u00bb button_icon=\u00bb&#xe02b;||divi||400&#8243; button_icon_color=\u00bb#000000&#8243; button_icon_placement=\u00bbleft\u00bb button_on_hover=\u00bboff\u00bb custom_margin=\u00bb|||0px|false|false\u00bb global_colors_info=\u00bb{}\u00bb][\/et_pb_button][et_pb_button button_url=\u00bbhttps:\/\/soib.es\/es\/mejora-oportunidades-laborales-cheque-formacion\/\u00bb url_new_window=\u00bbon\u00bb button_text=\u00bbPide ya tu cheque formaci\u00f3n\u00bb button_alignment=\u00bbleft\u00bb disabled_on=\u00bboff|off|off\u00bb _builder_version=\u00bb4.27.4&#8243; _module_preset=\u00bbdefault\u00bb custom_button=\u00bbon\u00bb button_text_size=\u00bb16px\u00bb button_text_color=\u00bb#e01e4f\u00bb button_bg_color=\u00bbRGBA(0,0,0,0)\u00bb button_font=\u00bb|800|||||||\u00bb button_icon=\u00bb&#xe02b;||divi||400&#8243; button_icon_color=\u00bb#000000&#8243; button_icon_placement=\u00bbleft\u00bb button_on_hover=\u00bboff\u00bb custom_margin=\u00bb|||0px|false|false\u00bb global_colors_info=\u00bb{}\u00bb][\/et_pb_button][et_pb_button button_url=\u00bbhttps:\/\/soib.es\/es\/becas-y-ayudas\/\u00bb url_new_window=\u00bbon\u00bb button_text=\u00bbBecas y ayudas\u00bb button_alignment=\u00bbleft\u00bb _builder_version=\u00bb4.27.4&#8243; _module_preset=\u00bbdefault\u00bb custom_button=\u00bbon\u00bb button_text_size=\u00bb16px\u00bb button_text_color=\u00bb#e01e4f\u00bb button_bg_color=\u00bbRGBA(0,0,0,0)\u00bb button_font=\u00bb|800|||||||\u00bb button_icon=\u00bb&#xe02b;||divi||400&#8243; button_icon_color=\u00bb#000000&#8243; button_icon_placement=\u00bbleft\u00bb button_on_hover=\u00bboff\u00bb custom_margin=\u00bb|||0px|false|false\u00bb global_colors_info=\u00bb{}\u00bb][\/et_pb_button][et_pb_button button_url=\u00bbhttps:\/\/docs.google.com\/forms\/d\/e\/1FAIpQLSdEb4KzRzUGoL1910kndgfhU9kPkkicvEpE2-WlAw&#8211;qrgQXQ\/viewform\u00bb url_new_window=\u00bbon\u00bb button_text=\u00bb\u00bfTienes dudas? Consulta el Punto de Orientaci\u00f3n Acad\u00e9mica y Profesional (POAP)\u00bb _builder_version=\u00bb4.27.4&#8243; _module_preset=\u00bbdefault\u00bb custom_button=\u00bbon\u00bb button_text_size=\u00bb16px\u00bb button_text_color=\u00bb#cb023e\u00bb button_bg_color=\u00bb#FFFFFF\u00bb button_border_width=\u00bb1px\u00bb button_border_color=\u00bb#cb023e\u00bb button_icon=\u00bb&#xe07e;||divi||400&#8243; button_icon_placement=\u00bbleft\u00bb button_on_hover=\u00bboff\u00bb locked=\u00bboff\u00bb global_colors_info=\u00bb{}\u00bb][\/et_pb_button][\/et_pb_column][et_pb_column type=\u00bb3_5&#8243; _builder_version=\u00bb4.16&#8243; background_color=\u00bbRGBA(0,0,0,0)\u00bb custom_padding=\u00bb20px|20px|20px|20px|false|false\u00bb border_radii=\u00bbon|3px|3px|3px|3px\u00bb border_width_all=\u00bb3px\u00bb border_color_all=\u00bb#D6D6D6&#8243; global_colors_info=\u00bb{}\u00bb custom_padding__hover=\u00bb|||\u00bb][et_pb_text _builder_version=\u00bb4.16&#8243; _module_preset=\u00bbdefault\u00bb global_colors_info=\u00bb{}\u00bb]<\/p>\n<h3>La formaci\u00f3n en el SOIB<\/h3>\n<p>[\/et_pb_text][et_pb_blurb title=\u00bbFormaci\u00f3n en el trabajo\u00bb url_new_window=\u00bbon\u00bb icon_placement=\u00bbleft\u00bb admin_label=\u00bbBlurb\u00bb _builder_version=\u00bb4.16&#8243; _module_preset=\u00bbdefault\u00bb header_font=\u00bb|800|||||||\u00bb header_text_align=\u00bbleft\u00bb header_text_color=\u00bb#e01e4f\u00bb header_font_size=\u00bb16px\u00bb width=\u00bb80%\u00bb module_alignment=\u00bbleft\u00bb custom_margin=\u00bb0px|||-50px|false|false\u00bb custom_padding=\u00bb0px|||0px|false|false\u00bb global_colors_info=\u00bb{}\u00bb][\/et_pb_blurb][et_pb_text _builder_version=\u00bb4.16&#8243; _module_preset=\u00bbdefault\u00bb text_line_height=\u00bb1.5em\u00bb custom_margin=\u00bb-10px|0px||45px|false|false\u00bb locked=\u00bboff\u00bb global_colors_info=\u00bb{}\u00bb]<\/p>\n<p>Dirigida al aprendizaje, formaci\u00f3n, recualificaci\u00f3n o reciclaje profesional, que te permitan adquirir competencias o mejorar tu experiencia y cualificaci\u00f3n profesional, y facilitarte la inserci\u00f3n laboral.<\/p>\n<p>[\/et_pb_text][et_pb_button button_url=\u00bbhttps:\/\/soib.es\/es\/especialitats-formatives\/\u00bb url_new_window=\u00bbon\u00bb button_text=\u00bbEspecialidades formativas\u00bb _builder_version=\u00bb4.27.4&#8243; _module_preset=\u00bbdefault\u00bb custom_button=\u00bbon\u00bb button_text_size=\u00bb14px\u00bb button_text_color=\u00bb#000000&#8243; button_bg_color=\u00bbRGBA(0,0,0,0)\u00bb button_font=\u00bb|700|||||||\u00bb button_icon=\u00bb&#xe02b;||divi||400&#8243; button_icon_color=\u00bb#e01e4f\u00bb button_icon_placement=\u00bbleft\u00bb button_on_hover=\u00bboff\u00bb custom_margin=\u00bb-10px|||30px|false|false\u00bb custom_padding=\u00bb||0px|||\u00bb global_colors_info=\u00bb{}\u00bb][\/et_pb_button][et_pb_text _builder_version=\u00bb4.27.4&#8243; _module_preset=\u00bbdefault\u00bb text_line_height=\u00bb1.5em\u00bb custom_margin=\u00bb-10px|0px||45px|false|false\u00bb global_colors_info=\u00bb{}\u00bb]<\/p>\n<p>Formaci\u00f3n no formal gestionada por el SOIB que te permitir\u00e1 adquirir las competencias necesarias requeridas en el mercado de trabajo y mejorar tu empleabilidad<\/p>\n<p>[\/et_pb_text][et_pb_blurb title=\u00bbFormaci\u00f3n profesional\u00bb url_new_window=\u00bbon\u00bb icon_placement=\u00bbleft\u00bb _builder_version=\u00bb4.27.4&#8243; _module_preset=\u00bbdefault\u00bb header_font=\u00bb|800|||||||\u00bb header_text_align=\u00bbleft\u00bb header_text_color=\u00bb#e01e4f\u00bb header_font_size=\u00bb16px\u00bb width=\u00bb80%\u00bb module_alignment=\u00bbleft\u00bb custom_margin=\u00bb0px|||-50px|false|false\u00bb custom_padding=\u00bb0px|||0px|false|false\u00bb global_colors_info=\u00bb{}\u00bb][\/et_pb_blurb][et_pb_button button_url=\u00bbhttps:\/\/soib.es\/es\/info-certificats-de-professionalitat\/\u00bb url_new_window=\u00bbon\u00bb button_text=\u00bbCertificados de profesionalidad\u00bb disabled_on=\u00bbon|on|on\u00bb _builder_version=\u00bb4.27.4&#8243; _module_preset=\u00bbdefault\u00bb custom_button=\u00bbon\u00bb button_text_size=\u00bb14px\u00bb button_text_color=\u00bb#000000&#8243; button_bg_color=\u00bbRGBA(0,0,0,0)\u00bb button_font=\u00bb|700|||||||\u00bb button_icon=\u00bb&#xe02b;||divi||400&#8243; button_icon_color=\u00bb#e01e4f\u00bb button_icon_placement=\u00bbleft\u00bb button_on_hover=\u00bboff\u00bb custom_margin=\u00bb-10px|||30px|false|false\u00bb disabled=\u00bbon\u00bb global_colors_info=\u00bb{}\u00bb][\/et_pb_button][et_pb_text disabled_on=\u00bbon|on|on\u00bb _builder_version=\u00bb4.27.4&#8243; _module_preset=\u00bbdefault\u00bb text_line_height=\u00bb1.5em\u00bb custom_margin=\u00bb-15px|0px||45px|false|false\u00bb disabled=\u00bbon\u00bb global_colors_info=\u00bb{}\u00bb]<\/p>\n<p>Formaci\u00f3n formal que gestiona el SOIB y que conduce a una acreditaci\u00f3n oficial en el sistema educativo<\/p>\n<p>[\/et_pb_text][et_pb_button button_url=\u00bbhttps:\/\/soib.es\/es\/formacio-professional-soib-graus-a-i-b\/\u00bb url_new_window=\u00bbon\u00bb button_text=\u00bbFormaci\u00f3n profesional en el SOIB: grados A (Acreditaci\u00f3n parcial de competencia) y B (Certificado de competencia)\u00bb disabled_on=\u00bboff|off|off\u00bb _builder_version=\u00bb4.27.4&#8243; _module_preset=\u00bbdefault\u00bb custom_button=\u00bbon\u00bb button_text_size=\u00bb14px\u00bb button_text_color=\u00bb#000000&#8243; button_bg_color=\u00bbRGBA(0,0,0,0)\u00bb button_font=\u00bb|700|||||||\u00bb button_icon=\u00bb&#xe02b;||divi||400&#8243; button_icon_color=\u00bb#e01e4f\u00bb button_icon_placement=\u00bbleft\u00bb button_on_hover=\u00bboff\u00bb custom_margin=\u00bb|||30px|false|false\u00bb hover_enabled=\u00bb0&#8243; global_colors_info=\u00bb{}\u00bb sticky_enabled=\u00bb0&#8243;][\/et_pb_button][et_pb_button button_url=\u00bbhttps:\/\/soib.es\/es\/formacio-professional-soib-graus-a-b-c\/\u00bb url_new_window=\u00bbon\u00bb button_text=\u00bbFormaci\u00f3n profesional en el SOIB: grados A (Acreditaci\u00f3n parcial de competencia), B (Certificado de competencia) y C (Certificado profesional)\u00bb _builder_version=\u00bb4.27.4&#8243; _module_preset=\u00bbdefault\u00bb custom_button=\u00bbon\u00bb button_text_size=\u00bb14px\u00bb button_text_color=\u00bb#000000&#8243; button_bg_color=\u00bbRGBA(0,0,0,0)\u00bb button_font=\u00bb|700|||||||\u00bb button_icon=\u00bb&#xe02b;||divi||400&#8243; button_icon_color=\u00bb#e01e4f\u00bb button_icon_placement=\u00bbleft\u00bb button_on_hover=\u00bboff\u00bb custom_margin=\u00bb|||30px|false|false\u00bb hover_enabled=\u00bb0&#8243; global_colors_info=\u00bb{}\u00bb disabled_on=\u00bbon|on|on\u00bb disabled=\u00bbon\u00bb sticky_enabled=\u00bb0&#8243;][\/et_pb_button][et_pb_text _builder_version=\u00bb4.27.4&#8243; _module_preset=\u00bbdefault\u00bb custom_margin=\u00bb-20px|0px||45px|false|false\u00bb hover_enabled=\u00bb0&#8243; global_colors_info=\u00bb{}\u00bb disabled_on=\u00bbon|on|on\u00bb disabled=\u00bbon\u00bb sticky_enabled=\u00bb0&#8243;]<\/p>\n<p>Nueva formaci\u00f3n profesional por grados<\/p>\n<p>[\/et_pb_text][et_pb_button button_url=\u00bbhttps:\/\/intranet.caib.es\/esoibfront\/formacio\/formacionsNextGenerationUE.xhtml\u00bb url_new_window=\u00bbon\u00bb button_text=\u00bbFormaci\u00f3n Next Generation UE\u00bb _builder_version=\u00bb4.16&#8243; _module_preset=\u00bbdefault\u00bb custom_button=\u00bbon\u00bb button_text_size=\u00bb16px\u00bb button_text_color=\u00bb#e01e4f\u00bb button_bg_color=\u00bbRGBA(0,0,0,0)\u00bb button_font=\u00bb|800|||||||\u00bb button_icon=\u00bb&#xe02b;||divi||400&#8243; button_icon_color=\u00bb#000000&#8243; button_on_hover=\u00bboff\u00bb custom_margin=\u00bb|||0px|false|false\u00bb global_colors_info=\u00bb{}\u00bb][\/et_pb_button][et_pb_text _builder_version=\u00bb4.16&#8243; _module_preset=\u00bbdefault\u00bb custom_margin=\u00bb-10px|0px||15px|false|false\u00bb global_colors_info=\u00bb{}\u00bb]<\/p>\n<p>Iniciativa que surge dentro del Plan de Recuperaci\u00f3n, Transformaci\u00f3n y Resiliencia financiado por la UE como instrumento temporal para la recuperaci\u00f3n y reconstrucci\u00f3n de una Europa m\u00e1s ecol\u00f3gica, digital y resiliente. Destacan las acciones para mejorar las capacidades digitales de las personas, impulsar el emprendimiento o potenciar la cualificaci\u00f3n y la recualificaci\u00f3n de la poblaci\u00f3n, preferentemente en sectores estrat\u00e9gicos<\/p>\n<p>[\/et_pb_text][et_pb_blurb title=\u00bbCentros de formaci\u00f3n\u00bb url_new_window=\u00bbon\u00bb icon_placement=\u00bbleft\u00bb _builder_version=\u00bb4.23.1&#8243; _module_preset=\u00bbdefault\u00bb header_font=\u00bb|800|||||||\u00bb header_text_align=\u00bbleft\u00bb header_text_color=\u00bb#e01e4f\u00bb header_font_size=\u00bb16px\u00bb width=\u00bb80%\u00bb module_alignment=\u00bbleft\u00bb custom_margin=\u00bb0px|||-50px|false|false\u00bb custom_padding=\u00bb0px|||0px|false|false\u00bb global_colors_info=\u00bb{}\u00bb][\/et_pb_blurb][et_pb_button button_url=\u00bbhttps:\/\/intranet.caib.es\/esoibfront\/formacio\/centresInscrits.xhtml\u00bb url_new_window=\u00bbon\u00bb button_text=\u00bbEntidades inscritas para impartir formaci\u00f3n en el trabajo\u00bb _builder_version=\u00bb4.23.1&#8243; _module_preset=\u00bbdefault\u00bb custom_button=\u00bbon\u00bb button_text_size=\u00bb14px\u00bb button_text_color=\u00bb#000000&#8243; button_bg_color=\u00bbRGBA(0,0,0,0)\u00bb button_font=\u00bb|700|||||||\u00bb button_icon=\u00bb&#xe02b;||divi||400&#8243; button_icon_color=\u00bb#e01e4f\u00bb button_icon_placement=\u00bbleft\u00bb button_on_hover=\u00bboff\u00bb custom_margin=\u00bb-10px|||30px|false|false\u00bb global_colors_info=\u00bb{}\u00bb][\/et_pb_button][et_pb_button button_url=\u00bbhttps:\/\/intranet.caib.es\/esoibfront\/formacio\/centresAutoritzats.xhtml\u00bb url_new_window=\u00bbon\u00bb button_text=\u00bbEntidades autorizadas e inscritas para impartir grados A, B y C de FP presencial\u00bb _builder_version=\u00bb4.23.1&#8243; _module_preset=\u00bbdefault\u00bb custom_button=\u00bbon\u00bb button_text_size=\u00bb14px\u00bb button_text_color=\u00bb#000000&#8243; button_bg_color=\u00bbRGBA(0,0,0,0)\u00bb button_font=\u00bb|700|||||||\u00bb button_icon=\u00bb&#xe02b;||divi||400&#8243; button_icon_color=\u00bb#e01e4f\u00bb button_icon_placement=\u00bbleft\u00bb button_on_hover=\u00bboff\u00bb custom_margin=\u00bb-10px|||30px|false|false\u00bb global_colors_info=\u00bb{}\u00bb][\/et_pb_button][et_pb_button button_url=\u00bbhttps:\/\/sede.sepe.gob.es\/especialidadesformativas\/RXBuscadorEFRED\/EntradaBuscadorCentros.do\u00bb url_new_window=\u00bbon\u00bb button_text=\u00bbEntidades autorizadas e inscritas para impartir grados A, B y C de FP virtual y semipresencial\u00bb _builder_version=\u00bb4.23.1&#8243; _module_preset=\u00bbdefault\u00bb custom_button=\u00bbon\u00bb button_text_size=\u00bb14px\u00bb button_text_color=\u00bb#000000&#8243; button_bg_color=\u00bbRGBA(0,0,0,0)\u00bb button_font=\u00bb|700|||||||\u00bb button_icon=\u00bb&#xe02b;||divi||400&#8243; button_icon_color=\u00bb#e01e4f\u00bb button_icon_placement=\u00bbleft\u00bb button_on_hover=\u00bboff\u00bb custom_margin=\u00bb-10px|||30px|false|false\u00bb global_colors_info=\u00bb{}\u00bb][\/et_pb_button][\/et_pb_column][\/et_pb_row][et_pb_row _builder_version=\u00bb4.23.1&#8243; _module_preset=\u00bbdefault\u00bb locked=\u00bboff\u00bb global_colors_info=\u00bb{}\u00bb][et_pb_column type=\u00bb4_4&#8243; _builder_version=\u00bb4.23.1&#8243; _module_preset=\u00bbdefault\u00bb global_colors_info=\u00bb{}\u00bb][et_pb_blurb title=\u00bbEnlaces de inter\u00e9s\u00bb url_new_window=\u00bbon\u00bb icon_placement=\u00bbleft\u00bb content_max_width=\u00bb1100px\u00bb _builder_version=\u00bb4.23.1&#8243; _module_preset=\u00bbdefault\u00bb header_font=\u00bb|600|||||||\u00bb header_text_align=\u00bbleft\u00bb header_text_color=\u00bb#cb023e\u00bb header_font_size=\u00bb16px\u00bb background_layout=\u00bbdark\u00bb width=\u00bb100%\u00bb module_alignment=\u00bbleft\u00bb custom_margin=\u00bb10px||0px||false|false\u00bb custom_padding=\u00bb0px||0px|0px|false|false\u00bb locked=\u00bboff\u00bb global_colors_info=\u00bb{}\u00bb][\/et_pb_blurb][et_pb_button button_url=\u00bbhttps:\/\/www.caib.es\/sites\/fp\/ca\/graus_c_-_certificats_professionals\/\u00bb url_new_window=\u00bbon\u00bb button_text=\u00bbOferta formativa de los Certificados Profesionales (grados C) de la Conselleria d&apos;Educaci\u00f3 i Universitats\u00bb _builder_version=\u00bb4.27.4&#8243; _module_preset=\u00bbdefault\u00bb custom_button=\u00bbon\u00bb button_text_size=\u00bb14px\u00bb button_text_color=\u00bb#000000&#8243; button_bg_color=\u00bbRGBA(0,0,0,0)\u00bb button_font=\u00bb|600|||||||\u00bb button_icon=\u00bb&#xe02b;||divi||400&#8243; button_icon_color=\u00bb#e01e4f\u00bb button_icon_placement=\u00bbleft\u00bb button_on_hover=\u00bboff\u00bb background_layout=\u00bbdark\u00bb custom_margin=\u00bb-3px|-5px||5px|false|false\u00bb custom_padding=\u00bb0px|0px|||false|false\u00bb locked=\u00bboff\u00bb global_colors_info=\u00bb{}\u00bb][\/et_pb_button][\/et_pb_column][\/et_pb_row][\/et_pb_section]<\/p>\n","protected":false},"excerpt":{"rendered":"<p>\u00a1F\u00f3rmate con el SOIB!La formaci\u00f3n en el SOIBDirigida al aprendizaje, formaci\u00f3n, recualificaci\u00f3n o reciclaje profesional, que te permitan adquirir competencias o mejorar tu experiencia y cualificaci\u00f3n profesional, y facilitarte la inserci\u00f3n laboral.Formaci\u00f3n no formal gestionada por el SOIB que te permitir\u00e1 adquirir las competencias necesarias requeridas en el mercado de trabajo y mejorar tu empleabilidadFormaci\u00f3n [&hellip;]<\/p>\n","protected":false},"author":13,"featured_media":0,"parent":0,"menu_order":0,"comment_status":"closed","ping_status":"closed","template":"","meta":{"_et_pb_use_builder":"on","_et_pb_old_content":"","_et_gb_content_width":"","footnotes":"","_links_to":"","_links_to_target":""},"class_list":["post-45172","page","type-page","status-publish","hentry"],"publishpress_future_action":{"enabled":false,"date":"2026-05-06 23:47:43","action":"change-status","newStatus":"draft","terms":[],"taxonomy":"translation_priority","extraData":[]},"publishpress_future_workflow_manual_trigger":{"enabledWorkflows":[]},"_links":{"self":[{"href":"https:\/\/soib.es\/es\/wp-json\/wp\/v2\/pages\/45172","targetHints":{"allow":["GET"]}}],"collection":[{"href":"https:\/\/soib.es\/es\/wp-json\/wp\/v2\/pages"}],"about":[{"href":"https:\/\/soib.es\/es\/wp-json\/wp\/v2\/types\/page"}],"author":[{"embeddable":true,"href":"https:\/\/soib.es\/es\/wp-json\/wp\/v2\/users\/13"}],"replies":[{"embeddable":true,"href":"https:\/\/soib.es\/es\/wp-json\/wp\/v2\/comments?post=45172"}],"version-history":[{"count":0,"href":"https:\/\/soib.es\/es\/wp-json\/wp\/v2\/pages\/45172\/revisions"}],"wp:attachment":[{"href":"https:\/\/soib.es\/es\/wp-json\/wp\/v2\/media?parent=45172"}],"curies":[{"name":"wp","href":"https:\/\/api.w.org\/{rel}","templated":true}]}}