{"id":4177,"date":"2026-01-16T09:00:13","date_gmt":"2026-01-16T08:00:13","guid":{"rendered":"https:\/\/soib.es\/convenis\/"},"modified":"2026-01-27T12:17:17","modified_gmt":"2026-01-27T11:17:17","slug":"convenios","status":"publish","type":"page","link":"https:\/\/soib.es\/es\/convenios\/","title":{"rendered":"Convenios"},"content":{"rendered":"<p>[et_pb_section fb_built=\u00bb1&#8243; _builder_version=\u00bb4.16&#8243; background_color=\u00bb#f7f7f7&#8243; custom_padding=\u00bb25px|0px|25px|0px\u00bb global_colors_info=\u00bb{}\u00bb][et_pb_row _builder_version=\u00bb4.16&#8243; global_colors_info=\u00bb{}\u00bb][et_pb_column type=\u00bb4_4&#8243; _builder_version=\u00bb4.16&#8243; custom_padding=\u00bb|||\u00bb global_colors_info=\u00bb{}\u00bb custom_padding__hover=\u00bb|||\u00bb][et_pb_text _builder_version=\u00bb4.16&#8243; global_colors_info=\u00bb{}\u00bb]<\/p>\n<h1><strong>Relaci\u00f3n de convenios suscritos por el SOIB<br \/><\/strong><\/h1>\n<p>[\/et_pb_text][\/et_pb_column][\/et_pb_row][\/et_pb_section][et_pb_section fb_built=\u00bb1&#8243; _builder_version=\u00bb4.16&#8243; custom_padding=\u00bb25px|0px|54px|0px\u00bb global_colors_info=\u00bb{}\u00bb][et_pb_row _builder_version=\u00bb4.16&#8243; global_colors_info=\u00bb{}\u00bb][et_pb_column type=\u00bb4_4&#8243; _builder_version=\u00bb4.16&#8243; custom_padding=\u00bb|||\u00bb global_colors_info=\u00bb{}\u00bb custom_padding__hover=\u00bb|||\u00bb][et_pb_text _builder_version=\u00bb4.16&#8243; global_colors_info=\u00bb{}\u00bb]<\/p>\n<p>El art\u00edculo 21.2 de la Ley 4\/2011, de 31 de marzo, de la buena administraci\u00f3n y del buen gobierno de las Illes Baleare, dispone que los \u00f3rganos de la Administraci\u00f3n de la Comunidad Aut\u00f3noma de las Illes Balears y los entes del sector p\u00fablico instrumental auton\u00f3mico tienen que hacer p\u00fablica, en la p\u00e1gina web institucional y en los primeros veinte d\u00edas de los meses de enero, mayo y septiembre de cada a\u00f1o, una relaci\u00f3n de los convenios suscritos referida al cuatrimestre anterior, sin perjuicio de la inscripci\u00f3n al Registro de convenios y acuerdos.<\/p>\n<p><\/p>\n<p>La informaci\u00f3n se tiene que mantener disponible en Internet durante todo el ejercicio presupuestario y tambi\u00e9n tiene que estar la informaci\u00f3n referida en el ejercicio inmediatamente anterior.<\/p>\n<p>[\/et_pb_text][et_pb_accordion open_toggle_text_color=\u00bb#474747&#8243; closed_toggle_text_color=\u00bb#cb023e\u00bb icon_color=\u00bb#cb023e\u00bb disabled_on=\u00bboff|off|off\u00bb _builder_version=\u00bb4.27.5&#8243; _module_preset=\u00bbdefault\u00bb toggle_text_color=\u00bb#cb023e\u00bb toggle_font=\u00bb|700|||||||\u00bb closed_toggle_font=\u00bb|600|||||||\u00bb hover_enabled=\u00bb0&#8243; db_closeable=\u00bbon\u00bb global_colors_info=\u00bb{}\u00bb sticky_enabled=\u00bb0&#8243;][et_pb_accordion_item title=\u00bbConvenios suscritos el a\u00f1o 2025&#8243; open=\u00bbon\u00bb _builder_version=\u00bb4.27.5&#8243; _module_preset=\u00bbdefault\u00bb hover_enabled=\u00bb0&#8243; global_colors_info=\u00bb{}\u00bb sticky_enabled=\u00bb0&#8243;]<\/p>\n<p>Convenios suscritos en el <strong>tercer cuatrimestre del a\u00f1o 2025<\/strong>:<\/p>\n<ol>\n<li>Convenio entre el Ministerio de Educaci\u00f3n, Formaci\u00f3n Profesional y Deportes y la Comunidad Aut\u00f3noma de las Illes Balears para el funcionamiento del Centre de la Mar como Centro de Referencia Nacional\u00a0en el \u00e1rea profesional de N\u00e1utica de la familia profesional de Transporte y Mantenimiento de veh\u00edculos en el \u00e1mbito de la formaci\u00f3n profesional.<\/li>\n<li>Convenio de colaboraci\u00f3n entre la Fundaci\u00f3 Universitat-Empresa de les Illes Balears MP y el Servicio de Empleo de las Illes Balears (SOIB) para el desarrollo del programa Mayores Activos.<\/li>\n<\/ol>\n<p><a href=\"https:\/\/soib.es\/wp-content\/uploads\/2026\/01\/Relacion-convenios-subscritos-por-el-SOIB-tercer-cuatrimestre-ano-2025-BOIB.pdf\"><span style=\"color: #cb023e;\">Resoluci\u00f3n de la consejera de Trabajo, Funci\u00f3n P\u00fablica y Di\u00e1logo Social, y presidenta del Servicio de Empleo de las Illes Balears (SOIB), por la que se publica la relaci\u00f3n de convenios de colaboraci\u00f3n que ha suscrito el Servicio de Empleo de las Illes Balears (SOIB) en el tercer cuatrimestre del a\u00f1o 2025<\/span><\/a><\/p>\n<p>Convenios suscritos en el<strong> segundo cuatrimestre del a\u00f1o <\/strong><strong> 2025<\/strong>:<\/p>\n<ol>\n<li>Convenio de colaboraci\u00f3 entre la Conselleria de Educaci\u00f3n y Universidades y el Servicio de Empleo de las Illes Balears (SOIB) para organizar una convocatoria anual de pruebas de idiomas para el alumnado de formaci\u00f3n en el trabajo de los centros propios del SOIB.<\/li>\n<li>Convenio de colaboraci\u00f3 entre la Conselleria de Educaci\u00f3n y Universidades y el Servicio de Empleo de las Illes Balears (SOIB) para la cesi\u00f3n de uso gratuita de instalaciones en el IES Isidor Macabich.<\/li>\n<li>Adenda de modificaci\u00f3n del Convenio de colaboraci\u00f3n espec\u00edfico entre la Universidad de las Illes Balears y el Servicio de Empleo<br \/>de las Illes Balears para la realizaci\u00f3n de pr\u00e1cticas academicas externas curriculares de estudiantes de los grados de Educaci\u00f3n Social<br \/>y Pedagog\u00eda y del M\u00e1ster Universitario de Gesti\u00f3n de Recursos Humanos, Intervenci\u00f3n Psicol\u00f3gica y Pedag\u00f3gica de la UIB<\/li>\n<\/ol>\n<p><span style=\"color: #cb023e;\"><a style=\"color: #cb023e;\" href=\"https:\/\/soib.es\/wp-content\/uploads\/2025\/09\/Resolucion-relacion-convenios-que-ha-subscrito-SOIB-segundo-cuatrimestre-ano-2025.pdf\" target=\"_blank\" rel=\"noopener\">Resoluci\u00f3n de la consejera de Trabajo, Funci\u00f3n P\u00fablica y Di\u00e1logo Social, y presidenta del Servicio de Empleo de las Illes Balears (SOIB), por la que se publica la relaci\u00f3n de convenios de colaboraci\u00f3n que ha suscrito el Servicio de Empleo de las Illes Balears (SOIB) en el segundo cuatrimestre del a\u00f1o 2025<\/a><\/span><\/p>\n<p>Convenios suscritos en el<strong> primer cuatrimestre del a\u00f1o <\/strong><strong> 2025<\/strong>:<\/p>\n<ol>\n<li>Adenda de modificaci\u00f3n del Convenio de colaboraci\u00f3n entre la Consejer\u00eda de Educaci\u00f3n y Universidades y el Servicio de Empleo de las Illes Balears (SOIB) para organizar una convocatoria anual de pruebas de idiomas para el alumnado de formaci\u00f3n profesional para el empleo de los centros propios del SOIB.<\/li>\n<\/ol>\n<p><span style=\"color: #cb023e;\"><a style=\"color: #cb023e;\" href=\"https:\/\/soib.es\/wp-content\/uploads\/2025\/05\/5.-BOIB-Relacion-convenios-primer-cuatrimestre-2025.pdf\" target=\"_blank\" rel=\"noopener\">Resoluci\u00f3n del Consejero de Empresa, Empleo y Energ\u00eda y Presidente del Servicio de Empleo de las Illes Balears (SOIB), por la que se publica la relaci\u00f3n de convenios de colaboraci\u00f3n que ha suscrito el Servicio de Empleo de las Illes Balears (SOIB) en el primer cuatrimestre del a\u00f1o 2025.<\/a><\/span><\/p>\n<p>[\/et_pb_accordion_item][et_pb_accordion_item title=\u00bbConvenios suscritos el a\u00f1o 2024&#8243; _builder_version=\u00bb4.27.4&#8243; _module_preset=\u00bbdefault\u00bb global_colors_info=\u00bb{}\u00bb open=\u00bboff\u00bb]<\/p>\n<p>Convenios suscritos en el<strong> tercer cuatrimestre del a\u00f1o <\/strong><strong> 2024<\/strong>:<\/p>\n<p><\/p>\n<ol>\n<li>Adenda de modificaci\u00f3n del convenio de colaboraci\u00f3n entre la Escuela de Hosteler\u00eda de las Illes Balears y el Servicio de Empleo de las Illes Balears para la cesi\u00f3n de uso gratuita de instalaciones en el SOIB.<\/li>\n<li>Convenio de colaboraci\u00f3n entre el Consejo Insular de Mallorca y el Servicio de Empleo de las Illes Balears (SOIB) para colaborar en el marco del proyecto \u00abCheque de capacitaci\u00f3n en energ\u00eda renovable y hidr\u00f3geno verde\u00bb, asociado al proyecto UNLOCK del programa Interreg Europe con el objeto de crear especialidades formativas orientadas a la adquisici\u00f3n y mejora de competencias profesionales relacionadas con las energ\u00edas renovables y el hidr\u00f3geno verde para personas desocupadas o trabajadores de las peque\u00f1as y medianas empresas.<\/li>\n<\/ol>\n<p><\/p>\n<p><span style=\"color: #cb023e;\"><a style=\"color: #cb023e;\" href=\"https:\/\/soib.es\/wp-content\/uploads\/2025\/01\/BOIB-convenios-SOIB-3r-cuatrimestre-2024-castellano.pdf\" target=\"_blank\" rel=\"noopener\">Resoluci\u00f3n del Consejero de Empresa, Empleo y Energ\u00eda y Presidente del Servicio de Empleo de las Illes Balears (SOIB), por la que se publica la relaci\u00f3n de convenios de colaboraci\u00f3n que ha suscrito el Servicio de Empleo de las Illes Balears (SOIB) en el tercer cuatrimestre del a\u00f1o 2024<\/a><\/span><\/p>\n<p><\/p>\n<p>Convenios suscritos en el<strong> segundo cuatrimestre del a\u00f1o <\/strong><strong> 2024<\/strong>:<\/p>\n<p><\/p>\n<ol>\n<li>Convenio de colaboraci\u00f3n entre el Instituto de Estad\u00edstica de las Illes Balears y el Servicio de Empleo de las Illes Balears para la transferencia al IBESTAT de datos corresponendientes al Sistema de Informaci\u00f3n de los Servicios P\u00fablicos de Empleo (SISPE).<\/li>\n<li>Convenio de colaboraci\u00f3n entre la Consejer\u00eda de Educaci\u00f3n y Universidades y el Servicio de Empleo de las Illes Balears (SOIB) para organizar una convocatoria anual de pruebas de idiomas para el alumnado de formaci\u00f3n en el trabajo de los centros propios del SOIB.<\/li>\n<li>Convenio de colaboraci\u00f3n espec\u00edfico entre la Universidad de las Illes Balears y el Servicio de Empleo de las Illes Balears para la realizaci\u00f3 de pr\u00e1cticas acad\u00e9micas externas curriculares de estudiantes de los grados de Educaci\u00f3n Social y Pedagog\u00eda y del M\u00e1ster Universitario de Gesti\u00f3n de Recursos Humanos, Intervenci\u00f3n Psicol\u00f3gica y Pedag\u00f3gica de la UIB.<\/li>\n<\/ol>\n<p><\/p>\n<p><span style=\"color: #cb023e;\"><a style=\"color: #cb023e;\" href=\"https:\/\/soib.es\/wp-content\/uploads\/2024\/09\/BOIB-segundo-cuatrimestre-2024.pdf\" target=\"_blank\" rel=\"noopener\">Resoluci\u00f3n del Consejero de Empresa, Empleo y Energ\u00eda y Presidente del Servicio de Empleo de las Illes Balears (SOIB), por la que se publica la relaci\u00f3n de convenios de colaboraci\u00f3n que ha suscrito el Servicio de Empleo de las Illes Balears (SOIB) en el segundo cuatrimestre del a\u00f1o 2024.<\/a><\/span><\/p>\n<p><\/p>\n<p>Convenios suscritos en el<strong> primer cuatrimestre del a\u00f1o <\/strong><strong> 2024<\/strong>:<\/p>\n<p><\/p>\n<ol>\n<li>Convenio de colaboraci\u00f3n entre la Escuela de Hosteler\u00eda de las Illes Balears y el Servicio de Empleo de las Illes Balears para la cesi\u00f3n de uso gratuita de instalaciones al SOIB<\/li>\n<\/ol>\n<p><\/p>\n<p><span style=\"color: #cb023e;\"><a style=\"color: #cb023e;\" href=\"https:\/\/soib.es\/wp-content\/uploads\/2024\/05\/BOIB-primer-cuatrimestre-2024.pdf\" target=\"_blank\" rel=\"noopener\">Resoluci\u00f3n del Consejero de Empresa, Empleo y Energ\u00eda y Presidente del Servicio de Empleo de las Illes Balears (SOIB), por la que se publica la relaci\u00f3n de convenios de colaboraci\u00f3n que ha suscrito el Servicio de Empleo de las Illes Balears (SOIB) en el primer cuatrimestre del a\u00f1o 2024.<\/a><\/span><\/p>\n<p>[\/et_pb_accordion_item][et_pb_accordion_item title=\u00bbConvenios suscritos el a\u00f1o 2023&#8243; _builder_version=\u00bb4.23.1&#8243; _module_preset=\u00bbdefault\u00bb global_colors_info=\u00bb{}\u00bb open=\u00bboff\u00bb]<\/p>\n<p>Convenios suscritos en el <strong>tercer cuatrimestre del a\u00f1o <\/strong><strong> 2023<\/strong>:<\/p>\n<p><\/p>\n<ol>\n<li>Convenio de colaboraci\u00f3n entre la Fundaci\u00f3n ASIMA y el Servicio de Empleo de las Illes Balears (SOIB) para la cesi\u00f3n de uso gratuito de instalaciones al Centre Integrat de Formaci\u00f3 Professional l\u2019Embat.<\/li>\n<li>Adenda de pr\u00f3rroga al Convenio de colaboraci\u00f3n entre la Fundaci\u00f3n ASIMA y el Servicio de Empleo de las Illes Balears (SOIB) para la cesi\u00f3n de uso gratuita de instalaciones al Centre Integrat de Formaci\u00f3 Professional l\u2019Embat de 19 de enero de 2023.<\/li>\n<\/ol>\n<p><\/p>\n<p><span style=\"color: #cb023e;\"><a style=\"color: #cb023e;\" href=\"https:\/\/soib.es\/wp-content\/uploads\/2024\/01\/BOIB-num.-8-de-16-de-enero-de-2024-castellano.pdf\" target=\"_blank\" rel=\"noopener\">Resoluci\u00f3n del Consejero de Empresa, Empleo y Energ\u00eda y Presidente del Servicio de Empleo de las Illes Balears (SOIB), por la que se publica la relaci\u00f3n de convenios de colaboraci\u00f3n que ha suscrito el Servicio de Empleo de las Illes Balears (SOIB) en el tercer cuatrimestre del a\u00f1o 2023.<\/a><\/span><\/p>\n<p><\/p>\n<p>Convenios suscritos en el<strong> segundo cuatrimestre del a\u00f1o <\/strong><strong> 2023<\/strong>:<\/p>\n<p><\/p>\n<ol>\n<li>Convenio de colaboraci\u00f3n entre la Consejer\u00eda de Educaci\u00f3n y Formaci\u00f3n Profesional i el Servicio de Empleo de las Illes Balears (SOIB) para organizar una convocatoria anual de pruebas de idiomas para el alumnado de formaci\u00f3n profesional para el empleo de los centros propios del SOIB.<\/li>\n<\/ol>\n<p><\/p>\n<p><span style=\"color: #cb023e;\"><a style=\"color: #cb023e;\" href=\"https:\/\/soib.es\/wp-content\/uploads\/2023\/09\/BOIB-num.-127-de-14.09.2023-castellano.pdf\" target=\"_blank\" rel=\"noopener\">Resoluci\u00f3n del Consejero de Empresa, Empleo y Energ\u00eda y Presidente del Servicio de Empleo de las Illes Balears (SOIB), por la que se publica la relaci\u00f3n de convenios de colaboraci\u00f3n que ha suscrito el Servicio de Empleo de las Illes Balears (SOIB) en el segundo cuatrimestre del a\u00f1o 2023.<\/a><\/span><\/p>\n<p><\/p>\n<p>Convenios suscritos en el<strong> primer cuatrimestre del a\u00f1o <\/strong><strong> 2023<\/strong>:<\/p>\n<p><\/p>\n<ol>\n<li>Convenio de colaboraci\u00f3n entre la Consejer\u00eda de Educaci\u00f3n y Formaci\u00f3n Profesional i el Servicio de Empleo de las Illes Balears (SOIB) para organizar una convocatoria anual de pruebas de idiomas para el alumnado de formaci\u00f3n profesional para el empleo de los centros propios del SOIB.<\/li>\n<\/ol>\n<p><\/p>\n<p><span style=\"color: #cb023e;\"><a style=\"color: #cb023e;\" href=\"https:\/\/soib.es\/wp-content\/uploads\/2023\/05\/BOIB-num.-60-de-11-de-mayo-de-2023-Relacion-convenios-1r-cuatrimestre.pdf\" target=\"_blank\" rel=\"noopener\">Resoluci\u00f3n del Consejero de Modelo Econ\u00f3mico, Turismo y Trabajo y Presidente del Servicio de Empleo de las Illes Balears (SOIB), de 8 de mayo de 2023, por la que se publica la relaci\u00f3n de convenios de colaboraci\u00f3n que ha suscrito el Servicio de Empleo de las Illes Balears (SOIB) en el primer cuatrimestre del a\u00f1o 2023.<\/a><\/span><\/p>\n<p>[\/et_pb_accordion_item][\/et_pb_accordion][et_pb_accordion open_toggle_text_color=\u00bb#474747&#8243; closed_toggle_text_color=\u00bb#cb023e\u00bb icon_color=\u00bb#cb023e\u00bb disabled_on=\u00bbon|on|on\u00bb _builder_version=\u00bb4.23.1&#8243; _module_preset=\u00bbdefault\u00bb toggle_text_color=\u00bb#cb023e\u00bb toggle_font=\u00bb|700|||||||\u00bb closed_toggle_font=\u00bb|600|||||||\u00bb db_closeable=\u00bbon\u00bb disabled=\u00bbon\u00bb global_colors_info=\u00bb{}\u00bb][et_pb_accordion_item title=\u00bbConvenis subscrits l&apos;any 2022&#8243; open=\u00bbon\u00bb _builder_version=\u00bb4.16&#8243; _module_preset=\u00bbdefault\u00bb global_colors_info=\u00bb{}\u00bb]<\/p>\n<p>Convenis subscrits en el <strong>tercer quadrimestre de l&#8217;any 2022<\/strong>:<\/p>\n<p><\/p>\n<ol>\n<li>Conveni entre la Universitat de les Illes Balears, l\u2019Institut d\u2019Estad\u00edstica de les Illes Balears i el Servei d\u2019Ocupaci\u00f3 de les Illes Balears per a l\u2019explotaci\u00f3 de dades amb la finalitat de realitzar l\u2019an\u00e0lisi de la inserci\u00f3 laboral dels universitaris de la UIB<\/li>\n<\/ol>\n<p><\/p>\n<p><span style=\"color: #cb023e;\"><a style=\"color: #cb023e;\" href=\"https:\/\/soib.es\/wp-content\/uploads\/2023\/01\/BOIB-numero-12-de-26-de-gener-de-2023-relacio-convenis.pdf\" target=\"_blank\" rel=\"noopener\">Resoluci\u00f3 del conseller de Model Econ\u00f2mic, Turisme i Treball, i president del Servei d\u2019Ocupaci\u00f3 de les Illes Balears (SOIB), de 23 de gener de 2023, per la qual es publica la relaci\u00f3 de convenis de col\u00b7laboraci\u00f3 que ha subscrit el Servei d\u2019Ocupaci\u00f3 de les Illes Balears (SOIB) en el tercer quadrimestre de l\u2019any 2022<\/a><\/span><\/p>\n<p><\/p>\n<p>Convenis subscrits en el <strong>segon quadrimestre de l&#8217;any 2022<\/strong>:<\/p>\n<p><\/p>\n<ol>\n<li>Conveni de col\u00b7laboraci\u00f3 entre la Universitat de les Illes Balears i el Servei d\u2019Ocupaci\u00f3 de les Illes Balears per a la realitzaci\u00f3 de pr\u00e0ctiques acad\u00e8miques externes curriculars i extracurriculars d\u2019estudiants de grau i postgrau de t\u00edtols oficials i propis de la UIB<\/li>\n<\/ol>\n<p><\/p>\n<p><a href=\"https:\/\/soib.es\/wp-content\/uploads\/2022\/09\/BOIB-num.-118-de-8.9.2022.pdf\" target=\"_blank\" rel=\"noopener\"><span style=\"color: #cb023e;\">Resoluci\u00f3 del conseller de Model Econ\u00f2mic, Turisme i Treball, i president del Servei d\u2019Ocupaci\u00f3 de les Illes Balears (SOIB), de 5 de setembre de 2022, per la qual es publica la relaci\u00f3 de convenis de col\u00b7laboraci\u00f3 que ha subscrit el Servei d\u2019Ocupaci\u00f3 de les Illes Balears (SOIB) en el segon quadrimestre de l\u2019any 2022<\/span><\/a><\/p>\n<p><\/p>\n<p>Convenis subscrits en el <strong>primer quadrimestre de l&#8217;any 2022<\/strong>:<\/p>\n<p><\/p>\n<ol>\n<li>Conveni de col\u00b7laboraci\u00f3 entre la Fundaci\u00f3 Balear d\u2019Innovaci\u00f3 i Tecnologia (CentreBit Menorca) i el Servei d\u2019Ocupaci\u00f3 de les Illes Balears (Centre de la Mar) per a la utilitzaci\u00f3 de l\u2019espai d\u2019experimentaci\u00f3 industrial (FABLAB).<\/li>\n<li>Conveni de col\u00b7laboraci\u00f3 entre l\u2019Escola Balear d\u2019Administraci\u00f3 P\u00fablica i el Servei d\u2019Ocupaci\u00f3 de les Illes Balears en relaci\u00f3 al Pla de Formaci\u00f3 Permanent per al Personal Empleat P\u00fablic del Servei d\u2019Ocupaci\u00f3 de les Illes Balears (SOIB) corresponent als anys 2022-2023, en el marc del Pla de Recuperaci\u00f3, Transformaci\u00f3 i Resili\u00e8ncia (PRTR).<\/li>\n<\/ol>\n<p><\/p>\n<p><a href=\"https:\/\/soib.es\/wp-content\/uploads\/2022\/06\/BOIB-Num.-73-de-4-de-juny-de-2022-catala-primer-quadrimestre-2022.pdf\" target=\"_blank\" rel=\"noopener\"><span style=\"color: #cb023e;\">Resoluci\u00f3 del conseller de Model Econ\u00f2mic, Turisme i Treball, i president del Servei d\u2019Ocupaci\u00f3 de les Illes Balears (SOIB), de 25 maig de 2022, per la qual es publica la relaci\u00f3 de convenis de col\u00b7laboraci\u00f3 que ha subscrit el Servei d\u2019Ocupaci\u00f3 de les Illes Balears (SOIB) en el primer quadrimestre de l\u2019any 2022<\/span><\/a><\/p>\n<p>[\/et_pb_accordion_item][et_pb_accordion_item title=\u00bbConvenis subscrits l&apos;any 2021&#8243; _builder_version=\u00bb4.16&#8243; _module_preset=\u00bbdefault\u00bb global_colors_info=\u00bb{}\u00bb open=\u00bboff\u00bb]<\/p>\n<p>Convenis subscrits en el <strong>tercer quadrimestre de l&#8217;any 2021<\/strong>:<\/p>\n<p><\/p>\n<ol>\n<li>Acord de col\u00b7laboraci\u00f3 entre la Conselleria d\u2019Afers Socials i Esports i el servei d\u2019Ocupaci\u00f3 de les Illes Balears (SOIB) per establir un protocol d\u2019actuaci\u00f3 per a la derivaci\u00f3 de les persones menors d\u2019edat i joves que estiguin complint una mesura de just\u00edcia juvenil al servei Soib Jove Orientaci\u00f3.<\/li>\n<li>Conveni de col\u00b7laboraci\u00f3 entre l&#8217;Institut d&#8217;Innovaci\u00f3 Empresarial de les Illes Balears i el Servei d&#8217;Ocupaci\u00f3 de les Illes Balears per a la prestaci\u00f3 d\u2019un servei d\u2019assessorament per a l\u2019autoocupaci\u00f3 i l\u2019emprenedoria.<\/li>\n<li>Conveni de col\u00b7laboraci\u00f3 entre la Conselleria d\u2019Educaci\u00f3 i Formaci\u00f3 Professional i el Servei d\u2019Ocupaci\u00f3 de les Illes Balears (SOIB) per organitzar una convocat\u00f2ria anual de proves d\u2019idiomes per a l\u2019alumnat de formaci\u00f3 professional per a l\u2019ocupaci\u00f3 dels centres propis del SOIB.<\/li>\n<\/ol>\n<p><\/p>\n<p><span style=\"color: #cb023e;\"><a style=\"color: #cb023e;\" href=\"https:\/\/soib.es\/wp-content\/uploads\/2022\/01\/BOIB-numero-14-de-27.01.2022.pdf\" target=\"_blank\" rel=\"noopener\">Resoluci\u00f3 del conseller de Model Econ\u00f2mic, Turisme i Treball, president del Servei d\u2019Ocupaci\u00f3 de les Illes Balears (SOIB), de 17 de gener de 2022, per la qual es publica la relaci\u00f3 de convenis de col\u00b7laboraci\u00f3 que ha subscrit el Servei d\u2019Ocupaci\u00f3 de les Illes Balears (SOIB) en el tercer quadrimestre de l\u2019any 2021<\/a><\/span>.<\/p>\n<p><\/p>\n<p>En el <strong>segon quadrimestre de l&#8217;any 2021<\/strong> no es va subscriure cap conveni.<\/p>\n<p><\/p>\n<p>En el <strong>primer quadrimestre de l&#8217;any 2021<\/strong> no es va subscriure cap conveni.<\/p>\n<p>[\/et_pb_accordion_item][et_pb_accordion_item title=\u00bbConvenis subscrits l&apos;any 2020&#8243; _builder_version=\u00bb4.16&#8243; _module_preset=\u00bbdefault\u00bb global_colors_info=\u00bb{}\u00bb open=\u00bboff\u00bb]<\/p>\n<p>Convenis subscrits en el <strong>tercer quadrimestre de l&#8217;any 2020<\/strong>:<\/p>\n<p><\/p>\n<ol>\n<li>Conveni de col\u00b7laboraci\u00f3 entre la Conselleria d\u2019Educaci\u00f3, Universitat i Recerca i el Servei d\u2019Ocupaci\u00f3 de les Illes Balears (SOIB) per organitzar una convocat\u00f2ria anual de proves per als alumnes de formaci\u00f3 professional per a l\u2019ocupaci\u00f3 dels centres propis.<\/li>\n<li>Conveni de col\u00b7laboraci\u00f3 entre el Servei P\u00fablic d\u2019Ocupaci\u00f3 Estatal, el Ministeri d\u2019Educaci\u00f3 i Formaci\u00f3 Professional i la Comunitat Aut\u00f2noma de Illes Balears pel qual s\u2019aprova el Pla d\u2019Actuaci\u00f3 Plurianual 2019-2022 del Centre de Referencia Nacional de N\u00e0utica de la fam\u00edlia professional de transport i manteniment de vehicles en el \u00e0mbit de la formaci\u00f3 professional.<\/li>\n<li>Conveni de col\u00b7laboraci\u00f3 entre el Servei d\u2019Ocupaci\u00f3 de les Illes Balears i el Consell Insular de Menorca per executar els programes d\u2019inserci\u00f3 laboral (processos d\u2019acompanyament a l\u2019ocupaci\u00f3) de la renda m\u00ednima d\u2019inserci\u00f3 per a l\u2019any 2020.<\/li>\n<\/ol>\n<p><\/p>\n<p><span style=\"color: #cb023e;\"><a style=\"color: #cb023e;\" href=\"https:\/\/www.caib.es\/eboibfront\/ca\/2021\/11329\/644102\/resolucio-del-conseller-de-model-economic-turisme-\" target=\"_blank\" rel=\"noopener\">Resoluci\u00f3 del conseller de Model Econ\u00f2mic, Turisme i Treball, president del Servei d\u2019Ocupaci\u00f3 de les Illes Balears (SOIB), de 13 de gener de 2021, per la qual es publica la relaci\u00f3 de convenis de col\u00b7laboraci\u00f3 que ha subscrit el Servei d\u2019Ocupaci\u00f3 de les Illes Balears (SOIB) en el tercer quadrimestre de l\u2019any 2020<\/a><\/span>.<\/p>\n<p><\/p>\n<p>Convenis subscrits en el <strong>segon quadrimestre de l&#8217;any 2020<\/strong>:<\/p>\n<p><\/p>\n<ol>\n<li>Conveni de col\u00b7laboraci\u00f3 entre el Servei d\u2019Ocupaci\u00f3 de les Illes Balears i el Consell Insular de Formentera per executar els programes d\u2019inserci\u00f3 laboral (processos d\u2019acompanyament a l\u2019ocupaci\u00f3) de la renda m\u00ednima d\u2019inserci\u00f3 per a l\u2019any 2020.<\/li>\n<li>Conveni de col\u00b7laboraci\u00f3 entre el Servei d\u2019Ocupaci\u00f3 de les Illes Balears i el Consell de Mallorca per executar els programes d\u2019inserci\u00f3 laboral (processos d\u2019acompanyament a l\u2019ocupaci\u00f3) de la renda m\u00ednima d\u2019inserci\u00f3 per a l\u2019any 2020.<\/li>\n<\/ol>\n<p><\/p>\n<p style=\"padding-left: 40px;\"><span style=\"color: #cb023e;\"><a style=\"color: #cb023e;\" href=\"http:\/\/www.caib.es\/eboibfront\/ca\/2020\/11260\/638848\/resolucio-del-conseller-de-model-economic-turisme-\" target=\"_blank\" rel=\"noopener noreferrer\">Resoluci\u00f3 del conseller de Model Econ\u00f2mic, Turisme i Treball, president del Servei d\u2019Ocupaci\u00f3 de les Illes Balears (SOIB), de 14 de setembre de 2020, per la qual es publica la relaci\u00f3 de convenis de col\u00b7laboraci\u00f3 que ha subscrit el Servei d\u2019Ocupaci\u00f3 de les Illes Balears (SOIB) en el segon quadrimestre de l\u2019any 2020.<\/a> <\/span><\/p>\n<p><\/p>\n<p>En el <strong>primer quadrimestre de l&#8217;any 2020<\/strong> no es va subscriure cap conveni.<\/p>\n<p>[\/et_pb_accordion_item][et_pb_accordion_item title=\u00bbConvenis subscrits l&apos;any 2019&#8243; _builder_version=\u00bb4.16&#8243; _module_preset=\u00bbdefault\u00bb global_colors_info=\u00bb{}\u00bb open=\u00bboff\u00bb]<\/p>\n<p>Convenis subscrits en el <strong>tercer quadrimestre de l&#8217;any 2019<\/strong>:<\/p>\n<p><\/p>\n<ol>\n<li>Conveni entre el Servei P\u00fablic d\u2019Ocupaci\u00f3 Estatal, el Ministeri d\u2019Educaci\u00f3 i Formaci\u00f3 Professional i la Comunitat Aut\u00f2noma de les Illes Balears, per a la creaci\u00f3 del Centre de refer\u00e8ncia Nacional a l\u2019\u00c0rea Professional de N\u00e0utica de la fam\u00edlia professional de transport i manteniment de vehicles en l\u2019\u00e0mbit de la Formaci\u00f3 Professional.<\/li>\n<li>Conveni de col\u00b7laboraci\u00f3 entre l\u2019Ajuntament de Santa Eul\u00e0ria des Riu i el Servei d\u2019Ocupaci\u00f3 de les Illes Balears per a la reforma d\u2019un local situat al municipi de Santa Eul\u00e0ria des Riu per destinar-lo a oficina d\u2019atenci\u00f3 al p\u00fablic destinada al foment de l\u2019ocupaci\u00f3.<\/li>\n<\/ol>\n<p><\/p>\n<p style=\"padding-left: 40px;\"><a href=\"https:\/\/www.caib.es\/eboibfront\/ca\/2020\/11113\/631523\/resolucio-del-conseller-de-model-economic-turisme-\" target=\"_blank\" rel=\"noopener noreferrer\"><span style=\"color: #cb023e;\">Resoluci\u00f3 del conseller de Model Econ\u00f2mic, Turisme i Treball i president del Servei d\u2019Ocupaci\u00f3 de les Illes Balears (SOIB), de 27 de gener de 2020, per la qual es publica la relaci\u00f3 de convenis de col\u00b7laboraci\u00f3 que ha subscrit el Servei d\u2019Ocupaci\u00f3 de les Illes Balears (SOIB) en el tercer quadrimestre de l\u2019any 2019.<\/span><\/a><\/p>\n<p><\/p>\n<p>Convenis subscrits en el <strong>segon quadrimestre de l&#8217;any 2019<\/strong>:<\/p>\n<p><\/p>\n<ol>\n<li>Conveni de col\u00b7laboraci\u00f3 entre el Servei d\u2019Ocupaci\u00f3 de les Illes Balears i el Consell Insular de Formentera per executar els programes d\u2019inserci\u00f3 laboral (processos d\u2019acompanyament a l\u2019ocupaci\u00f3) de la renda m\u00ednima d\u2019inserci\u00f3 per a l\u2019any 2019.<\/li>\n<li>Conveni de col\u00b7laboraci\u00f3 entre el Servei d\u2019Ocupaci\u00f3 de les Illes Balears i el Consell de Mallorca per executar els programes d\u2019inserci\u00f3 laboral (processos d\u2019acompanyament a l\u2019ocupaci\u00f3) de la renda m\u00ednima d\u2019inserci\u00f3 per a l\u2019any 2019.<\/li>\n<li>Conveni de col\u00b7laboraci\u00f3 entre el Servei d\u2019Ocupaci\u00f3 de les Illes Balears i el Consell Insular de Menorca per executar els programes d\u2019inserci\u00f3 laboral (processos d\u2019acompanyament a l\u2019ocupaci\u00f3) de la renda m\u00ednima d\u2019inserci\u00f3 per a l\u2019any 2019.<\/li>\n<\/ol>\n<p><\/p>\n<p><a href=\"http:\/\/www.caib.es\/eboibfront\/ca\/2019\/11050\/626295\/resolucio-del-conseller-de-model-economic-turisme-\" target=\"_blank\" rel=\"noopener noreferrer\"><span style=\"color: #cb023e;\">Resoluci\u00f3 del conseller de Model Econ\u00f2mic, Turisme i Treball i president del Servei d\u2019Ocupaci\u00f3 de les Illes Balears (SOIB), de 13 de setembre de 2019.<\/span><\/a><\/p>\n<p><\/p>\n<p>Convenis subscrits en el <strong>primer quadrimestre de l&#8217;any 2019<\/strong>:<\/p>\n<p><\/p>\n<ol>\n<li>Conveni de col\u00b7laboraci\u00f3 entre el Servei d\u2019Ocupaci\u00f3 de les Illes Balears (SOIB) i la Fundaci\u00f3 Universitat &#8211; Empresa de les Illes Balears (FUEIB) per dur a terme el proc\u00e9s de selecci\u00f3 de candidats per incentivar la contractaci\u00f3 de joves desocupats amb estudis superiors a les Illes Balears dins el Programa SOIB-JOVE-QUALIFICATS SECTOR P\u00daBLIC.<\/li>\n<\/ol>\n<p><\/p>\n<p style=\"padding-left: 40px;\"><a href=\"http:\/\/www.caib.es\/eboibfront\/ca\/2019\/10988\/622077\/resolucio-del-conseller-de-treball-comerc-i-indust\" target=\"_blank\" rel=\"noopener noreferrer\"><span style=\"color: #cb023e;\">Resoluci\u00f3 del conseller de Treball, Comer\u00e7 i Ind\u00fastria de 14 de maig de 2019.<\/span><\/a><\/p>\n<p>[\/et_pb_accordion_item][et_pb_accordion_item title=\u00bbConvenis subscrits l&apos;any 2018&#8243; _builder_version=\u00bb4.16&#8243; _module_preset=\u00bbdefault\u00bb global_colors_info=\u00bb{}\u00bb open=\u00bboff\u00bb]<\/p>\n<div>Convenis subscrits en el<strong> tercer quadrimestre de l&#8217;any 2018<\/strong>:<\/div>\n<p><\/p>\n<ol>\n<li>Conveni de col\u00b7laboraci\u00f3 entre el Servei d\u2019Ocupaci\u00f3 de les Illes Balears i el Consell Insular de Formentera per executar els programes d\u2019inserci\u00f3 laboral (processos d\u2019acompanyament a l\u2019ocupaci\u00f3) de la renda m\u00ednima d\u2019inserci\u00f3 per a l\u2019any 2018.<\/li>\n<li>Conveni de col\u00b7laboraci\u00f3 entre el Servei d\u2019Ocupaci\u00f3 de les Illes Balears i el Consell de Mallorca per executar els programes d\u2019inserci\u00f3 laboral (processos d\u2019acompanyament a l\u2019ocupaci\u00f3) de la renda m\u00ednima d\u2019inserci\u00f3 per a l\u2019any 2018.<\/li>\n<li>Conveni de col\u00b7laboraci\u00f3 entre el Servei d\u2019Ocupaci\u00f3 de les Illes Balears i el Consell Insular de Menorca per executar els programes d\u2019inserci\u00f3 laboral (processos d\u2019acompanyament a l\u2019ocupaci\u00f3) de la renda m\u00ednima d\u2019inserci\u00f3 per a l\u2019any 2018.<\/li>\n<\/ol>\n<p><\/p>\n<div>\n<p style=\"padding-left: 40px;\"><span style=\"color: #cb023e;\"><a style=\"color: #cb023e;\" href=\"http:\/\/www.caib.es\/eboibfront\/ca\/2019\/10934\/618070\/resolucio-del-conseller-de-treball-comerc-i-indust\" target=\"_blank\" rel=\"noopener noreferrer\">Resoluci\u00f3 del conseller de Treball, Comer\u00e7 i Ind\u00fastria i president del Servei d\u2019Ocupaci\u00f3 de les Illes Balears (SOIB), de 23 de gener de 2019<\/a>.<\/span><\/p>\n<\/div>\n<p><\/p>\n<p>&nbsp;<\/p>\n<p><\/p>\n<p>En el <strong>segon quadrimestre de l&#8217;any 2018<\/strong> no es va subscriure cap conveni.<\/p>\n<p><\/p>\n<p>En el <strong>primer quadrimestre de l&#8217;any 2018 <\/strong>no es va subscriure cap conveni.<\/p>\n<p>[\/et_pb_accordion_item][et_pb_accordion_item title=\u00bbConvenis subscrits l&apos;any 2017&#8243; _builder_version=\u00bb4.16&#8243; _module_preset=\u00bbdefault\u00bb global_colors_info=\u00bb{}\u00bb open=\u00bboff\u00bb]<\/p>\n<p>Convenis subscrits en el<strong> tercer quadrimestre de l\u2019any 2017<\/strong>:<\/p>\n<p><\/p>\n<ol>\n<li>Conveni de col\u00b7laboraci\u00f3 entre el Servei d\u2019Ocupaci\u00f3 de les Illes Balears i el Consell Insular de Mallorca per executar els programes d&#8217;inserci\u00f3 laboral (processos d&#8217;acompanyament a l&#8217;ocupaci\u00f3) de la renda m\u00ednima d&#8217;inserci\u00f3 per a l&#8217;any 2017.<\/li>\n<\/ol>\n<p><\/p>\n<p style=\"padding-left: 40px;\"><a href=\"http:\/\/www.caib.es\/eboibfront\/ca\/2018\/10766\/604508\/resolucio-del-conseller-de-treball-comerc-i-indust\" target=\"_blank\" rel=\"noopener noreferrer\"><span style=\"color: #cb023e;\">Resoluci\u00f3 del conseller de Treball, Comer\u00e7 i Ind\u00fastria i president del Servei d\u2019Ocupaci\u00f3 de les Illes Balears (SOIB), de 16 de gener de 2018.<\/span><\/a><\/p>\n<p><\/p>\n<p>Convenis subscrits en el <strong>segon quadrimestre de l\u2019any 2017<\/strong>:<\/p>\n<p><\/p>\n<ol>\n<li>Conveni entre el Servei d\u2019Ocupaci\u00f3 de les Illes Balears i el Centre Balears Europa per dur a terme una col\u00b7laboraci\u00f3 en la selecci\u00f3 de persones bec\u00e0ries per fer pr\u00e0ctiques no laborals a l\u2019oficina del Consorci a Brussel\u00b7les.<\/li>\n<li>Conveni de col\u00b7laboraci\u00f3 entre el Servei d\u2019Ocupaci\u00f3 de les Illes Balears (SOIB) i la Fundaci\u00f3 Universitat Empresa de les Illes Balears (FUEIB) per dur a terme el proc\u00e9s de selecci\u00f3 de candidats per incentivar la contractaci\u00f3 de joves desocupats amb estudis superiors a les Illes Balears dins el Programa SOIB JOVE-QUALIFICATS SECTOR P\u00daBLIC.<\/li>\n<li>Conveni de col\u00b7laboraci\u00f3 entre el SOIB i el Consell Insular de Formentera per executar els programes d\u2019inserci\u00f3 laboral (processos d\u2019acompanyament a l\u2019ocupaci\u00f3) de la renda m\u00ednima d\u2019inserci\u00f3 per a l\u2019any 2017.<\/li>\n<li>Conveni de col\u00b7laboraci\u00f3 entre el SOIB i el Consell Insular de Menorca per executar els programes d\u2019inserci\u00f3 laboral (processos d\u2019acompanyament a l\u2019ocupaci\u00f3) de la renda m\u00ednima d\u2019inserci\u00f3 per a l\u2019any 2017.<\/li>\n<\/ol>\n<p><\/p>\n<p style=\"padding-left: 40px;\"><a href=\"http:\/\/www.caib.es\/eboibfront\/pdf\/VisPdf?action=VisEdicte&amp;idDocument=988986&amp;lang=ca\" target=\"_blank\" rel=\"noopener noreferrer\"><span style=\"color: #cb023e;\">Resoluci\u00f3 del conseller de Treball, Comer\u00e7 i Ind\u00fastria i president del Servei d\u2019Ocupaci\u00f3 de les Illes<\/span><br \/><span style=\"color: #cb023e;\">Balears (SOIB), de 7 de setembre de 2017.<\/span><\/a><\/p>\n<p><\/p>\n<p>Convenis subscrits en el <strong>primer quadrimestre de l\u2019any 2017<\/strong>:<\/p>\n<p><\/p>\n<ol>\n<li>Conveni Marc de col\u00b7laboraci\u00f3 entre el Servei d\u2019Ocupaci\u00f3 de les Illes Balears i la Fundaci\u00f3 Telef\u00f2nica per impulsar l\u2019ocupaci\u00f3 jove digital.<\/li>\n<li>Addenda al conveni\u00a0 marc de col\u00b7laboraci\u00f3 entre el Servei d\u2019Ocupaci\u00f3 de les Illes Balears i Fundaci\u00f3 Telef\u00f2nica per impulsar l&#8217;ocupaci\u00f3 jove digital.<\/li>\n<\/ol>\n<p><\/p>\n<p style=\"padding-left: 40px;\"><a href=\"http:\/\/www.caib.es\/eboibfront\/pdf\/VisPdf?action=VisEdicte&amp;idDocument=980343&amp;lang=ca\" target=\"_blank\" rel=\"noopener noreferrer\"><span style=\"color: #cb023e;\">Resoluci\u00f3 del conseller de Treball, Comer\u00e7 i Industria, president del Servei d\u2019Ocupaci\u00f3 de les Illes<\/span><br \/><span style=\"color: #cb023e;\">Balears (SOIB), de 19 de maig de 2017.<\/span><\/a><\/p>\n<p>[\/et_pb_accordion_item][et_pb_accordion_item title=\u00bbConvenis subscrits l&apos;any 2016&#8243; _builder_version=\u00bb4.16&#8243; _module_preset=\u00bbdefault\u00bb global_colors_info=\u00bb{}\u00bb open=\u00bboff\u00bb]<\/p>\n<p>En el <strong>tercer quadrimestre de l&#8217;any 2016<\/strong> no es va subscriure cap conveni.<\/p>\n<p><\/p>\n<p>Convenis subscrits en el <strong>segon quadrimestre de l\u2019any 2016<\/strong>:<strong><br \/><\/strong><\/p>\n<p><\/p>\n<ol>\n<li>Conveni de col\u00b7laboraci\u00f3 entre el Servei d\u2019Ocupaci\u00f3 de les Illes Balears i l\u2019ONCE per afavorir la inserci\u00f3 laboral de persones desocupades amb discapacitat a les Illes Balears i inscrites a les oficines del Servei d\u2019Ocupaci\u00f3 de les lles Balears dins la plantilla de venedors dels productes de joc propis de l\u2019ONCE.<\/li>\n<li>Conveni de col\u00b7laboraci\u00f3 entre el Servei d\u2019Ocupaci\u00f3 de les Illes Balears i IC Serveis per la inserci\u00f3 laboral de persones amb discapacitat.<\/li>\n<li>Conveni de col\u00b7laboraci\u00f3 entre el Servei d\u2019Ocupaci\u00f3 de les Illes Balears i l\u2019empresa Carrefour Property Espa\u00f1a, SLU mitjan\u00e7ant el qual es fitxen els compromisos a assumir per cada part en l\u2019\u00e0mbit de la intermediaci\u00f3 laboral i la formaci\u00f3 professional per a l&#8217;ocupaci\u00f3.<\/li>\n<li>Conveni de col\u00b7laboraci\u00f3 amb el Consell Insular de Formentera per executar els programes d\u2019inserci\u00f3 laboral (processos d\u2019acompanyament a l\u2019ocupaci\u00f3) de la renda m\u00ednima d\u2019inserci\u00f3 per a l\u2019any 2016.<\/li>\n<li>Conveni de col\u00b7laboraci\u00f3\u00a0 amb el Consell Insular de Menorca per executar els programes d\u2019inserci\u00f3 laboral (processos d\u2019acompanyament a l\u2019ocupaci\u00f3) de la renda m\u00ednima d\u2019inserci\u00f3 per a l\u2019any 2016.<\/li>\n<\/ol>\n<p><\/p>\n<p style=\"padding-left: 40px;\"><a href=\"http:\/\/www.caib.es\/eboibfront\/pdf\/VisPdf?action=VisEdicte&amp;idDocument=960307&amp;lang=ca\" target=\"_blank\" rel=\"noopener noreferrer\"><span style=\"color: #cb023e;\">Resoluci\u00f3 del conseller de Treball, Comer\u00e7 i Industria, president del Servei d\u2019Ocupaci\u00f3 de les Illes<\/span><br \/><span style=\"color: #cb023e;\">Balears (SOIB), de 8 de setembre de 2016.<\/span><\/a><\/p>\n<p><\/p>\n<p>En el <strong>primer quadrimestre de l&#8217;any 2016<\/strong> no es va subscriure cap conveni.<\/p>\n<p>[\/et_pb_accordion_item][et_pb_accordion_item title=\u00bbConvenis subscrits l&apos;any 2015&#8243; _builder_version=\u00bb4.16&#8243; _module_preset=\u00bbdefault\u00bb global_colors_info=\u00bb{}\u00bb open=\u00bboff\u00bb]<\/p>\n<p>Convenis subscrits en el<strong> tercer quadrimestre de l\u2019any 2015<\/strong>:<\/p>\n<p><\/p>\n<ol>\n<li>Conveni de col\u00b7laboraci\u00f3 entre el Servei d\u2019Ocupaci\u00f3 de les Illes Balears i el Consell de Mallorca per executar els programes d\u2019inserci\u00f3 laboral (processos d\u2019acompanyament a l\u2019ocupaci\u00f3) de la renda m\u00ednima d\u2019inserci\u00f3 per a l\u2019any 2015.<\/li>\n<li>Conveni de col\u00b7laboraci\u00f3 entre el Servei d\u2019Ocupaci\u00f3 de les Illes Balears i el Consell Insular de Menorca per executar els programes d\u2019inserci\u00f3 laboral (processos d\u2019acompanyament a l\u2019ocupaci\u00f3) de la renda m\u00ednima d\u2019inserci\u00f3 per a l\u2019any 2015.<\/li>\n<li>Conveni de col\u00b7laboraci\u00f3 entre el Servei d\u2019Ocupaci\u00f3 de les Illes Balears i el Consell Insular de Formentera per executar els programes d\u2019inserci\u00f3 laboral (processos d\u2019acompanyament a l\u2019ocupaci\u00f3) de la renda m\u00ednima d\u2019inserci\u00f3 per a l\u2019any 2015.<\/li>\n<\/ol>\n<p><\/p>\n<p style=\"padding-left: 40px;\"><a href=\"http:\/\/www.caib.es\/eboibfront\/pdf\/VisPdf?action=VisEdicte&amp;idDocument=940276&amp;lang=ca\" target=\"_blank\" rel=\"noopener noreferrer\"><span style=\"color: #cb023e;\">Resoluci\u00f3 del conseller de Treball, Comer\u00e7 i Industria, president del Servei d\u2019Ocupaci\u00f3 de les Illes<\/span><br \/><span style=\"color: #cb023e;\">Balears (SOIB), de 13 de gener de 2016.<\/span><\/a><\/p>\n<p><\/p>\n<p>En el <strong>segon quadrimestre de l&#8217;any 2015 <\/strong>no es va subscriure cap conveni.<\/p>\n<p><\/p>\n<p>Convenis subscrits en el <strong>primer quadrimestre de l\u2019any 2015<\/strong>:<\/p>\n<p><\/p>\n<ol>\n<li>Conveni de col\u00b7laboraci\u00f3 entre el Servei d\u2019Ocupaci\u00f3 de les Illes Balears i la Federaci\u00f3 Empresarial Hotelera de Mallorca en l\u2019\u00e0mbit de la intermediaci\u00f3 laboral, la formaci\u00f3 i el foment i manteniment de l\u2019ocupaci\u00f3 de les persones majors de 45 anys.<\/li>\n<li>Acord de col\u00b7laboraci\u00f3 entre el Servei d\u2019Ocupaci\u00f3 de les Illes Balears i l\u2019empresa Carrefour Property Espa\u00f1a, SLU mitjan\u00e7ant el qual es fixen els compromisos que ha d\u2019assumir cada part en relaci\u00f3 amb la gesti\u00f3 d\u2019ofertes de feina per part del Servei d\u2019Intermediaci\u00f3 Laboral del SOIB.\u00a0<\/li>\n<\/ol>\n<p><\/p>\n<p style=\"padding-left: 40px;\"><a href=\"http:\/\/www.caib.es\/eboibfront\/pdf\/VisPdf?action=VisEnviament&amp;idEnviament=564091&amp;lang=ca\" target=\"_blank\" rel=\"noopener noreferrer\"><span style=\"color: #cb023e;\">Resoluci\u00f3 del conseller d\u2019Economia i Competitivitat, president del Servei d\u2019Ocupaci\u00f3 de les Illes<\/span><br \/><span style=\"color: #cb023e;\">Balears (SOIB), de 5 de maig de 2015.<\/span><\/a><\/p>\n<p>[\/et_pb_accordion_item][\/et_pb_accordion][\/et_pb_column][\/et_pb_row][\/et_pb_section]<\/p>\n","protected":false},"excerpt":{"rendered":"<p>Relaci\u00f3n de convenios suscritos por el SOIBEl art\u00edculo 21.2 de la Ley 4\/2011, de 31 de marzo, de la buena administraci\u00f3n y del buen gobierno de las Illes Baleare, dispone que los \u00f3rganos de la Administraci\u00f3n de la Comunidad Aut\u00f3noma de las Illes Balears y los entes del sector p\u00fablico instrumental auton\u00f3mico tienen que hacer [&hellip;]<\/p>\n","protected":false},"author":1,"featured_media":0,"parent":0,"menu_order":0,"comment_status":"closed","ping_status":"closed","template":"","meta":{"_et_pb_use_builder":"on","_et_pb_old_content":"","_et_gb_content_width":"","footnotes":"","_links_to":"","_links_to_target":""},"class_list":["post-4177","page","type-page","status-publish","hentry"],"publishpress_future_action":{"enabled":false,"date":"2026-05-05 19:01:19","action":"change-status","newStatus":"draft","terms":[],"taxonomy":"translation_priority","extraData":[]},"publishpress_future_workflow_manual_trigger":{"enabledWorkflows":[]},"_links":{"self":[{"href":"https:\/\/soib.es\/es\/wp-json\/wp\/v2\/pages\/4177","targetHints":{"allow":["GET"]}}],"collection":[{"href":"https:\/\/soib.es\/es\/wp-json\/wp\/v2\/pages"}],"about":[{"href":"https:\/\/soib.es\/es\/wp-json\/wp\/v2\/types\/page"}],"author":[{"embeddable":true,"href":"https:\/\/soib.es\/es\/wp-json\/wp\/v2\/users\/1"}],"replies":[{"embeddable":true,"href":"https:\/\/soib.es\/es\/wp-json\/wp\/v2\/comments?post=4177"}],"version-history":[{"count":0,"href":"https:\/\/soib.es\/es\/wp-json\/wp\/v2\/pages\/4177\/revisions"}],"wp:attachment":[{"href":"https:\/\/soib.es\/es\/wp-json\/wp\/v2\/media?parent=4177"}],"curies":[{"name":"wp","href":"https:\/\/api.w.org\/{rel}","templated":true}]}}