{"id":3894,"date":"2018-02-08T11:29:15","date_gmt":"2018-02-08T10:29:15","guid":{"rendered":"https:\/\/soib.es\/seleccio-de-personal\/"},"modified":"2024-09-13T14:45:46","modified_gmt":"2024-09-13T12:45:46","slug":"necessitau-personal","status":"publish","type":"page","link":"https:\/\/soib.es\/es\/necessitau-personal\/","title":{"rendered":"\u00bfNecesit\u00e1is personal?"},"content":{"rendered":"<p>[et_pb_section fb_built=\u00bb1&#8243; _builder_version=\u00bb4.16&#8243; background_color=\u00bb#f7f7f7&#8243; custom_padding=\u00bb25px|0px|25px|0px\u00bb global_colors_info=\u00bb{}\u00bb][et_pb_row _builder_version=\u00bb4.16&#8243; global_colors_info=\u00bb{}\u00bb][et_pb_column type=\u00bb4_4&#8243; _builder_version=\u00bb4.16&#8243; custom_padding=\u00bb|||\u00bb global_colors_info=\u00bb{}\u00bb custom_padding__hover=\u00bb|||\u00bb][et_pb_text _builder_version=\u00bb4.16&#8243; locked=\u00bboff\u00bb global_colors_info=\u00bb{}\u00bb]<\/p>\n<h1><strong>\u00bfNecesit\u00e1is personal?<\/strong><\/h1>\n<p>[\/et_pb_text][\/et_pb_column][\/et_pb_row][\/et_pb_section][et_pb_section fb_built=\u00bb1&#8243; _builder_version=\u00bb4.16&#8243; custom_padding=\u00bb25px|0px|54px|0px\u00bb global_colors_info=\u00bb{}\u00bb][et_pb_row _builder_version=\u00bb4.16&#8243; global_colors_info=\u00bb{}\u00bb][et_pb_column type=\u00bb4_4&#8243; _builder_version=\u00bb4.16&#8243; custom_padding=\u00bb|||\u00bb global_colors_info=\u00bb{}\u00bb custom_padding__hover=\u00bb|||\u00bb][et_pb_accordion open_toggle_text_color=\u00bb#474747&#8243; _builder_version=\u00bb4.23.1&#8243; _module_preset=\u00bbdefault\u00bb toggle_text_color=\u00bb#cb023e\u00bb toggle_font=\u00bb|700|||||||\u00bb hover_enabled=\u00bb0&#8243; locked=\u00bboff\u00bb global_colors_info=\u00bb{}\u00bb icon_color=\u00bb#cb023e\u00bb db_closeable=\u00bbon\u00bb sticky_enabled=\u00bb0&#8243;][et_pb_accordion_item title=\u00bbServicios que os ofrecemos\u00bb open=\u00bbon\u00bb _builder_version=\u00bb4.16&#8243; _module_preset=\u00bbdefault\u00bb global_colors_info=\u00bb{}\u00bb]<\/p>\n<ul>\n<li><strong>Job Day<br \/><\/strong><\/li>\n<\/ul>\n<p>Si lo que necesit\u00e1is es cubrir un n\u00famero elevado de personas trabajadoras, el SOIB os ofrece un sistema de selecci\u00f3n de personal a trav\u00e9s de jornadas de preselecci\u00f3n llamadas <strong>Job Day<\/strong> en las cuales se convoca a un n\u00fameroe elevado de personas candidatas que previamente han mostrado su inter\u00e9s y se han inscrito a las ofertas de trabajo publicadas por SOIB Empresas mediante los formularios dise\u00f1ados a tal efecto.<\/p>\n<p>Este proceso es \u00e1gil y os permitir\u00e1 obtener un n\u00famero importante de personas candidatas en una misma jornada.<\/p>\n<ul>\n<li><strong>Selecci\u00f3n t\u00e9cnica<br \/><\/strong><\/li>\n<\/ul>\n<p>Es la selecci\u00f3n que hacen los t\u00e9cnicos y las t\u00e9cnicas del SOIB y que consiste en entrevistar a las personas candidatas que se inscriben a las diferentes ofertas publicadas en la web del SOIB. Una vez revisados sus CV y verificado que cumplen los requisitos que demanda la empresa, se env\u00eda una relaci\u00f3n de personas candidatas para que la empresa realice la selecci\u00f3n final.<\/p>\n<ul>\n<li><strong>Preselecci\u00f3n curricular <\/strong><\/li>\n<\/ul>\n<p>Los t\u00e9cnicos y t\u00e9cnicas del SOIB hacen una selecci\u00f3n bas\u00e1ndose en la revisin\u00f3 de los CV que env\u00edan las personas candidatas. Una vez revisados los CV se env\u00eda a la empresa una relaci\u00f3n de personas que cumplan los requisitos de la oferta y la empresa las cita para continuar y finalizar el proceso de selecci\u00f3n.<\/p>\n<p>[\/et_pb_accordion_item][et_pb_accordion_item title=\u00bb\u00bfBusc\u00e1is personal?\u00bb _builder_version=\u00bb4.16&#8243; _module_preset=\u00bbdefault\u00bb global_colors_info=\u00bb{}\u00bb open=\u00bboff\u00bb]<\/p>\n<p>Si busc\u00e1is personal para vuestra empresa, podemos haceros la selecci\u00f3n de personal. Pulsad <a href=\"https:\/\/soib.es\/tramit-telematic-presentacio-ofertes-de-feina\/\" target=\"_blank\" rel=\"noopener noreferrer\"><strong>aqu\u00ed<\/strong> <\/a>y rellenad el tr\u00e1mite telem\u00e1tico. En breve, personal t\u00e9cnico del SOIB os contactar\u00e1 para gestionar la oferta de trabajo. Si ten\u00e9is alguna incidencia mientras hac\u00e9is el tr\u00e1mite, pod\u00e9is:<\/p>\n<ul>\n<li>visualizar el tutorial que encontrar\u00e9is en el mismo enlace<\/li>\n<li>enviar un correo a <a href=\"mailto:empresa@soib.caib.es\">empresa@soib.caib.es<\/a>, o<\/li>\n<li>telefonear al 971 17 60 56<\/li>\n<\/ul>\n<p>[\/et_pb_accordion_item][et_pb_accordion_item title=\u00bb\u00bfBusc\u00e1is trabajadores y trabajadoras en Europa?\u00bb _builder_version=\u00bb4.23.1&#8243; _module_preset=\u00bbdefault\u00bb global_colors_info=\u00bb{}\u00bb open=\u00bboff\u00bb]Tendr\u00e9is acceso a un sistema inform\u00e1tico de \u00e1mbito europeo que permite la difusi\u00f3n en tiempo real de las ofertas de trabajo para buscar trabajadores y trabajadoras en Europa.<br \/>\n<a href='https:\/\/eures.europa.eu\/employers_es' class='small-button smallsilver' target=\"_blank\"><span style=\"color: #cb023e;\">B\u00fasqueda de personas candidatas<\/span><\/a><br \/>\n<a href='https:\/\/europa.eu\/eures\/portal\/jv-se\/home?lang=es&#038;pageCode=find_a_job' class='small-button smallsilver' target=\"_blank\"><span style=\"color: #cb023e;\">Consulta las ofertas actuales<\/span><\/a><\/p>\n<p>Las empresas recibir\u00e9is informaci\u00f3n sobre:<\/p>\n<ul>\n<li>Personas candidatas id\u00f3neas para vacantes en todo el \u00e1mbito europeo.<\/li>\n<li>Difusi\u00f3n de las ofertas de empleo en los pa\u00edses del Espacio Econ\u00f3mico Europeo (EEE) + Suiza<\/li>\n<li>Aspectos pr\u00e1cticos de la mobilidad internacional<\/li>\n<\/ul>\n<p><a href='https:\/\/soib.es\/tramit-telematic-presentacio-ofertes-de-feina\/' class='small-button smallsilver' target=\"_blank\"><span style=\"color: #cb023e;\">Registrad vuestra oferta<\/span><\/a>[\/et_pb_accordion_item][et_pb_accordion_item title=\u00bb\u00bfNo pod\u00e9is cubrir la cuota del 2% de personas con discapacidad?\u00bb _builder_version=\u00bb4.16&#8243; _module_preset=\u00bbdefault\u00bb global_colors_info=\u00bb{}\u00bb open=\u00bboff\u00bb]<\/p>\n<p>Informaos sobre la <span style=\"color: #cb023e;\"><a style=\"color: #cb023e;\" href=\"https:\/\/www.caib.es\/seucaib\/es\/tramites\/tramite\/109049\/\" target=\"_blank\" rel=\"noopener noreferrer\">declaraci\u00f3n de excepcionalidad<\/a><\/span>.<\/p>\n<p>[\/et_pb_accordion_item][\/et_pb_accordion][\/et_pb_column][\/et_pb_row][\/et_pb_section][et_pb_section fb_built=\u00bb1&#8243; disabled_on=\u00bboff|off|off\u00bb _builder_version=\u00bb4.6.6&#8243; background_color=\u00bb#f4f5f4&#8243; height=\u00bb5px\u00bb custom_padding=\u00bb0px||0px||false|false\u00bb global_module=\u00bb7644&#8243; saved_tabs=\u00bball\u00bb global_colors_info=\u00bb{}\u00bb][\/et_pb_section][et_pb_section fb_built=\u00bb1&#8243; disabled_on=\u00bboff|off|off\u00bb _builder_version=\u00bb4.9.4&#8243; background_color=\u00bb#f4f5f4&#8243; height=\u00bb5px\u00bb custom_padding=\u00bb0px||0px||false|false\u00bb global_module=\u00bb7646&#8243; saved_tabs=\u00bball\u00bb global_colors_info=\u00bb{}\u00bb][\/et_pb_section][et_pb_section fb_built=\u00bb1&#8243; disabled_on=\u00bboff|off|off\u00bb _builder_version=\u00bb4.16&#8243; background_color=\u00bb#f4f5f4&#8243; height=\u00bb5px\u00bb custom_padding=\u00bb0px||0px||false|false\u00bb saved_tabs=\u00bball\u00bb global_colors_info=\u00bb{}\u00bb][\/et_pb_section]<\/p>\n","protected":false},"excerpt":{"rendered":"<p>\u00bfNecesit\u00e1is personal? Job Day Si lo que necesit\u00e1is es cubrir un n\u00famero elevado de personas trabajadoras, el SOIB os ofrece un sistema de selecci\u00f3n de personal a trav\u00e9s de jornadas de preselecci\u00f3n llamadas Job Day en las cuales se convoca a un n\u00fameroe elevado de personas candidatas que previamente han mostrado su inter\u00e9s y se [&hellip;]<\/p>\n","protected":false},"author":1,"featured_media":0,"parent":0,"menu_order":0,"comment_status":"closed","ping_status":"closed","template":"","meta":{"_et_pb_use_builder":"on","_et_pb_old_content":"","_et_gb_content_width":"","footnotes":"","_links_to":"","_links_to_target":""},"class_list":["post-3894","page","type-page","status-publish","hentry"],"publishpress_future_action":{"enabled":false,"date":"2026-05-02 12:11:24","action":"change-status","newStatus":"draft","terms":[],"taxonomy":"translation_priority","extraData":[]},"publishpress_future_workflow_manual_trigger":{"enabledWorkflows":[]},"_links":{"self":[{"href":"https:\/\/soib.es\/es\/wp-json\/wp\/v2\/pages\/3894","targetHints":{"allow":["GET"]}}],"collection":[{"href":"https:\/\/soib.es\/es\/wp-json\/wp\/v2\/pages"}],"about":[{"href":"https:\/\/soib.es\/es\/wp-json\/wp\/v2\/types\/page"}],"author":[{"embeddable":true,"href":"https:\/\/soib.es\/es\/wp-json\/wp\/v2\/users\/1"}],"replies":[{"embeddable":true,"href":"https:\/\/soib.es\/es\/wp-json\/wp\/v2\/comments?post=3894"}],"version-history":[{"count":0,"href":"https:\/\/soib.es\/es\/wp-json\/wp\/v2\/pages\/3894\/revisions"}],"wp:attachment":[{"href":"https:\/\/soib.es\/es\/wp-json\/wp\/v2\/media?parent=3894"}],"curies":[{"name":"wp","href":"https:\/\/api.w.org\/{rel}","templated":true}]}}