{"id":20096,"date":"2020-06-12T14:19:50","date_gmt":"2020-06-12T12:19:50","guid":{"rendered":"https:\/\/soib.es\/programes-del-soib-cofinancats-pel-fse\/"},"modified":"2024-06-26T14:42:32","modified_gmt":"2024-06-26T12:42:32","slug":"programes-soib-2014-2020-cofinancats-pel-fse","status":"publish","type":"page","link":"https:\/\/soib.es\/es\/programes-soib-2014-2020-cofinancats-pel-fse\/","title":{"rendered":"Programas SOIB 2014-2020 cofinanciados por el FSE"},"content":{"rendered":"<p>[et_pb_section fb_built=\u00bb1&#8243; _builder_version=\u00bb4.16&#8243; background_color=\u00bb#f4f4f4&#8243; custom_padding=\u00bb25px||25px|\u00bb global_colors_info=\u00bb{}\u00bb][et_pb_row _builder_version=\u00bb4.16&#8243; global_colors_info=\u00bb{}\u00bb][et_pb_column type=\u00bb4_4&#8243; _builder_version=\u00bb4.16&#8243; custom_padding=\u00bb|||\u00bb global_colors_info=\u00bb{}\u00bb custom_padding__hover=\u00bb|||\u00bb][et_pb_text _builder_version=\u00bb4.23.1&#8243; hover_enabled=\u00bb0&#8243; global_colors_info=\u00bb{}\u00bb sticky_enabled=\u00bb0&#8243;]<\/p>\n<h1><strong>Programas SOIB 2014-2020 cofinanciados por el Fondo Social Europeo (FSE)<br \/><\/strong><\/h1>\n<p>[\/et_pb_text][\/et_pb_column][\/et_pb_row][\/et_pb_section][et_pb_section fb_built=\u00bb1&#8243; _builder_version=\u00bb4.16&#8243; global_colors_info=\u00bb{}\u00bb][et_pb_row column_structure=\u00bb1_2,1_2&#8243; _builder_version=\u00bb4.16&#8243; background_size=\u00bbinitial\u00bb background_position=\u00bbtop_left\u00bb background_repeat=\u00bbrepeat\u00bb global_colors_info=\u00bb{}\u00bb][et_pb_column type=\u00bb1_2&#8243; _builder_version=\u00bb4.16&#8243; custom_padding=\u00bb|||\u00bb global_colors_info=\u00bb{}\u00bb custom_padding__hover=\u00bb|||\u00bb][et_pb_text _builder_version=\u00bb4.16&#8243; global_colors_info=\u00bb{}\u00bb]<\/p>\n<h3>Programa operativo FSE 2014-2020<\/h3>\n<p>[\/et_pb_text][et_pb_gallery gallery_ids=\u00bb20053&#8243; posts_number=\u00bb2&#8243; db_images_per_row=\u00bb2&#8243; db_image_max_height=\u00bb30px\u00bb db_image_object_fit=\u00bbcontain\u00bb dbdb_version=\u00bb4.5.0&#8243; show_title_and_caption=\u00bboff\u00bb show_pagination=\u00bboff\u00bb _builder_version=\u00bb4.16&#8243; caption_font_size=\u00bb0px\u00bb caption_line_height=\u00bb0px\u00bb module_alignment=\u00bbcenter\u00bb max_height=\u00bb30px\u00bb global_colors_info=\u00bb{}\u00bb][\/et_pb_gallery][et_pb_accordion db_closeable=\u00bbon\u00bb closed_toggle_text_color=\u00bb#cb023e\u00bb icon_color=\u00bb#cb023e\u00bb _builder_version=\u00bb4.16&#8243; closed_toggle_font=\u00bb|600|||||||\u00bb global_colors_info=\u00bb{}\u00bb][et_pb_accordion_item open=\u00bbon\u00bb open_toggle_background_color=\u00bbrgba(0,0,0,0)\u00bb closed_toggle_background_color=\u00bbrgba(0,0,0,0)\u00bb icon_color=\u00bbrgba(0,0,0,0)\u00bb open_icon_color=\u00bbrgba(0,0,0,0)\u00bb _builder_version=\u00bb4.16&#8243; border_width_all=\u00bb0px\u00bb global_colors_info=\u00bb{}\u00bb][\/et_pb_accordion_item][et_pb_accordion_item title=\u00bbProgramaci\u00f3n\u00bb _builder_version=\u00bb4.16&#8243; global_colors_info=\u00bb{}\u00bb open=\u00bboff\u00bb]<\/p>\n<p>El Programa Operativo del Fondo Social Europeo (FSE) de les Illes Balears ha definido una estrategia de intervenci\u00f3n que persigue los siguientes objetivos:<\/p>\n<ul>\n<li><strong>Objectivo Tem\u00e1tico 8<\/strong>: Promover la sostenibilidad y la calidad en el empleo y favorecer la movilidad laboral.<\/li>\n<li><strong>Objectivo Tem\u00e1tico 9<\/strong>: Promover la inclusi\u00f3n social y luchar contra la pobreza y cualquier forma de discriminaci\u00f3n.<\/li>\n<li><strong>Objectivo Tem\u00e1tico 10<\/strong>: Invertir en educaci\u00f3n, formaci\u00f3n profesional para la adquisici\u00f3n de capacidades y un aprendizaje permanente.<\/li>\n<\/ul>\n<p>&nbsp;<\/p>\n<p style=\"text-align: center;\"><img decoding=\"async\" src=\"http:\/\/www.caib.es\/sites\/plantillafse\/ca\/programacio\/archivopub.do?ctrl=MCRST11107ZI318433&amp;id=318433\" alt=\"2014-2020 Illes Balears\" width=\"50%\" \/><\/p>\n<p>[\/et_pb_accordion_item][et_pb_accordion_item title=\u00bbGesti\u00f3n y seguimiento\u00bb _builder_version=\u00bb4.16&#8243; global_colors_info=\u00bb{}\u00bb open=\u00bboff\u00bb]<\/p>\n<p>El Servei d&#8217;Ocupacio de les Illes Balears (SOIB) contribuye al logro de los siguientes objetivos del PO FSE promoviendo las siguientes actuaciones:<\/p>\n<h4>Objetivo Tem\u00e1tico 8: Promover la sostenibilidad y la calidad en el empleo y favorecer la movilidad laboral.<\/h4>\n<p>&#8211; SOIB\u00a0 Visibles:<\/p>\n<p>Este programa fomenta la contrataci\u00f3n de personas mayores de 35 a\u00f1os en situaci\u00f3n de desempleo de larga duraci\u00f3n (en desempleo al menos 12 de los \u00faltimos 18 meses). Se subvenciona la contrataci\u00f3n de estas personas por parte de entidades locales (corporaciones locales, consejos insulares\u00a0 mancomunidades) durante 6 meses a jornada completa. Paralelamente, estas personas siguen un proceso de orientaci\u00f3n laboral para favorecer su posterior inserci\u00f3n en el mercado laboral ordinario.<\/p>\n<p>Convocatoria 2015<br \/><a href=\"https:\/\/www.caib.es\/seucaib\/es\/tramites\/tramite\/2679304\/\" target=\"_blank\" rel=\"noopener noreferrer\">Convocatoria 2016<\/a><\/p>\n<h4>Objetivo Tem\u00e1tico 9: Promover la inclusi\u00f3n social y luchar contra la pobreza y cualquier forma de discriminaci\u00f3n.<\/h4>\n<p>&#8211; SOIB Itinerarios integrales de inserci\u00f3n vulnerables:<\/p>\n<p>Se trata de proyectos que ejecutan acompa\u00f1amiento en procesos de ayuda individual, personalizada e integral, en los que la persona, a trav\u00e9s de diferentes actuaciones, construye un proyecto profesional que integra las necesidades personales con las exigencias sociales, con el objetivo final de incorporarse al mercado laboral de manera regular.<\/p>\n<p>Convocatoria 2014<br \/>Convocatoria 2015<br \/><a href=\"https:\/\/www.caib.es\/seucaib\/es\/tramites\/tramite\/2876099\/\" target=\"_blank\" rel=\"noopener noreferrer\">Convocatoria 2017-2018<\/a><br \/><a href=\"https:\/\/www.caib.es\/seucaib\/es\/201\/empreses\/tramites\/tramite\/3471327\/\" target=\"_blank\" rel=\"noopener noreferrer\">Convocatoria 2019-2020<\/a><\/p>\n<p>[\/et_pb_accordion_item][et_pb_accordion_item title=\u00bbEvaluaci\u00f3n\u00bb _builder_version=\u00bb4.16&#8243; global_colors_info=\u00bb{}\u00bb open=\u00bboff\u00bb]<\/p>\n<p>La Pol\u00edtica de Cohesi\u00f3n del periodo 2014-2020 se orienta a la consecuci\u00f3n de resultados, con el fin de contribuir de manera visible a los objetivos de la Estrategia Europa 2020. Balears cuenta con un Plan de Evaluaci\u00f3n Espec\u00edfico del PO FSE que pretende mejorar el dise\u00f1o, la eficacia e impacto del programa, as\u00ed su contribuci\u00f3n a los objetivos de la Uni\u00f3n.<\/p>\n<p>Consultar: <strong><a href=\"http:\/\/www.caib.es\/sites\/fonseuropeus\/es\/l\/evaluacian_del_programa_operativo_del_fse_2014-2020\/?mcont=88673\" target=\"_blank\" rel=\"noopener noreferrer\">Evaluaci\u00f3n del Programa Operativo del FSE 2014-2020<\/a><\/strong><\/p>\n<p>&nbsp;<\/p>\n<p>[\/et_pb_accordion_item][et_pb_accordion_item title=\u00bbComunicaci\u00f3n\u00bb _builder_version=\u00bb4.16&#8243; global_colors_info=\u00bb{}\u00bb open=\u00bboff\u00bb]<\/p>\n<h2>Buenas Pr\u00e1cticas<\/h2>\n<p>El refuerzo de la comunicaci\u00f3n es una condici\u00f3n indispensable para mejorar la visibilidad de la Pol\u00edtica de Cohesi\u00f3n y su aplicaci\u00f3n en las Islas Baleares, resaltando las Buenas Pr\u00e1cticas de actuaciones cofinanciadas.<\/p>\n<p>Consultar:<\/p>\n<ul>\n<li><strong><a href=\"http:\/\/www.caib.es\/sites\/fonseuropeus\/es\/buenas_practicas\/\" target=\"_blank\" rel=\"noopener noreferrer\">Buenas Pr\u00e1cticas<\/a>\u00a0<\/strong>Direcci\u00f3n General de Fondos Europeos. Consejer\u00eda de Hacienda y Relaciones Exteriores. Gobierno de les Illes Balears<\/li>\n<\/ul>\n<p>[\/et_pb_accordion_item][\/et_pb_accordion][\/et_pb_column][et_pb_column type=\u00bb1_2&#8243; _builder_version=\u00bb4.16&#8243; custom_padding=\u00bb|||\u00bb global_colors_info=\u00bb{}\u00bb custom_padding__hover=\u00bb|||\u00bb][et_pb_text _builder_version=\u00bb4.16&#8243; global_colors_info=\u00bb{}\u00bb]<\/p>\n<h3>FSE Programa de Empleo Juvenil 2014-2020 (POEJ)<\/h3>\n<p>[\/et_pb_text][et_pb_gallery gallery_ids=\u00bb20053,20041,20051&#8243; posts_number=\u00bb3&#8243; db_images_per_row=\u00bb3&#8243; db_image_max_height=\u00bb30px\u00bb db_image_object_fit=\u00bbcontain\u00bb dbdb_version=\u00bb4.5.0&#8243; show_title_and_caption=\u00bboff\u00bb show_pagination=\u00bboff\u00bb _builder_version=\u00bb4.16&#8243; caption_font_size=\u00bb0px\u00bb caption_line_height=\u00bb0px\u00bb module_alignment=\u00bbcenter\u00bb max_height=\u00bb30px\u00bb global_colors_info=\u00bb{}\u00bb][\/et_pb_gallery][et_pb_accordion db_closeable=\u00bbon\u00bb closed_toggle_text_color=\u00bb#cb023e\u00bb icon_color=\u00bb#cb023e\u00bb _builder_version=\u00bb4.16&#8243; closed_toggle_font=\u00bb|600|||||||\u00bb global_colors_info=\u00bb{}\u00bb][et_pb_accordion_item open=\u00bbon\u00bb open_toggle_background_color=\u00bbrgba(0,0,0,0)\u00bb closed_toggle_background_color=\u00bbrgba(0,0,0,0)\u00bb icon_color=\u00bbrgba(0,0,0,0)\u00bb open_icon_color=\u00bbrgba(0,0,0,0)\u00bb _builder_version=\u00bb4.16&#8243; border_width_all=\u00bb0px\u00bb global_colors_info=\u00bb{}\u00bb][\/et_pb_accordion_item][et_pb_accordion_item title=\u00bbProgramaci\u00f3n\u00bb _builder_version=\u00bb4.16&#8243; global_colors_info=\u00bb{}\u00bb open=\u00bboff\u00bb]<\/p>\n<a href='https:\/\/soib.es\/wp-content\/uploads\/2020\/06\/POEJ-reprogramaci\u00f3n18.pdf' class='big-button bigsilver' target=\"_blank\">FSE Programa de Empleo Juvenil 2014-2020 (POEJ)<\/a>\n<p>[\/et_pb_accordion_item][et_pb_accordion_item title=\u00bbNormativa \u00bb _builder_version=\u00bb4.16&#8243; global_colors_info=\u00bb{}\u00bb open=\u00bboff\u00bb]<\/p>\n<p>&nbsp;<\/p>\n<ul>\n<li>\n<div class=\"tituloContainer\">\n<h3><img decoding=\"async\" src=\"http:\/\/www.caib.es\/sites\/ft\/tema2017\/files\/enlace.png\" alt=\"\" \/> <a href=\"http:\/\/www.caib.es\/sites\/fonseuropeus\/es\/l\/normativa_feder_2014-2020\/\" target=\"_blank\" rel=\"noopener noreferrer\">DECLARACIONES: REGLAMENTO DEL PARLAMENTO EUROPEO Y DEL CONSEJO SOBRE LAS NORMAS FINANCIERAS APLICABLES AL PRESUPUESTO GENERAL DE LA UNI\u00d3N<\/a><\/h3>\n<\/div>\n<div class=\"enlacesContainer\">\u00a0<\/div>\n<div class=\"separadorHorizontalGris\">\u00a0<\/div>\n<\/li>\n<li>\n<div class=\"tituloContainer\">\n<h3><img decoding=\"async\" src=\"http:\/\/www.caib.es\/sites\/ft\/tema2017\/files\/enlace.png\" alt=\"\" \/> <a href=\"http:\/\/www.caib.es\/sites\/fonseuropeus\/es\/l\/normativa_fse_2014-2020\/archivopub.do?ctrl=MCRST31ZI259399&amp;id=259399\" target=\"_blank\" rel=\"noopener noreferrer\">Reglamento 2018\/1046 del Parlamento Europeo y del Consejo de 18 de julio de 2018<\/a><\/h3>\n<\/div>\n<div class=\"enlacesContainer\">\u00a0<\/div>\n<div class=\"separadorHorizontalGris\">\u00a0<\/div>\n<\/li>\n<li>\n<div class=\"tituloContainer\">\n<h3><img decoding=\"async\" src=\"http:\/\/www.caib.es\/sites\/ft\/tema2017\/files\/enlace.png\" alt=\"\" \/> <a href=\"http:\/\/www.caib.es\/sacmicrofront\/archivopub.do?ctrl=MCRST31ZI167235&amp;id=167235\" target=\"_blank\" rel=\"noopener noreferrer\">REGLAMENTO (UE) N\u00ba 1303\/2013 DEL PARLAMENTO EUROPEO Y DEL CONSEJO de 17 de diciembre de 2013<\/a><\/h3>\n<\/div>\n<div class=\"enlacesContainer\">\n<div>\n<p>REGLAMENTO (UE) N\u00ba 1303\/2013 DEL PARLAMENTO EUROPEO Y DEL CONSEJO de 17 de diciembre de 2013 por el que se establecen disposiciones comunes relativas al Fondo Europeo de Desarrollo Regional, al Fondo Social Europeo, al Fondo de Cohesi\u00f3n, al Fondo Europeo Agr\u00edcola de Desarrollo Rural y al Fondo Europeo Mar\u00edtimo y de la Pesca, y por el que se establecen disposiciones generales relativas al Fondo Europeo de Desarrollo Regional, al Fondo Social Europeo, al Fondo de Cohesi\u00f3n y al Fondo Europeo Mar\u00edtimo y de la Pesca, y se deroga el Reglamento (CE) n o 1083\/2006 del Consejo.<\/p>\n<\/div>\n<\/div>\n<div class=\"separadorHorizontalGris\">\u00a0<\/div>\n<\/li>\n<li>\n<div class=\"tituloContainer\">\n<h3><img decoding=\"async\" src=\"http:\/\/www.caib.es\/sites\/ft\/tema2017\/files\/enlace.png\" alt=\"\" \/> <a href=\"http:\/\/www.dgfc.sgpg.meh.es\/sitios\/dgfc\/es-ES\/ipr\/fcp1420\/Documents\/Reglamento_1304_2013_FSE.pdf\" target=\"_blank\" rel=\"noopener noreferrer\">REGLAMENTO (UE) N\u00ba 1304\/2013 DEL PARLAMENTO EUROPEO Y DEL CONSEJO<\/a><\/h3>\n<\/div>\n<div class=\"enlacesContainer\">\n<div>\n<p>REGLAMENTO (UE) N\u00ba 1304\/2013 DEL PARLAMENTO EUROPEO Y DEL CONSEJO de 17 de diciembre de 2013 relativo al Fondo Social Europeo y por el que se deroga el Reglamento (CE) n o 1081\/2006 del Consejo.<\/p>\n<\/div>\n<\/div>\n<div class=\"separadorHorizontalGris\">\u00a0<\/div>\n<\/li>\n<li>\n<div class=\"tituloContainer\">\n<h3><img decoding=\"async\" src=\"http:\/\/www.caib.es\/sites\/ft\/tema2017\/files\/enlace.png\" alt=\"\" \/> <a href=\"http:\/\/www.dgfc.sgpg.meh.es\/sitios\/dgfc\/es-ES\/ipr\/fcp1420\/Documents\/R480_2014_COMPLEMENTAR1303_2013.pdf\" target=\"_blank\" rel=\"noopener noreferrer\">REGLAMENTO DELEGADO (UE) N\u00ba 480\/2014 DE LA COMISI\u00d3N de 3 de marzo de 2014<\/a><\/h3>\n<\/div>\n<div class=\"enlacesContainer\">\n<div>\n<p>REGLAMENTO DELEGADO (UE) N\u00ba 480\/2014 DE LA COMISI\u00d3N de 3 de marzo de 2014 que complementa el Reglamento (UE) no 1303\/2013 del Parlamento Europeo y del Consejo por el que se establecen disposiciones comunes relativas al Fondo Europeo de Desarrollo Regional, al Fondo Social Europeo, al Fondo de Cohesi\u00f3n, al Fondo Europeo Agr\u00edcola de Desarrollo Rural y al Fondo Europeo Mar\u00edtimo y de la Pesca, y por el que se establecen disposiciones generales relativas al Fondo Europeo de Desarrollo Regional, al Fondo Social Europeo, al Fondo de Cohesi\u00f3n y al Fondo Europeo Mar\u00edtimo y de la Pesca.<\/p>\n<\/div>\n<\/div>\n<div class=\"separadorHorizontalGris\">\u00a0<\/div>\n<\/li>\n<li>\n<div class=\"tituloContainer\">\n<h3><img decoding=\"async\" src=\"http:\/\/www.caib.es\/sites\/ft\/tema2017\/files\/enlace.png\" alt=\"\" \/> <a href=\"http:\/\/www.caib.es\/sites\/fonseuropeus\/es\/l\/normativa_fse_2014-2020\/archivopub.do?ctrl=MCRST31ZI234091&amp;id=234091\" target=\"_blank\" rel=\"noopener noreferrer\">Reglamento Delegado (UE) 2015\/1558 de la Comisi\u00f3n, de 22 de julio de 2015<\/a><\/h3>\n<\/div>\n<div class=\"enlacesContainer\">\n<div>\n<p>Reglamento Delegado (UE) 2015\/1558 de la Comisi\u00f3n, de 22 de julio de 2015, por el que se complementa el Reglamento (UE) 2015\/1017 del Parlamento Europeo y del Consejo mediante el establecimiento de un cuadro de indicadores para la aplicaci\u00f3n de la garant\u00eda de la UE (DOUE 19.09.2015, L 244)<\/p>\n<\/div>\n<\/div>\n<\/li>\n<\/ul>\n<p>&nbsp;<\/p>\n<p>&nbsp;<\/p>\n<p>&nbsp;<\/p>\n<p>[\/et_pb_accordion_item][et_pb_accordion_item title=\u00bbGesti\u00f3n y seguimiento\u00bb _builder_version=\u00bb4.16&#8243; global_colors_info=\u00bb{}\u00bb open=\u00bboff\u00bb]<\/p>\n<p>El Servei d\u2019Ocupacio de les Illes Balears (SOIB) contribuye al logro de los siguientes objetivos del PO FSE promoviendo las siguientes actuaciones:<\/p>\n<h4>Objetivo Tem\u00e1tico 8. Promover la inclusi\u00f3n social y luchar contra la pobreza y cualquier forma de discriminaci\u00f3n.<\/h4>\n<p>\u2013 Itinerarios integrales de inserci\u00f3n j\u00f3venes:<br \/>Son proyectos para ejecutar itinerarios integrales de inserci\u00f3n del colectivo vulnerable J\u00d3VENES en riesgo de exclusi\u00f3n social y con dificultades especiales de inserci\u00f3n laboral, mayores de 16 y menores de 30 a\u00f1os, inscritos en el Sistema Nacional de Garant\u00eda Juvenil, mediante acompa\u00f1amiento en procesos de ayuda individual, personalizada e integral, en los que la persona, a trav\u00e9s de diferentes actuaciones, construye un proyecto profesional que integra las necesidades personales con las exigencias sociales, con el objetivo de incorporarse al mercado laboral de manera regular. El objetivo final es la inserci\u00f3n en el mundo laboral o en el sistema de formaci\u00f3n.<\/p>\n<p><a href=\"https:\/\/www.caib.es\/seucaib\/es\/tramites\/tramite\/2876227\/\" target=\"_blank\" rel=\"noopener noreferrer\">Convocatoria 2017-2018<\/a><br \/><a href=\"https:\/\/www.caib.es\/seucaib\/es\/202\/administracions\/tramites\/tramite\/3471458\/\" target=\"_blank\" rel=\"noopener noreferrer\">Convocatoria 2019-2020<\/a><\/p>\n<h4>Objetivo Tem\u00e1tico 8: Promover la sostenibilidad y la calidad en el empleo y favorecer la movilidad laboral.<\/h4>\n<p>\u2013 J\u00f3venes cualificados entidades locales:<br \/>Este programa tiene por objetivo incentivar la contrataci\u00f3n en pr\u00e1cticas de personas j\u00f3venes desocupadas beneficiarias del Sistema Nacional de Garant\u00eda Juvenil, con formaci\u00f3n academica o profesional de grado superior acreditada, por parte de entidades locales de la comunidad aut\u00f3noma de las Illes Balears y sus entidades dependientes o vinculadas, para ejecutar obras o servcios de inter\u00e9s social. Este programa pretende que los j\u00f3venes que se contraten mejoren su ocupabilidad en el ejercicio pr\u00e1ctico de los conocimientos adquiridos en su formaci\u00f3n y en sus \u00e1reas de conocimiento,y de esta manera mejorar sus posibilidades de inserci\u00f3n posterior en el mercado laboral.<\/p>\n<p><a href=\"https:\/\/www.caib.es\/seucaib\/es\/tramites\/tramite\/2720311\" target=\"_blank\" rel=\"noopener noreferrer\">Convocatoria 2016<\/a><br \/><a href=\"https:\/\/www.caib.es\/seucaib\/es\/tramites\/tramite\/3040359\" target=\"_blank\" rel=\"noopener noreferrer\">Convocatoria 2017<\/a><br \/><a href=\"https:\/\/www.caib.es\/seucaib\/es\/202\/administracions\/tramites\/tramite\/3432774\/\" target=\"_blank\" rel=\"noopener noreferrer\">Convocatoria 2018<\/a><\/p>\n<p>\u2013 J\u00f3venes cualificados sector p\u00fablico:<br \/>Este programa tiene por objetivo incentivar la contrataci\u00f3n en pr\u00e1cticas de personas j\u00f3venes desocupadas beneficiarias del Sistema Nacional de Garant\u00eda Juvenil, con formaci\u00f3n academica o profesional de grado superior acreditada, por parte de las entidades que conforman el sector p\u00fablico instrumental de la comunidad aut\u00f3noma de las Illes Balears (excepto los organismos aut\u00f3nomos y los consorcios) y la Universitat de les Illes Balears y sus entidades dependientes o vinculadas, para ejecutar obras o servicios de inter\u00e9s social. Este programa pretende que los j\u00f3venes que se contraten mejoren su ocupabilidad en el ejercicio pr\u00e1ctico de los conocimientos adquiridos en su formaci\u00f3n y en sus \u00e1reas de conocimiento,y de esta manera mejorar sus posibilidades de inserci\u00f3n posterior en el mercado laboral.<\/p>\n<p><a href=\"https:\/\/www.caib.es\/seucaib\/es\/tramites\/tramite\/2997536\" target=\"_blank\" rel=\"noopener noreferrer\">Convocatoria 2017<\/a><\/p>\n<p>\u2013 Programas mixtos de empleo y formaci\u00f3n para j\u00f3venes:<br \/>El objetivo de estos programas es mejorar las aptitudes y las competencias profesionales de las personas que participan (personas j\u00f3venes desocupadas mayores de 16 a\u00f1os y menores de 30 inscritas en el Sistema Nacional de Garant\u00eda Juvenil) a la vez que se llevan a cabo proyectos de inter\u00e9s general o social por parte de las entidades beneficiarias, que pueden ser: \u00f3rganos, organismos aut\u00f3nomos y otros entes de la Administraci\u00f3n general del Estado y de la Comunidad Aut\u00f3noma; entidades locales y sus organismos aut\u00f3nomos, y entidades con competencia en materia de promoci\u00f3n de empleo, dependientes o asimiladas, con titularidad \u00edntegramente de las entidades locales; consorcios y asociaciones, fundaciones y otras entidades sin \u00e1nimo de lucro.<\/p>\n<p><a href=\"https:\/\/www.caib.es\/seucaib\/es\/tramites\/tramite\/2665372\" target=\"_blank\" rel=\"noopener noreferrer\">Convocatoria 2016<\/a><br \/><a href=\"https:\/\/www.caib.es\/seucaib\/es\/tramites\/tramite\/2992829\" target=\"_blank\" rel=\"noopener noreferrer\">Convocatoria 2017 SOIB Jove Formaci\u00f3 i Ocupaci\u00f3<\/a><br \/><a href=\"https:\/\/www.caib.es\/seucaib\/es\/202\/administracions\/tramites\/tramite\/3508909\" target=\"_blank\" rel=\"noopener noreferrer\">Convocatoria 2018 SOIB Jove Formaci\u00f3 i Ocupaci\u00f3<\/a><\/p>\n<p>\u2013 Becas de \u00c9xito:<br \/>Consisten en una serie de ayudas econ\u00f3micas destinadas a j\u00f3venes menores de 30 a\u00f1os, inscritos comobeneficiarios en el Sistema Nacional de Garant\u00eda Juvenil, para que regresen al sistema educativo, para cursar con aprovechamiento Formaci\u00f3n Profesional presencial en centros sostenidos con fondos p\u00fablicos de la CAIB, estudios de 2\u00ba, 3\u00ba y 4\u00ba de Educaci\u00f3n Secundaria para Personas Adultas (ESPA), o acciones de formaci\u00f3n profesional para el empleo financiadas por el SOIB.<\/p>\n<p><a href=\"https:\/\/www.caib.es\/seucaib\/es\/tramites\/tramite\/3213026\" target=\"_blank\" rel=\"noopener noreferrer\">Convocatoria\u00a02017<\/a><br \/><a href=\"https:\/\/www.caib.es\/seucaib\/es\/200\/persones\/tramites\/tramite\/3276729\" target=\"_blank\" rel=\"noopener noreferrer\">Convocatoria 2018<\/a><\/p>\n<p><a href=\"https:\/\/soib.es\/es\/soib-joven-orientacion\/\" target=\"_blank\" rel=\"noopener noreferrer\">\u2013 Orientaci\u00f3n j\u00f3venes:<\/a> dirigida a j\u00f3venes (de 16 a 29 a\u00f1os) inscritos en el Sistema Nacional de Garant\u00eda Juvenil, con un nivel formativo como m\u00e1ximo de bachillerato o CFGM. Se trata de un servicio espec\u00edfico de acompa\u00f1amiento para j\u00f3venes, una orientaci\u00f3n vocacional con el objetivo prioritario de que vuelvan a estudiar (formaci\u00f3n acad\u00e9mica o formaci\u00f3n ocupacional).<\/p>\n<p>&nbsp;<\/p>\n<ul>\n<li>\n<h3>Informes anuales de ejecuci\u00f3n<\/h3>\n<div id=\"info\" class=\"container-contenido\">\n<div>\n<div>\n<p><a href=\"http:\/\/www.caib.es\/sites\/fonseuropeus\/es\/informes_anuales_de_ejecucian_0_0\/archivopub.do?ctrl=MCRST31ZI237748&amp;id=237748\">INFORME ANUAL DE EJECUCION PERIODO 2014-2020<\/a><br \/>Este informe contiene la descripci\u00f3n y el an\u00e1lisis de las actuaciones relativas al Programa Operativo de Empleo Juvenil (POEJ), aprobado por la Comisi\u00f3n Europea el 12 de diciembre de 2014 y cuya versi\u00f3n m\u00e1s reciente fue aprobada el 18 de julio de 2016, mediante Decisi\u00f3n C(2016) 4416 final.<\/p>\n<p>RESUMEN PARA EL CIUDADANO PROGRAMA O PERATIVO DE EMPLEO JUVENIL 2016<br \/>Seg\u00fan dispone el Art\u00edculo 50 del Reglamento no 1303\/2013 de la Uni\u00f3n Europea 1 , los Estados miembros deben presentar anualmente informaci\u00f3n clave acerca de la ejecuci\u00f3n de los Programas Operativos as\u00ed como de toda cuesti\u00f3n que afecte al rendimiento de los mismos y de las medidas tomadas. Esta informaci\u00f3n clave se presenta por medio del Informe Anual de Ejecuci\u00f3n. <br \/>El objeto de este Anexo I, es poner a disposici\u00f3n del ciudadano un resumen del contenido en el Informe Anual de Ejecuci\u00f3n del a\u00f1o 2016 (IAE 2016) del Programa Operativo de Empleo Juvenil (POEJ).<\/p>\n<\/div>\n<\/div>\n<\/div>\n<\/li>\n<li>\n<h3>Gesti\u00f3n del FSE<\/h3>\n<\/li>\n<\/ul>\n<div id=\"info\" class=\"container-contenido\">\n<div>\n<div>\n<div id=\"info\" class=\"container-contenido\">\n<div>\n<div>\n<div id=\"info\" class=\"container-contenido\">\n<div>\n<div>\n<p><strong>Criterios de selecci\u00f3n de operaciones del FSE 2014-2020<\/strong><br \/><a href=\"http:\/\/www.caib.es\/sites\/fonseuropeus\/es\/gestian_del_fse_0\/archivopub.do?ctrl=MCRST31ZI226415&amp;id=226415\" target=\"_blank\" rel=\"noopener noreferrer\">El presente documento Criterios de Selecci\u00f3n de Operaciones presenta, en primer lugar, los requisitos b\u00e1sicos para la selecci\u00f3n de operaciones recogidos en los reglamentos comunitarios, que tiene que cumplir toda operaci\u00f3n cualquiera que sea el marco de intervenci\u00f3n. Le sigue una breve explicaci\u00f3n sobre el propio concepto de operaci\u00f3n y, a continuaci\u00f3n, la descripci\u00f3n de la estructura del Programa Operativo, teniendo en cuenta los diferentes esos, las prioridades de inversi\u00f3n y sus objetivos espec\u00edficos y resultados previstos el previsible cumplimiento, constituye, al amparo del art\u00edculo 125.3 del Reglamento (UE) 1303\/2013, uno de los criterios b\u00e1sicos para la selecci\u00f3n de operaciones.<\/a><\/p>\n<p>EVALUACION INTERMEDIA DEL PO DE EMPLEO JUVENIL<\/p>\n<p><a href=\"http:\/\/www.caib.es\/sites\/fonseuropeus\/es\/gestian_del_fse_0\/archivopub.do?ctrl=MCRST31ZI234907&amp;id=234907\">Durante el per\u00edodo de programaci\u00f3n, la Autoridad de Gesti\u00f3n debe garantizar que se realicen evaluaciones para estimar la eficacia, la eficiencia y el impacto del programa, como tambi\u00e9n con el objetivo de mejorar la calidad en la ejecuci\u00f3n y el dise\u00f1o de los programas, y determinar los efectos de los mismos en relaci\u00f3n con las metas de la estrategia de la Uni\u00f3n para un crecimiento inteligente, sostenible e integrador. Este informe plasma los resultados obtenidos en la evaluaci\u00f3n intermedia llevada a cabo en 2017 con respecto a las operaciones del Eje 1 ejecutadas total o parcialmente a 31 de diciembre de 2016 en el marco del POEJ.<\/a><\/p>\n<\/div>\n<\/div>\n<\/div>\n<\/div>\n<\/div>\n<\/div>\n<p>&nbsp;<\/p>\n<ul>\n<li>\n<h3><a href='https:\/\/soib.es\/wp-content\/uploads\/2020' class='big-button bigsilver' target=\"_blank\">Lista de operaciones<\/a><\/h3>\n<\/li>\n<\/ul>\n<\/div>\n<\/div>\n<\/div>\n<p>[\/et_pb_accordion_item][et_pb_accordion_item title=\u00bbEvaluaci\u00f3n\u00bb _builder_version=\u00bb4.16&#8243; global_colors_info=\u00bb{}\u00bb open=\u00bboff\u00bb]<\/p>\n<p><a href=\"http:\/\/www.caib.es\/sites\/fonseuropeus\/es\/evaluacian\/archivopub.do?ctrl=MCRST31ZI258587&amp;id=258587\">Evaluaci\u00f3n del Programa mixto de Formaci\u00f3n y Empleo\u00a02015<\/a><\/p>\n<p><a href=\"http:\/\/www.caib.es\/sites\/fonseuropeus\/es\/evaluacian\/archivopub.do?ctrl=MCRST31ZI275992&amp;id=275992\">II evaluaci\u00f3n de la Iniciativa de Empleo Juvenil<\/a><\/p>\n<p>El informe contiene la segunda evaluaci\u00f3n de la Iniciativa de Empleo Juvenil y en ella se analiza la ejecuci\u00f3n, eficacia e impacto de las medidas elegibles dentro del EJE 5 del Programa Operativo de Empleo Juvenil 2014-2020 llevadas a cabo hasta 2017.<\/p>\n<p>[\/et_pb_accordion_item][et_pb_accordion_item title=\u00bbComunicaci\u00f3n\u00bb _builder_version=\u00bb4.16&#8243; global_colors_info=\u00bb{}\u00bb open=\u00bboff\u00bb]<\/p>\n<ul>\n<li>\n<h3>Logotipos<\/h3>\n<\/li>\n<\/ul>\n<div id=\"info\" class=\"container-contenido\">\n<div>\n<div>\n<p><img loading=\"lazy\" decoding=\"async\" src=\"http:\/\/www.caib.es\/sites\/fonseuropeus\/ca\/logotips\/archivopub.do?ctrl=MCRST31ZI246404&amp;id=246404\" alt=\"\" width=\"70\" height=\"99\" \/> <img loading=\"lazy\" decoding=\"async\" src=\"http:\/\/www.caib.es\/sites\/fonseuropeus\/ca\/logotips\/archivopub.do?ctrl=MCRST31ZI246402&amp;id=246402\" alt=\"\" width=\"71\" height=\"100\" \/> <img loading=\"lazy\" decoding=\"async\" src=\"http:\/\/www.caib.es\/sites\/fonseuropeus\/ca\/logotips\/archivopub.do?ctrl=MCRST31ZI246403&amp;id=246403\" alt=\"\" width=\"72\" height=\"101\" \/> <img loading=\"lazy\" decoding=\"async\" src=\"http:\/\/www.caib.es\/sites\/fonseuropeus\/ca\/logotips\/archivopub.do?ctrl=MCRST31ZI246407&amp;id=246407\" alt=\"\" width=\"363\" height=\"113\" \/><\/p>\n<p><img loading=\"lazy\" decoding=\"async\" src=\"http:\/\/www.caib.es\/sites\/fonseuropeus\/ca\/logotips\/archivopub.do?ctrl=MCRST31ZI246405&amp;id=246405\" alt=\"\" width=\"103\" height=\"113\" \/>\u00a0\u00a0 <img loading=\"lazy\" decoding=\"async\" src=\"http:\/\/www.caib.es\/sites\/fonseuropeus\/ca\/logotips\/archivopub.do?ctrl=MCRST31ZI246406&amp;id=246406\" alt=\"\" width=\"91\" height=\"107\" \/><\/p>\n<p><a href=\"http:\/\/www.caib.es\/sites\/fonseuropeus\/ca\/logotips\/archivopub.do?ctrl=MCRST31ZI246321&amp;id=246321\">Logotipos \u00abGarant\u00eda Juvenil\u00bb<\/a><\/p>\n<ul>\n<li>\n<h3>Publicaciones<\/h3>\n<\/li>\n<\/ul>\n<p><a href=\"http:\/\/www.mitramiss.gob.es\/uafse\/ficheros\/comunicacion\/estrategias\/version_actual\/ec_poej_actual.pdf\" target=\"_blank\" rel=\"noopener noreferrer\">Estrategia de comunicaci\u00f3n Programa Operativo de Empleo Juvenil<\/a><\/p>\n<\/div>\n<\/div>\n<\/div>\n<p>[\/et_pb_accordion_item][\/et_pb_accordion][\/et_pb_column][\/et_pb_row][\/et_pb_section][et_pb_section fb_built=\u00bb1&#8243; disabled_on=\u00bbon|on|off\u00bb _builder_version=\u00bb4.16&#8243; background_color=\u00bb#df1f4f\u00bb custom_padding=\u00bb54px|0px|0px|0px\u00bb global_colors_info=\u00bb{}\u00bb][et_pb_row column_structure=\u00bb1_4,1_4,1_4,1_4&#8243; _builder_version=\u00bb4.16&#8243; custom_padding=\u00bb0px|0px|27px|0px\u00bb global_colors_info=\u00bb{}\u00bb][et_pb_column type=\u00bb1_4&#8243; _builder_version=\u00bb4.16&#8243; custom_padding=\u00bb|||\u00bb global_colors_info=\u00bb{}\u00bb custom_padding__hover=\u00bb|||\u00bb][et_pb_blurb url=\u00bbhttps:\/\/twitter.com\/SOIBgoib\/\u00bb url_new_window=\u00bbon\u00bb use_icon=\u00bbon\u00bb font_icon=\u00bb&#xe094;||divi||400&#8243; icon_color=\u00bb#df1f4f\u00bb image_icon_background_color=\u00bb#ffffff\u00bb icon_placement=\u00bbleft\u00bb image_icon_width=\u00bb16px\u00bb _builder_version=\u00bb4.16&#8243; image_icon_custom_padding=\u00bb8px|8px|8px|8px|false|false\u00bb animation=\u00bboff\u00bb border_radii_image=\u00bbon|100%|100%|100%|100%\u00bb use_circle=\u00bbon\u00bb global_colors_info=\u00bb{}\u00bb image_icon_background_color__sticky_enabled=\u00bb#ffffff\u00bb image_icon_background_color__sticky=\u00bb#ffffff\u00bb][\/et_pb_blurb][et_pb_blurb url=\u00bbhttps:\/\/www.youtube.com\/channel\/UCvmOqiRlc2JOK3V_0Mc-0sA?view_as=subscriber\u00bb url_new_window=\u00bbon\u00bb use_icon=\u00bbon\u00bb font_icon=\u00bb&#xe0a3;||divi||400&#8243; icon_color=\u00bb#df1f4f\u00bb image_icon_background_color=\u00bb#ffffff\u00bb icon_placement=\u00bbleft\u00bb image_icon_width=\u00bb16px\u00bb _builder_version=\u00bb4.16&#8243; image_icon_custom_padding=\u00bb8px|8px|8px|8px|false|false\u00bb animation=\u00bboff\u00bb border_radii_image=\u00bbon|100%|100%|100%|100%\u00bb use_circle=\u00bbon\u00bb global_colors_info=\u00bb{}\u00bb image_icon_background_color__sticky_enabled=\u00bb#ffffff\u00bb image_icon_background_color__sticky=\u00bb#ffffff\u00bb][\/et_pb_blurb][\/et_pb_column][et_pb_column type=\u00bb1_4&#8243; _builder_version=\u00bb4.16&#8243; custom_padding=\u00bb|||\u00bb custom_css_main_element=\u00bbmargin-left: -20%;\u00bb global_colors_info=\u00bb{}\u00bb custom_padding__hover=\u00bb|||\u00bb][et_pb_blurb url=\u00bbhttps:\/\/www.facebook.com\/SOIBgoib\/\u00bb url_new_window=\u00bbon\u00bb use_icon=\u00bbon\u00bb font_icon=\u00bb&#xe093;||divi||400&#8243; icon_color=\u00bb#df1f4f\u00bb image_icon_background_color=\u00bb#ffffff\u00bb icon_placement=\u00bbleft\u00bb image_icon_width=\u00bb16px\u00bb _builder_version=\u00bb4.16&#8243; image_icon_custom_padding=\u00bb8px|8px|8px|8px|false|false\u00bb animation=\u00bboff\u00bb border_radii_image=\u00bbon|100%|100%|100%|100%\u00bb use_circle=\u00bbon\u00bb global_colors_info=\u00bb{}\u00bb image_icon_background_color__sticky_enabled=\u00bb#ffffff\u00bb image_icon_background_color__sticky=\u00bb#ffffff\u00bb][\/et_pb_blurb][et_pb_blurb url=\u00bbhttps:\/\/www.instagram.com\/soibjove_goib\/\u00bb url_new_window=\u00bbon\u00bb use_icon=\u00bbon\u00bb font_icon=\u00bb&#xe0c8;||divi||400&#8243; icon_color=\u00bb#df1f4f\u00bb image_icon_background_color=\u00bb#ffffff\u00bb icon_placement=\u00bbleft\u00bb image_icon_width=\u00bb16px\u00bb _builder_version=\u00bb4.16&#8243; image_icon_custom_padding=\u00bb8px|8px|8px|8px|false|false\u00bb animation=\u00bboff\u00bb border_radii_image=\u00bbon|100%|100%|100%|100%\u00bb use_circle=\u00bbon\u00bb global_colors_info=\u00bb{}\u00bb image_icon_background_color__sticky_enabled=\u00bb#ffffff\u00bb image_icon_background_color__sticky=\u00bb#ffffff\u00bb][\/et_pb_blurb][\/et_pb_column][et_pb_column type=\u00bb1_4&#8243; _builder_version=\u00bb4.16&#8243; custom_padding=\u00bb|||\u00bb custom_css_main_element=\u00bbmargin-left: 32px;\u00bb global_colors_info=\u00bb{}\u00bb custom_padding__hover=\u00bb|||\u00bb][et_pb_image src=\u00bb\/wp-content\/uploads\/2017\/10\/ue3.gif\u00bb url=\u00bbhttps:\/\/soib.es\/programes-del-soib-cofinancats-pel-fse\/\u00bb url_new_window=\u00bbon\u00bb align_tablet=\u00bbcenter\u00bb align_phone=\u00bb\u00bb align_last_edited=\u00bbon|desktop\u00bb _builder_version=\u00bb4.16&#8243; module_alignment=\u00bbleft\u00bb global_colors_info=\u00bb{}\u00bb]<\/p>\n<p>\u00a0<\/p>\n<p>[\/et_pb_image][\/et_pb_column][et_pb_column type=\u00bb1_4&#8243; _builder_version=\u00bb4.16&#8243; custom_padding=\u00bb|||\u00bb custom_css_main_element=\u00bbmargin-left: 100px;\u00bb global_colors_info=\u00bb{}\u00bb custom_padding__hover=\u00bb|||\u00bb][et_pb_text _builder_version=\u00bb4.16&#8243; custom_css_main_element=\u00bbwidth: 150%;\u00bb global_colors_info=\u00bb{}\u00bb]<\/p>\n<p style=\"color: #fff; text-align: right;\">Servei d&#8217;Ocupaci\u00f3 de les Illes Balears (SOIB):<\/p>\n<p style=\"color: #fff; text-align: right;\">Cam\u00ed vell de Bunyola, 43, 1\u00ba &#8211; Edifici rotonda Asima<\/p>\n<p style=\"color: #fff; text-align: right;\">Pol\u00edgon de son Castell\u00f3 &#8211; 07009 Palma<\/p>\n<p style=\"color: #fff; text-align: right;\">Tel\u00e8fon <a style=\"color: #fff;\" href=\"tel:+34971177900\">971177900<\/a> &#8211; Fax 971784942<\/p>\n<p>[\/et_pb_text][\/et_pb_column][\/et_pb_row][\/et_pb_section][et_pb_section fb_built=\u00bb1&#8243; disabled_on=\u00bbon|off|on\u00bb _builder_version=\u00bb4.16&#8243; background_color=\u00bb#df1f4f\u00bb custom_padding=\u00bb20px|0px|0px|0px\u00bb global_colors_info=\u00bb{}\u00bb][et_pb_row _builder_version=\u00bb4.16&#8243; custom_padding=\u00bb0px|0px|27px|0px\u00bb global_colors_info=\u00bb{}\u00bb][et_pb_column type=\u00bb4_4&#8243; _builder_version=\u00bb4.16&#8243; custom_padding=\u00bb|||\u00bb global_colors_info=\u00bb{}\u00bb custom_padding__hover=\u00bb|||\u00bb][et_pb_text admin_label=\u00bbText\u00bb _builder_version=\u00bb4.16&#8243; custom_css_main_element=\u00bbwidth: 150%;\u00bb global_colors_info=\u00bb{}\u00bb]<\/p>\n<p style=\"color: #fff;\">Servei d&#8217;Ocupaci\u00f3 de les Illes Balears (SOIB):<\/p>\n<p style=\"color: #fff;\">Cam\u00ed vell de Bunyola, 43, 1\u00ba &#8211; Edifici rotonda Asima<\/p>\n<p style=\"color: #fff;\">Pol\u00edgon de son Castell\u00f3 &#8211; 07009 Palma<\/p>\n<p style=\"color: #fff;\">Tel\u00e8fon <a style=\"color: #fff;\" href=\"tel:+34971177900\">971177900<\/a> &#8211; Fax 971784942<\/p>\n<p>[\/et_pb_text][et_pb_image src=\u00bb\/wp-content\/uploads\/2017\/10\/ue3.gif\u00bb align_tablet=\u00bbcenter\u00bb align_phone=\u00bb\u00bb align_last_edited=\u00bbon|desktop\u00bb _builder_version=\u00bb4.16&#8243; max_width=\u00bb50%\u00bb module_alignment=\u00bbcenter\u00bb global_colors_info=\u00bb{}\u00bb]<\/p>\n<p>\u00a0<\/p>\n<p>[\/et_pb_image][et_pb_blurb url=\u00bbhttps:\/\/twitter.com\/soibinfo?lang=es\u00bb use_icon=\u00bbon\u00bb font_icon=\u00bb&#xe094;||divi||400&#8243; icon_color=\u00bb#df1f4f\u00bb image_icon_background_color=\u00bb#ffffff\u00bb icon_placement=\u00bbleft\u00bb image_icon_width=\u00bb16px\u00bb _builder_version=\u00bb4.16&#8243; image_icon_custom_padding=\u00bb8px|8px|8px|8px|false|false\u00bb animation=\u00bboff\u00bb custom_css_main_element=\u00bbfloat: right;\u00bb border_radii_image=\u00bbon|100%|100%|100%|100%\u00bb use_circle=\u00bbon\u00bb global_colors_info=\u00bb{}\u00bb image_icon_background_color__sticky_enabled=\u00bb#ffffff\u00bb image_icon_background_color__sticky=\u00bb#ffffff\u00bb]<\/p>\n<p>\u00a0<\/p>\n<p>[\/et_pb_blurb][et_pb_blurb url=\u00bbhttps:\/\/www.facebook.com\/SOIBgoib\/\u00bb url_new_window=\u00bbon\u00bb use_icon=\u00bbon\u00bb font_icon=\u00bb&#xe093;||divi||400&#8243; icon_color=\u00bb#df1f4f\u00bb image_icon_background_color=\u00bb#ffffff\u00bb icon_placement=\u00bbleft\u00bb image_icon_width=\u00bb16px\u00bb _builder_version=\u00bb4.16&#8243; image_icon_custom_padding=\u00bb8px|8px|8px|8px|false|false\u00bb animation=\u00bboff\u00bb border_radii_image=\u00bbon|100%|100%|100%|100%\u00bb use_circle=\u00bbon\u00bb global_colors_info=\u00bb{}\u00bb image_icon_background_color__sticky_enabled=\u00bb#ffffff\u00bb image_icon_background_color__sticky=\u00bb#ffffff\u00bb][\/et_pb_blurb][et_pb_blurb url=\u00bbhttps:\/\/www.instagram.com\/soibjove_goib\/\u00bb url_new_window=\u00bbon\u00bb use_icon=\u00bbon\u00bb font_icon=\u00bb&#xe0c8;||divi||400&#8243; icon_color=\u00bb#df1f4f\u00bb image_icon_background_color=\u00bb#ffffff\u00bb icon_placement=\u00bbleft\u00bb image_icon_width=\u00bb16px\u00bb _builder_version=\u00bb4.16&#8243; image_icon_custom_padding=\u00bb8px|8px|8px|8px|false|false\u00bb animation=\u00bboff\u00bb border_radii_image=\u00bbon|100%|100%|100%|100%\u00bb use_circle=\u00bbon\u00bb global_colors_info=\u00bb{}\u00bb image_icon_background_color__sticky_enabled=\u00bb#ffffff\u00bb image_icon_background_color__sticky=\u00bb#ffffff\u00bb][\/et_pb_blurb][et_pb_blurb url=\u00bbhttps:\/\/www.youtube.com\/channel\/UCvmOqiRlc2JOK3V_0Mc-0sA?view_as=subscriber\u00bb url_new_window=\u00bbon\u00bb use_icon=\u00bbon\u00bb font_icon=\u00bb&#xe0a3;||divi||400&#8243; icon_color=\u00bb#df1f4f\u00bb image_icon_background_color=\u00bb#ffffff\u00bb icon_placement=\u00bbleft\u00bb image_icon_width=\u00bb16px\u00bb _builder_version=\u00bb4.16&#8243; image_icon_custom_padding=\u00bb8px|8px|8px|8px|false|false\u00bb animation=\u00bboff\u00bb border_radii_image=\u00bbon|100%|100%|100%|100%\u00bb use_circle=\u00bbon\u00bb global_colors_info=\u00bb{}\u00bb image_icon_background_color__sticky_enabled=\u00bb#ffffff\u00bb image_icon_background_color__sticky=\u00bb#ffffff\u00bb][\/et_pb_blurb][\/et_pb_column][\/et_pb_row][\/et_pb_section][et_pb_section fb_built=\u00bb1&#8243; disabled_on=\u00bboff|on|on\u00bb _builder_version=\u00bb4.16&#8243; background_color=\u00bb#df1f4f\u00bb global_colors_info=\u00bb{}\u00bb][et_pb_row _builder_version=\u00bb4.16&#8243; custom_padding=\u00bb15px|0px|0px|0px\u00bb global_colors_info=\u00bb{}\u00bb][et_pb_column type=\u00bb4_4&#8243; _builder_version=\u00bb4.16&#8243; custom_padding=\u00bb|||\u00bb global_colors_info=\u00bb{}\u00bb custom_padding__hover=\u00bb|||\u00bb][et_pb_text _builder_version=\u00bb4.16&#8243; global_colors_info=\u00bb{}\u00bb]<\/p>\n<p style=\"color: #fff;\">Servei d&#8217;Ocupaci\u00f3 de les Illes Balears (SOIB):<\/p>\n<p style=\"color: #fff;\">Cam\u00ed Vell de Bunyola, 43, 1\u00aa &#8211; edifici rotonda Asima<\/p>\n<p style=\"color: #fff;\">Pol\u00edgon de son Castell\u00f3 &#8211; 07009 Palma<\/p>\n<p style=\"color: #fff;\">Tel\u00e8fon <a style=\"color: #fff;\" href=\"tel:+34971177900\">971177900<\/a> &#8211; Fax 971784942<\/p>\n<p>[\/et_pb_text][\/et_pb_column][\/et_pb_row][et_pb_row _builder_version=\u00bb4.16&#8243; custom_padding=\u00bb15px|0px|0px|0px\u00bb global_colors_info=\u00bb{}\u00bb][et_pb_column type=\u00bb4_4&#8243; _builder_version=\u00bb4.16&#8243; custom_padding=\u00bb|||\u00bb global_colors_info=\u00bb{}\u00bb custom_padding__hover=\u00bb|||\u00bb][et_pb_image src=\u00bb\/wp-content\/uploads\/2017\/10\/ue3.gif\u00bb url_new_window=\u00bbon\u00bb align_tablet=\u00bbcenter\u00bb align_phone=\u00bb\u00bb align_last_edited=\u00bbon|desktop\u00bb _builder_version=\u00bb4.16&#8243; max_width=\u00bb50%\u00bb global_colors_info=\u00bb{}\u00bb]<\/p>\n<p>\u00a0<\/p>\n<p>[\/et_pb_image][\/et_pb_column][\/et_pb_row][et_pb_row _builder_version=\u00bb4.16&#8243; custom_padding=\u00bb0px|0px|0px|0px\u00bb global_colors_info=\u00bb{}\u00bb][et_pb_column type=\u00bb4_4&#8243; _builder_version=\u00bb4.16&#8243; custom_padding=\u00bb|||\u00bb global_colors_info=\u00bb{}\u00bb custom_padding__hover=\u00bb|||\u00bb][et_pb_blurb url=\u00bbhttps:\/\/www.facebook.com\/SOIBgoib\/\u00bb url_new_window=\u00bbon\u00bb use_icon=\u00bbon\u00bb font_icon=\u00bb&#xe093;||divi||400&#8243; icon_color=\u00bb#df1f4f\u00bb image_icon_background_color=\u00bb#ffffff\u00bb icon_placement=\u00bbleft\u00bb image_icon_width=\u00bb16px\u00bb _builder_version=\u00bb4.16&#8243; image_icon_custom_padding=\u00bb8px|8px|8px|8px|false|false\u00bb animation=\u00bboff\u00bb border_radii_image=\u00bbon|100%|100%|100%|100%\u00bb use_circle=\u00bbon\u00bb global_colors_info=\u00bb{}\u00bb image_icon_background_color__sticky_enabled=\u00bb#ffffff\u00bb image_icon_background_color__sticky=\u00bb#ffffff\u00bb][\/et_pb_blurb][et_pb_blurb url=\u00bbhttps:\/\/twitter.com\/SOIBgoib\/\u00bb url_new_window=\u00bbon\u00bb use_icon=\u00bbon\u00bb font_icon=\u00bb&#xe094;||divi||400&#8243; icon_color=\u00bb#df1f4f\u00bb image_icon_background_color=\u00bb#ffffff\u00bb icon_placement=\u00bbleft\u00bb image_icon_width=\u00bb16px\u00bb _builder_version=\u00bb4.16&#8243; image_icon_custom_padding=\u00bb8px|8px|8px|8px|false|false\u00bb animation=\u00bboff\u00bb border_radii_image=\u00bbon|100%|100%|100%|100%\u00bb use_circle=\u00bbon\u00bb global_colors_info=\u00bb{}\u00bb image_icon_background_color__sticky_enabled=\u00bb#ffffff\u00bb image_icon_background_color__sticky=\u00bb#ffffff\u00bb][\/et_pb_blurb][et_pb_blurb url=\u00bbhttps:\/\/www.youtube.com\/channel\/UCvmOqiRlc2JOK3V_0Mc-0sA?view_as=subscriber\u00bb url_new_window=\u00bbon\u00bb use_icon=\u00bbon\u00bb font_icon=\u00bb&#xe0a3;||divi||400&#8243; icon_color=\u00bb#df1f4f\u00bb image_icon_background_color=\u00bb#ffffff\u00bb icon_placement=\u00bbleft\u00bb image_icon_width=\u00bb16px\u00bb _builder_version=\u00bb4.16&#8243; image_icon_custom_padding=\u00bb8px|8px|8px|8px|false|false\u00bb animation=\u00bboff\u00bb border_radii_image=\u00bbon|100%|100%|100%|100%\u00bb use_circle=\u00bbon\u00bb global_colors_info=\u00bb{}\u00bb image_icon_background_color__sticky_enabled=\u00bb#ffffff\u00bb image_icon_background_color__sticky=\u00bb#ffffff\u00bb][\/et_pb_blurb][et_pb_blurb url=\u00bbhttps:\/\/www.instagram.com\/soibjove_goib\/\u00bb url_new_window=\u00bbon\u00bb use_icon=\u00bbon\u00bb font_icon=\u00bb&#xe0c8;||divi||400&#8243; icon_color=\u00bb#df1f4f\u00bb image_icon_background_color=\u00bb#ffffff\u00bb icon_placement=\u00bbleft\u00bb image_icon_width=\u00bb16px\u00bb _builder_version=\u00bb4.16&#8243; image_icon_custom_padding=\u00bb8px|8px|8px|8px|false|false\u00bb animation=\u00bboff\u00bb border_radii_image=\u00bbon|100%|100%|100%|100%\u00bb use_circle=\u00bbon\u00bb global_colors_info=\u00bb{}\u00bb image_icon_background_color__sticky_enabled=\u00bb#ffffff\u00bb image_icon_background_color__sticky=\u00bb#ffffff\u00bb][\/et_pb_blurb][\/et_pb_column][\/et_pb_row][\/et_pb_section]<\/p>\n","protected":false},"excerpt":{"rendered":"<p>Programas SOIB 2014-2020 cofinanciados por el Fondo Social Europeo (FSE)Programa operativo FSE 2014-2020El Programa Operativo del Fondo Social Europeo (FSE) de les Illes Balears ha definido una estrategia de intervenci\u00f3n que persigue los siguientes objetivos: Objectivo Tem\u00e1tico 8: Promover la sostenibilidad y la calidad en el empleo y favorecer la movilidad laboral. Objectivo Tem\u00e1tico 9: [&hellip;]<\/p>\n","protected":false},"author":13,"featured_media":0,"parent":0,"menu_order":0,"comment_status":"closed","ping_status":"closed","template":"","meta":{"_et_pb_use_builder":"on","_et_pb_old_content":"","_et_gb_content_width":"","footnotes":"","_links_to":"","_links_to_target":""},"class_list":["post-20096","page","type-page","status-publish","hentry"],"publishpress_future_action":{"enabled":false,"date":"2026-05-07 03:23:40","action":"change-status","newStatus":"draft","terms":[],"taxonomy":"translation_priority","extraData":[]},"publishpress_future_workflow_manual_trigger":{"enabledWorkflows":[]},"_links":{"self":[{"href":"https:\/\/soib.es\/es\/wp-json\/wp\/v2\/pages\/20096","targetHints":{"allow":["GET"]}}],"collection":[{"href":"https:\/\/soib.es\/es\/wp-json\/wp\/v2\/pages"}],"about":[{"href":"https:\/\/soib.es\/es\/wp-json\/wp\/v2\/types\/page"}],"author":[{"embeddable":true,"href":"https:\/\/soib.es\/es\/wp-json\/wp\/v2\/users\/13"}],"replies":[{"embeddable":true,"href":"https:\/\/soib.es\/es\/wp-json\/wp\/v2\/comments?post=20096"}],"version-history":[{"count":0,"href":"https:\/\/soib.es\/es\/wp-json\/wp\/v2\/pages\/20096\/revisions"}],"wp:attachment":[{"href":"https:\/\/soib.es\/es\/wp-json\/wp\/v2\/media?parent=20096"}],"curies":[{"name":"wp","href":"https:\/\/api.w.org\/{rel}","templated":true}]}}