{"id":13404,"date":"2025-03-06T12:00:57","date_gmt":"2025-03-06T11:00:57","guid":{"rendered":"https:\/\/soib.es\/demana-cita-previa\/"},"modified":"2025-09-19T10:25:11","modified_gmt":"2025-09-19T08:25:11","slug":"demana-cita-previa","status":"publish","type":"page","link":"https:\/\/soib.es\/es\/demana-cita-previa\/","title":{"rendered":"Pide cita previa"},"content":{"rendered":"<p>[et_pb_section fb_built=\u00bb1&#8243; _builder_version=\u00bb4.16&#8243; background_color=\u00bb#f7f7f7&#8243; custom_padding=\u00bb0px||0px|||\u00bb locked=\u00bboff\u00bb global_colors_info=\u00bb{}\u00bb][et_pb_row disabled_on=\u00bboff|off|off\u00bb _builder_version=\u00bb4.27.4&#8243; global_colors_info=\u00bb{}\u00bb][et_pb_column type=\u00bb4_4&#8243; _builder_version=\u00bb4.16&#8243; global_colors_info=\u00bb{}\u00bb][et_pb_text disabled_on=\u00bbon|on|on\u00bb _builder_version=\u00bb4.27.4&#8243; custom_margin=\u00bb0px|0px|10px|0px|false|false\u00bb custom_padding=\u00bb10px|10px|10px|10px|false|false\u00bb hover_enabled=\u00bb0&#8243; border_width_all=\u00bb2px\u00bb border_color_all=\u00bb#cb023e\u00bb disabled=\u00bbon\u00bb locked=\u00bboff\u00bb global_colors_info=\u00bb{}\u00bb sticky_enabled=\u00bb0&#8243;]<\/p>\n<h5 style=\"text-align: center;\"><strong>AVISO IMPORTANTE sobre la inscripci\u00f3n en el SOIB<\/strong><\/h5>\n<p>Una vez finalizada tu actividad laboral o contrato, incluidas las vacaciones, <strong>si env\u00edas la PREsolicitud de prestaci\u00f3n\/subsidio al SEPE desde el 13\/10\/2025 al 31\/01\/2026, autom\u00e1ticamente te inscribiremos en el SOIB y no es necesario que pidas cita<\/strong>.<\/p>\n<p><strong>EXCEPCIONES<\/strong>: si no te has inscrito nunca en el SOIB, o no has comunicado la renovaci\u00f3n del permiso de residencia\/trabajo, <strong>S\u00cd<\/strong> debes pedir cita previa llamando al 012, al 971 22 57 91, o tambi\u00e9n en <span style=\"color: #cb023e;\"><a style=\"color: #cb023e;\" href=\"https:\/\/soib.es\/es\/demana-cita-previa\/\">www.soib.es<\/a><\/span>.<\/p>\n<p><a href='https:\/\/sede.sepe.gob.es\/SolicPrestIndividualWeb\/flows\/solicitud?execution=e1s1' class='small-button smallsilver' target=\"_blank\"><span style=\"color: #cb023e;\">Accede al formulario de PREsolicitud del SEPE<\/span><\/a> \u00a0En una semana recibir\u00e1s un SMS confirmando tu inscripci\u00f3n en el SOIB.<\/p>\n<a href='https:\/\/soib.es\/alta-automatitzada-soib-per-presolicitud-prestacio\/' class='small-button smallsilver'><span style=\"color: #cb023e;\">Pulsa aqu\u00ed para consultar toda la informaci\u00f3n del procedimiento<\/span><\/a>\n<p>[\/et_pb_text][et_pb_text _builder_version=\u00bb4.27.4&#8243; text_font_size=\u00bb18px\u00bb header_2_font=\u00bb|700|||||||\u00bb width=\u00bb85.1%\u00bb max_width=\u00bb100%\u00bb module_alignment=\u00bbcenter\u00bb custom_padding=\u00bb30px|20px|30px|20px|true|true\u00bb animation_style=\u00bbslide\u00bb animation_direction=\u00bbtop\u00bb hover_enabled=\u00bb0&#8243; border_width_all=\u00bb6px\u00bb border_color_all=\u00bb#DF1E4F\u00bb locked=\u00bboff\u00bb global_colors_info=\u00bb{}\u00bb sticky_enabled=\u00bb0&#8243; disabled_on=\u00bbon|on|on\u00bb disabled=\u00bbon\u00bb]<\/p>\n<h2 style=\"text-align: center;\">RECUERDA:<\/h2>\n<p style=\"text-align: center;\"><strong>Desde el martes, 1 de abril, <\/strong>el nombre de la oficina <em>Miquel Marqu\u00e8s<\/em> pasa a ser <strong><em>Son Castell\u00f3<\/em><\/strong><em><br \/><\/em>y os atendemos en la nueva ubicaci\u00f3n, en el cam\u00ed Vell de Bunyola, 43, 1er piso<br \/>(edificio Rotonda Asima), en el Pol\u00edgono de Son Castell\u00f3, de Palma.<\/p>\n<p>[\/et_pb_text][\/et_pb_column][\/et_pb_row][\/et_pb_section][et_pb_section fb_built=\u00bb1&#8243; _builder_version=\u00bb4.16&#8243; locked=\u00bboff\u00bb global_colors_info=\u00bb{}\u00bb][et_pb_row _builder_version=\u00bb4.16&#8243; background_size=\u00bbinitial\u00bb background_position=\u00bbtop_left\u00bb background_repeat=\u00bbrepeat\u00bb global_colors_info=\u00bb{}\u00bb][et_pb_column type=\u00bb4_4&#8243; _builder_version=\u00bb4.16&#8243; custom_padding=\u00bb|||\u00bb global_colors_info=\u00bb{}\u00bb custom_padding__hover=\u00bb|||\u00bb][et_pb_text _builder_version=\u00bb4.23.1&#8243; global_colors_info=\u00bb{}\u00bb content__hover_enabled=\u00bboff|desktop\u00bb]<\/p>\n<h5>Para concertar la cita recuerda que debes seleccionar <strong>el servicio<\/strong> (demandas u orientaci\u00f3n), <strong>el lugar<\/strong> (la isla) y <strong>la oficina que quieres <\/strong>(puedes ver la red de oficinas <a href=\"https:\/\/soib.es\/es\/red-de-oficinas\/\" target=\"_blank\" rel=\"noopener noreferrer\"><strong><span style=\"color: #cb023e;\">aqu\u00ed<\/span><\/strong>)<\/a>. En todos los casos responderemos a tu solicitud telef\u00f3nicamente el d\u00eda de la cita concertada. No te desplaces a la oficina y est\u00e1 pendiente del tel\u00e9fono.<\/h5>\n<ul>\n<li><span style=\"color: #333333;\"><strong>Demandas<\/strong><\/span><\/li>\n<\/ul>\n<h6 style=\"padding-left: 40px;\">Si quieres informaci\u00f3n general, inscribirte en el SOIB, actualizar o modificar tus datos personales \/ profesionales para tener acceso a los servicios que ofrece el SOIB. Recuerda que, a no ser que se trate de una primera inscripci\u00f3n, puedes hacer todos estos tr\u00e1mites online <a href=\"https:\/\/www.sistemanacionalempleo.es\/CartaServiciosCiudadanoWEB\/jspFR\/principalFR.jsp?CA=04\"><span style=\"color: #cb023e;\"><strong>desde aqu\u00ed<\/strong><\/span>.<\/a><\/h6>\n<ul>\n<li><span style=\"color: #333333;\"><strong>Orientaci\u00f3n laboral<br \/><\/strong><\/span><\/li>\n<\/ul>\n<h6 style=\"padding-left: 40px;\">Si quieres mejorar tus oportunidades laborales con el apoyo de profesionales de la orientaci\u00f3n o quieres conocer la oferta formativa del SOIB, requisitos de acceso a los cursos, becas y ayudas disponibles. Si has recibido este servicio en los \u00faltimos 12 meses, puedes contactar con tu orientador u orientadora de referencia mediante el correo electr\u00f3nico o tel\u00e9fono de la oficina de empleo correspondiente. RECUERDA que para acceder a este servicio debes estar inscrito o inscrita en el SOIB.<\/h6>\n<h5>\u00a0<\/h5>\n<p style=\"text-align: center;\"><a href='https:\/\/soib.fundaciobit.org\/citasoib\/reservar-cita;lang=es' class='big-button bigsilver' target=\"_blank\"><span style=\"color: #cb023e;\"><strong>Pide cita previa<\/strong><\/span><\/a><\/p>\n<p>&nbsp;<\/p>\n<h6 style=\"text-align: center;\"><img loading=\"lazy\" decoding=\"async\" class=\"aligncenter\" src=\"https:\/\/soib.es\/wp-content\/uploads\/2020\/09\/Infografia-cast-citas-telefonicas-SOIB.png\" width=\"500\" height=\"1251\" \/><\/h6>\n<p>[\/et_pb_text][et_pb_text disabled_on=\u00bbon|on|on\u00bb _builder_version=\u00bb4.23.1&#8243; disabled=\u00bbon\u00bb global_colors_info=\u00bb{}\u00bb content__hover_enabled=\u00bboff|desktop\u00bb]<\/p>\n<p>Tambi\u00e9n te atenderemos en cualquier oficina de la <span style=\"color: #cb023e;\"><strong><a style=\"color: #cb023e;\" href=\"https:\/\/soib.es\/es\/red-de-oficinas\/\" target=\"_blank\" rel=\"noopener\">Red SOIB<\/a><\/strong><\/span>, sin cita previa. El horario habitual de atenci\u00f3n al p\u00fablico es de lunes a viernes de 9 h a 14 h, excepto festivos.<\/p>\n<p>[\/et_pb_text][\/et_pb_column][\/et_pb_row][\/et_pb_section]<\/p>\n","protected":false},"excerpt":{"rendered":"<p>AVISO IMPORTANTE sobre la inscripci\u00f3n en el SOIB Una vez finalizada tu actividad laboral o contrato, incluidas las vacaciones, si env\u00edas la PREsolicitud de prestaci\u00f3n\/subsidio al SEPE desde el 13\/10\/2025 al 31\/01\/2026, autom\u00e1ticamente te inscribiremos en el SOIB y no es necesario que pidas cita. EXCEPCIONES: si no te has inscrito nunca en el SOIB, [&hellip;]<\/p>\n","protected":false},"author":13,"featured_media":0,"parent":0,"menu_order":0,"comment_status":"closed","ping_status":"closed","template":"","meta":{"_et_pb_use_builder":"on","_et_pb_old_content":"","_et_gb_content_width":"","footnotes":"","_links_to":"","_links_to_target":""},"class_list":["post-13404","page","type-page","status-publish","hentry"],"publishpress_future_action":{"enabled":false,"date":"2026-05-03 15:06:05","action":"change-status","newStatus":"draft","terms":[],"taxonomy":"translation_priority","extraData":[]},"publishpress_future_workflow_manual_trigger":{"enabledWorkflows":[]},"_links":{"self":[{"href":"https:\/\/soib.es\/es\/wp-json\/wp\/v2\/pages\/13404","targetHints":{"allow":["GET"]}}],"collection":[{"href":"https:\/\/soib.es\/es\/wp-json\/wp\/v2\/pages"}],"about":[{"href":"https:\/\/soib.es\/es\/wp-json\/wp\/v2\/types\/page"}],"author":[{"embeddable":true,"href":"https:\/\/soib.es\/es\/wp-json\/wp\/v2\/users\/13"}],"replies":[{"embeddable":true,"href":"https:\/\/soib.es\/es\/wp-json\/wp\/v2\/comments?post=13404"}],"version-history":[{"count":0,"href":"https:\/\/soib.es\/es\/wp-json\/wp\/v2\/pages\/13404\/revisions"}],"wp:attachment":[{"href":"https:\/\/soib.es\/es\/wp-json\/wp\/v2\/media?parent=13404"}],"curies":[{"name":"wp","href":"https:\/\/api.w.org\/{rel}","templated":true}]}}