{"id":10407,"date":"2025-05-06T12:00:30","date_gmt":"2025-05-06T10:00:30","guid":{"rendered":"https:\/\/soib.es\/informes-anuals-de-politiques-actives-docupacio\/"},"modified":"2025-11-20T12:46:46","modified_gmt":"2025-11-20T11:46:46","slug":"informes-anuals-de-politiques-actives-docupacio","status":"publish","type":"page","link":"https:\/\/soib.es\/es\/informes-anuals-de-politiques-actives-docupacio\/","title":{"rendered":"Informes anuales de pol\u00edticas activas de empleo"},"content":{"rendered":"<p>[et_pb_section fb_built=\u00bb1&#8243; _builder_version=\u00bb4.16&#8243; background_color=\u00bb#f7f7f7&#8243; custom_padding=\u00bb25px|0px|25px|0px\u00bb global_colors_info=\u00bb{}\u00bb][et_pb_row _builder_version=\u00bb4.16&#8243; global_colors_info=\u00bb{}\u00bb][et_pb_column type=\u00bb4_4&#8243; _builder_version=\u00bb4.16&#8243; custom_padding=\u00bb|||\u00bb global_colors_info=\u00bb{}\u00bb custom_padding__hover=\u00bb|||\u00bb][et_pb_text _builder_version=\u00bb4.16&#8243; global_colors_info=\u00bb{}\u00bb]<\/p>\n<h1><strong>Informes anuales de pol\u00edticas activas de empleo<\/strong><\/h1>\n<p>[\/et_pb_text][\/et_pb_column][\/et_pb_row][\/et_pb_section][et_pb_section fb_built=\u00bb1&#8243; _builder_version=\u00bb4.16&#8243; custom_padding=\u00bb25px|0px|54px|0px\u00bb global_colors_info=\u00bb{}\u00bb][et_pb_row _builder_version=\u00bb4.16&#8243; global_colors_info=\u00bb{}\u00bb][et_pb_column type=\u00bb4_4&#8243; _builder_version=\u00bb4.16&#8243; custom_padding=\u00bb|||\u00bb global_colors_info=\u00bb{}\u00bb custom_padding__hover=\u00bb|||\u00bb][et_pb_text _builder_version=\u00bb4.27.4&#8243; hover_enabled=\u00bb0&#8243; global_colors_info=\u00bb{}\u00bb sticky_enabled=\u00bb0&#8243;]<\/p>\n<p>Las pol\u00edticas activas de empleo (PAE) incluyen el conjunto de servicios y programas orientados a mejorar la empleabilidad de las personas, facilitar su inserci\u00f3n laboral, reforzar sus competencias profesionales y favorecer un mercado de trabajo m\u00e1s din\u00e1mico y eficiente. Forman parte de la Cartera Com\u00fan de Servicios del Sistema Nacional de Empleo, definida por la Ley 3\/2023, de 28 de febrero, de Empleo, y se desarrollan en coordinaci\u00f3n entre la Administraci\u00f3n General del Estado y las comunidades aut\u00f3nomas.<\/p>\n<p><\/p>\n<p>En las Illes Balears, la ejecuci\u00f3n y el despliegue de las pol\u00edticas activas de empleo corresponden al Servicio de Ocupaci\u00f3n de las Illes Balears (SOIB) y a las direcciones generales competentes en materia de trabajo, salud laboral y econom\u00eda social. Todas ellas colaboran con los agentes econ\u00f3micos y sociales en la definici\u00f3n de prioridades, el desarrollo de los programas y la consolidaci\u00f3n de una red de cooperaci\u00f3n con entidades especializadas para garantizar una implementaci\u00f3n adecuada en todo el territorio.<\/p>\n<p><\/p>\n<p>El SOIB orienta su gesti\u00f3n hacia los resultados y la mejora continua. Por ello realiza un seguimiento sistem\u00e1tico de las actuaciones, los recursos y los resultados alcanzados, y rinde cuentas a la ciudadan\u00eda mediante los informes anuales. Este seguimiento se articula principalmente a trav\u00e9s de dos instrumentos:<\/p>\n<p><\/p>\n<ul>\n<li>El Plan Anual de la Pol\u00edtica de Empleo (PAPE) \/ Plan Anual de Fomento del Empleo Digno (PAFED), acordado entre el Estado y las comunidades aut\u00f3nomas, que establece los objetivos, los criterios de financiaci\u00f3n y los indicadores de cumplimiento anuales.<\/li>\n<li>El Plan de Empleo de Calidad de las Illes Balears (POQIB), que define las l\u00edneas estrat\u00e9gicas de actuaci\u00f3n en materia de empleo a medio plazo.<\/li>\n<\/ul>\n<p>Ambos planes est\u00e1n relacionados y constituyen las gu\u00edas program\u00e1ticas para dise\u00f1ar, ejecutar, seguir y evaluar todas las pol\u00edticas activas de empleo de las Illes Balears.<br \/>[\/et_pb_text][\/et_pb_column][\/et_pb_row][et_pb_row column_structure=\u00bb3_4,1_4&#8243; _builder_version=\u00bb4.16&#8243; global_colors_info=\u00bb{}\u00bb][et_pb_column type=\u00bb3_4&#8243; _builder_version=\u00bb4.16&#8243; custom_padding=\u00bb|||\u00bb global_colors_info=\u00bb{}\u00bb custom_padding__hover=\u00bb|||\u00bb][et_pb_toggle title=\u00bbInformes anuales de pol\u00edticas activas de empleo\u00bb open_toggle_text_color=\u00bb#878786&#8243; closed_toggle_text_color=\u00bb#cb023e\u00bb icon_color=\u00bb#cb023e\u00bb open_icon_color=\u00bb#cb023e\u00bb _builder_version=\u00bb4.27.4&#8243; _module_preset=\u00bbdefault\u00bb title_font=\u00bb|700|||||||\u00bb closed_title_font=\u00bb|700|||||||\u00bb global_colors_info=\u00bb{}\u00bb]<\/p>\n<p><a href=\"https:\/\/soib.es\/wp-content\/uploads\/2025\/06\/Informe-executiu-PAO-FPO-2024_rev_ling.pdf\" target=\"_blank\" rel=\"noopener noreferrer\"><img loading=\"lazy\" decoding=\"async\" class=\"wp-image-23149 alignnone \" src=\"https:\/\/soib.es\/wp-content\/uploads\/2020\/10\/Icona-fletxes-1.jpg\" alt=\"\" width=\"20\" height=\"20\" \/>Informe ejecutivo pol\u00edticas activas de empleo \u2013 formaci\u00f3n profesional para el empleo 2024<\/a><\/p>\n<p><\/p>\n<p><a href=\"https:\/\/soib.es\/wp-content\/uploads\/2024\/10\/Informe-Politiques-Actives-Ocupacio-2023.pdf\" target=\"_blank\" rel=\"noopener noreferrer\"><img loading=\"lazy\" decoding=\"async\" class=\"wp-image-23149 alignnone \" src=\"https:\/\/soib.es\/wp-content\/uploads\/2020\/10\/Icona-fletxes-1.jpg\" alt=\"\" width=\"20\" height=\"20\" \/>Informe anual de pol\u00edticas activas de empleo 2023<\/a><\/p>\n<p><\/p>\n<p><a href=\"https:\/\/soib.es\/wp-content\/uploads\/2024\/06\/Informe-executiu-PAO-FPO-2023_rev.ppt\" target=\"_blank\" rel=\"noopener noreferrer\"><img loading=\"lazy\" decoding=\"async\" class=\"wp-image-23149 alignnone \" src=\"https:\/\/soib.es\/wp-content\/uploads\/2020\/10\/Icona-fletxes-1.jpg\" alt=\"\" width=\"20\" height=\"20\" \/>Informe ejecutivo pol\u00edticas activas de empleo \u2013 formaci\u00f3n profesional para el empleo 2023<\/a><\/p>\n<p><\/p>\n<p><a href=\"https:\/\/soib.es\/wp-content\/uploads\/2023\/11\/Informe-Politiques-Actives-Ocupacio-2022-1.pdf\" target=\"_blank\" rel=\"noopener noreferrer\"><img loading=\"lazy\" decoding=\"async\" class=\"wp-image-23149 alignnone \" src=\"https:\/\/soib.es\/wp-content\/uploads\/2020\/10\/Icona-fletxes-1.jpg\" alt=\"\" width=\"20\" height=\"20\" \/>Informe anual de pol\u00edticas activas de empleo 2022<\/a><\/p>\n<p><\/p>\n<p><a href=\"https:\/\/soib.es\/wp-content\/uploads\/2022\/11\/Informe-Politiques-Actives-Ocupacio-2021.pdf\" target=\"_blank\" rel=\"noopener noreferrer\"><img loading=\"lazy\" decoding=\"async\" class=\"wp-image-23149 alignnone \" src=\"https:\/\/soib.es\/wp-content\/uploads\/2020\/10\/Icona-fletxes-1.jpg\" alt=\"\" width=\"20\" height=\"20\" \/>Informe anual de pol\u00edticas activas de empleo 2021<\/a><\/p>\n<p><\/p>\n<p><a href=\"https:\/\/soib.es\/wp-content\/uploads\/2021\/07\/Informe-PAO-2020-SOIB.pdf\" target=\"_blank\" rel=\"noopener noreferrer\"><img loading=\"lazy\" decoding=\"async\" class=\"wp-image-23149 alignnone \" src=\"https:\/\/soib.es\/wp-content\/uploads\/2020\/10\/Icona-fletxes-1.jpg\" alt=\"\" width=\"20\" height=\"20\" \/>Informe anual de pol\u00edticas activas de empleo 2020<\/a><\/p>\n<p><\/p>\n<p><a href=\"https:\/\/soib.es\/wp-content\/uploads\/2020\/11\/Informe-PAO-2019.docx.pdf\" target=\"_blank\" rel=\"noopener noreferrer\"><img loading=\"lazy\" decoding=\"async\" class=\"wp-image-23149 alignnone \" src=\"https:\/\/soib.es\/wp-content\/uploads\/2020\/10\/Icona-fletxes-1.jpg\" alt=\"\" width=\"20\" height=\"20\" \/>Informe anual de pol\u00edticas activas de empleo 2019<\/a><\/p>\n<p><\/p>\n<p><a href=\"https:\/\/soib.es\/wp-content\/uploads\/2020\/11\/Informe-PAO-2019.docx.pdf\" target=\"_blank\" rel=\"noopener noreferrer\"><img loading=\"lazy\" decoding=\"async\" class=\"wp-image-23149 alignnone \" src=\"https:\/\/soib.es\/wp-content\/uploads\/2020\/10\/Icona-fletxes-1.jpg\" alt=\"\" width=\"20\" height=\"20\" \/><\/a><a href=\"https:\/\/soib.es\/wp-content\/uploads\/2019\/08\/Informe-PAO-2018.pdf\" target=\"_blank\" rel=\"noopener noreferrer\">Informe anual de pol\u00edticas activas de empleo 2018<\/a><\/p>\n<p><\/p>\n<p><a href=\"https:\/\/soib.es\/wp-content\/uploads\/2020\/11\/Informe-PAO-2019.docx.pdf\" target=\"_blank\" rel=\"noopener noreferrer\"><img loading=\"lazy\" decoding=\"async\" class=\"wp-image-23149 alignnone \" src=\"https:\/\/soib.es\/wp-content\/uploads\/2020\/10\/Icona-fletxes-1.jpg\" alt=\"\" width=\"20\" height=\"20\" \/><\/a><a href=\"https:\/\/soib.es\/wp-content\/uploads\/2018\/07\/Informe-PAO.pdf\" target=\"_blank\" rel=\"noopener noreferrer\">Informe anual de pol\u00edticas activas de empleo 2017<\/a><\/p>\n<p><\/p>\n<p><a href=\"https:\/\/soib.es\/wp-content\/uploads\/2020\/11\/Informe-PAO-2019.docx.pdf\" target=\"_blank\" rel=\"noopener noreferrer\"><img loading=\"lazy\" decoding=\"async\" class=\"wp-image-23149 alignnone \" src=\"https:\/\/soib.es\/wp-content\/uploads\/2020\/10\/Icona-fletxes-1.jpg\" alt=\"\" width=\"20\" height=\"20\" \/><\/a><a href=\"https:\/\/soib.es\/wp-content\/uploads\/2019\/01\/Informe-PAO-2016.pdf\" target=\"_blank\" rel=\"noopener noreferrer\">Informe anual de pol\u00edticas activas de empleo 2016<\/a><\/p>\n<p>[\/et_pb_toggle][\/et_pb_column][et_pb_column type=\u00bb1_4&#8243; _builder_version=\u00bb4.16&#8243; custom_padding=\u00bb|||\u00bb global_colors_info=\u00bb{}\u00bb custom_padding__hover=\u00bb|||\u00bb][et_pb_toggle title=\u00bbAnexos estad\u00edsticos\u00bb open_toggle_text_color=\u00bb#878786&#8243; closed_toggle_text_color=\u00bb#cb023e\u00bb icon_color=\u00bb#cb023e\u00bb open_icon_color=\u00bb#cb023e\u00bb _builder_version=\u00bb4.27.4&#8243; _module_preset=\u00bbdefault\u00bb title_font=\u00bb|700|||||||\u00bb closed_title_font=\u00bb|700|||||||\u00bb global_colors_info=\u00bb{}\u00bb]<\/p>\n<p><a href=\"https:\/\/soib.es\/wp-content\/uploads\/2025\/10\/Grafiques-i-taules-Politiques-Actives-Ocupacio-2024_actualitzacio-1.xlsx\" target=\"_blank\" rel=\"noopener noreferrer\"><img loading=\"lazy\" decoding=\"async\" class=\"wp-image-23148 alignnone \" src=\"https:\/\/soib.es\/wp-content\/uploads\/2020\/10\/Icona-fletxes-1.jpg\" alt=\"\" width=\"20\" height=\"20\" \/>Gr\u00e0ficos y tablas informe de pol\u00edticas activas de empleo 2024<\/a><\/p>\n<p><\/p>\n<p><a href=\"https:\/\/soib.es\/wp-content\/uploads\/2024\/05\/Grafiques-i-taules-Politiques-Actives-Ocupacio-2023.ods\" target=\"_blank\" rel=\"noopener noreferrer\"><img loading=\"lazy\" decoding=\"async\" class=\"wp-image-23148 alignnone \" src=\"https:\/\/soib.es\/wp-content\/uploads\/2020\/10\/Icona-fletxes-1.jpg\" alt=\"\" width=\"20\" height=\"20\" \/>Gr\u00e0ficos y tablas informe de pol\u00edticas activas de empleo 2023<\/a><\/p>\n<p><\/p>\n<p><a href=\"https:\/\/soib.es\/wp-content\/uploads\/2023\/11\/Grafiques-i-taules-Politiques-Actives-Ocupacio-2022-1.ods\" target=\"_blank\" rel=\"noopener noreferrer\"><img loading=\"lazy\" decoding=\"async\" class=\"wp-image-23148 alignnone \" src=\"https:\/\/soib.es\/wp-content\/uploads\/2020\/10\/Icona-fletxes-1.jpg\" alt=\"\" width=\"20\" height=\"20\" \/>Gr\u00e0ficos y tablas informe de pol\u00edticas activas de empleo 2022<\/a><\/p>\n<p>[\/et_pb_toggle][\/et_pb_column][\/et_pb_row][et_pb_row _builder_version=\u00bb4.16&#8243; global_colors_info=\u00bb{}\u00bb][et_pb_column type=\u00bb4_4&#8243; _builder_version=\u00bb4.16&#8243; custom_padding=\u00bb|||\u00bb global_colors_info=\u00bb{}\u00bb custom_padding__hover=\u00bb|||\u00bb][et_pb_toggle title=\u00bbInformes de resultados de los objetivos del PAPE\/PAFED\u00bb open_toggle_text_color=\u00bb#878786&#8243; closed_toggle_text_color=\u00bb#cb023e\u00bb icon_color=\u00bb#cb023e\u00bb open_icon_color=\u00bb#cb023e\u00bb _builder_version=\u00bb4.27.4&#8243; _module_preset=\u00bbdefault\u00bb title_font=\u00bb|700|||||||\u00bb closed_title_font=\u00bb|700|||||||\u00bb global_colors_info=\u00bb{}\u00bb]<\/p>\n<p><a href=\"https:\/\/soib.es\/wp-content\/uploads\/2025\/10\/Informe-resultats-PAFED-2024.pdf\" target=\"_blank\" rel=\"noopener noreferrer\"><img loading=\"lazy\" decoding=\"async\" class=\"alignnone wp-image-23148\" src=\"https:\/\/soib.es\/wp-content\/uploads\/2020\/10\/Icona-fletxes-1.jpg\" alt=\"\" width=\"20\" height=\"20\" \/>Informe de resultados de los objetivos del Plan Anual de Fomento del Empleo Digno (PAFED) para 2024<\/a><\/p>\n<p><\/p>\n<p><a href=\"https:\/\/soib.es\/wp-content\/uploads\/2024\/10\/Informe-resultats-PAFED-2023-1.pdf\" target=\"_blank\" rel=\"noopener noreferrer\"><img loading=\"lazy\" decoding=\"async\" class=\"wp-image-23149 alignnone \" src=\"https:\/\/soib.es\/wp-content\/uploads\/2020\/10\/Icona-fletxes-1.jpg\" alt=\"\" width=\"20\" height=\"20\" \/>Informe de resultados de los objetivos del Plan Anual de Fomento del Empleo Digno (PAFED) para 2023<\/a><br \/><a href=\"https:\/\/soib.es\/wp-content\/uploads\/2023\/06\/Informe-resultats-PAPE-2022.pdf\" target=\"_blank\" rel=\"noopener noreferrer\"><img loading=\"lazy\" decoding=\"async\" class=\"wp-image-23149 alignnone \" src=\"https:\/\/soib.es\/wp-content\/uploads\/2020\/10\/Icona-fletxes-1.jpg\" alt=\"\" width=\"20\" height=\"20\" \/>Informe de resultados de los objetivos del Plan Anual de Pol\u00edtica de Empleo (PAPE) para 2022<\/a><\/p>\n<p>[\/et_pb_toggle][\/et_pb_column][\/et_pb_row][\/et_pb_section]<\/p>\n","protected":false},"excerpt":{"rendered":"<p>Informes anuales de pol\u00edticas activas de empleoLas pol\u00edticas activas de empleo (PAE) incluyen el conjunto de servicios y programas orientados a mejorar la empleabilidad de las personas, facilitar su inserci\u00f3n laboral, reforzar sus competencias profesionales y favorecer un mercado de trabajo m\u00e1s din\u00e1mico y eficiente. Forman parte de la Cartera Com\u00fan de Servicios del Sistema [&hellip;]<\/p>\n","protected":false},"author":13,"featured_media":0,"parent":0,"menu_order":0,"comment_status":"closed","ping_status":"closed","template":"","meta":{"_et_pb_use_builder":"on","_et_pb_old_content":"","_et_gb_content_width":"","footnotes":"","_links_to":"","_links_to_target":""},"class_list":["post-10407","page","type-page","status-publish","hentry"],"publishpress_future_action":{"enabled":false,"date":"2026-05-07 02:32:22","action":"change-status","newStatus":"draft","terms":[],"taxonomy":"translation_priority","extraData":[]},"publishpress_future_workflow_manual_trigger":{"enabledWorkflows":[]},"_links":{"self":[{"href":"https:\/\/soib.es\/es\/wp-json\/wp\/v2\/pages\/10407","targetHints":{"allow":["GET"]}}],"collection":[{"href":"https:\/\/soib.es\/es\/wp-json\/wp\/v2\/pages"}],"about":[{"href":"https:\/\/soib.es\/es\/wp-json\/wp\/v2\/types\/page"}],"author":[{"embeddable":true,"href":"https:\/\/soib.es\/es\/wp-json\/wp\/v2\/users\/13"}],"replies":[{"embeddable":true,"href":"https:\/\/soib.es\/es\/wp-json\/wp\/v2\/comments?post=10407"}],"version-history":[{"count":0,"href":"https:\/\/soib.es\/es\/wp-json\/wp\/v2\/pages\/10407\/revisions"}],"wp:attachment":[{"href":"https:\/\/soib.es\/es\/wp-json\/wp\/v2\/media?parent=10407"}],"curies":[{"name":"wp","href":"https:\/\/api.w.org\/{rel}","templated":true}]}}